{"id":785,"date":"2024-08-02T16:33:10","date_gmt":"2024-08-02T16:33:10","guid":{"rendered":"https:\/\/halbes-schloss.de\/?page_id=785"},"modified":"2026-03-23T11:36:13","modified_gmt":"2026-03-23T11:36:13","slug":"das-schloss-hat-einen-dachschaden","status":"publish","type":"page","link":"https:\/\/halbes-schloss.de\/index.php\/das-schloss-hat-einen-dachschaden\/","title":{"rendered":"Dach"},"content":{"rendered":"\n<p>Das Habe Schloss hat einen Dachschaden und braucht Ihre Hilfe!<\/p>\n\n\n\n<figure class=\"wp-block-image size-full\"><img loading=\"lazy\" decoding=\"async\" width=\"1024\" height=\"1\" src=\"https:\/\/halbes-schloss.de\/wp-content\/uploads\/2024\/02\/Webseite_Trenner_lang.jpg\" alt=\"\" class=\"wp-image-620\" srcset=\"https:\/\/halbes-schloss.de\/wp-content\/uploads\/2024\/02\/Webseite_Trenner_lang.jpg 1024w, https:\/\/halbes-schloss.de\/wp-content\/uploads\/2024\/02\/Webseite_Trenner_lang-300x1.jpg 300w, https:\/\/halbes-schloss.de\/wp-content\/uploads\/2024\/02\/Webseite_Trenner_lang-150x1.jpg 150w, https:\/\/halbes-schloss.de\/wp-content\/uploads\/2024\/02\/Webseite_Trenner_lang-768x1.jpg 768w, https:\/\/halbes-schloss.de\/wp-content\/uploads\/2024\/02\/Webseite_Trenner_lang-950x1.jpg 950w\" sizes=\"auto, (max-width: 1024px) 100vw, 1024px\" \/><\/figure>\n\n\n\n<div class=\"wp-block-columns is-layout-flex wp-container-core-columns-is-layout-28f84493 wp-block-columns-is-layout-flex\">\n<div class=\"wp-block-column is-layout-flow wp-block-column-is-layout-flow\">\n<figure class=\"wp-block-image size-full\"><img loading=\"lazy\" decoding=\"async\" width=\"1398\" height=\"922\" src=\"https:\/\/halbes-schloss.de\/wp-content\/uploads\/2024\/08\/Bildschirmfoto-2024-07-26-um-11.23.47.png\" alt=\"\" class=\"wp-image-790\" srcset=\"https:\/\/halbes-schloss.de\/wp-content\/uploads\/2024\/08\/Bildschirmfoto-2024-07-26-um-11.23.47.png 1398w, https:\/\/halbes-schloss.de\/wp-content\/uploads\/2024\/08\/Bildschirmfoto-2024-07-26-um-11.23.47-300x198.png 300w, https:\/\/halbes-schloss.de\/wp-content\/uploads\/2024\/08\/Bildschirmfoto-2024-07-26-um-11.23.47-1024x675.png 1024w, https:\/\/halbes-schloss.de\/wp-content\/uploads\/2024\/08\/Bildschirmfoto-2024-07-26-um-11.23.47-768x507.png 768w\" sizes=\"auto, (max-width: 1398px) 100vw, 1398px\" \/><\/figure>\n<\/div>\n\n\n\n<div class=\"wp-block-column is-layout-flow wp-block-column-is-layout-flow\">\n<h3 class=\"wp-block-heading\">Das Halbe Schloss hat einen Dachschaden.<\/h3>\n\n\n\n<p>Bis heute hat das Halbe Schloss \u00fcber 1050 m2 Dachfl\u00e4chen. Eine Vielzahl ist bis heute mit bauzeitlichen Biberschw\u00e4nzen gedeckt. Die letzte Sanierung des Schlosses erfolgte 1934-36, hier wurden jedoch die bestehenden Biberschw\u00e4nze umgelegt. In den letzten Jahren wurde das Dach notgesichert, muss jedoch dringend saniert werden. <br><\/p>\n<\/div>\n<\/div>\n\n\n\n<figure class=\"wp-block-image size-full\"><img loading=\"lazy\" decoding=\"async\" width=\"1024\" height=\"1\" src=\"https:\/\/halbes-schloss.de\/wp-content\/uploads\/2024\/02\/Webseite_Trenner_lang.jpg\" alt=\"\" class=\"wp-image-620\" srcset=\"https:\/\/halbes-schloss.de\/wp-content\/uploads\/2024\/02\/Webseite_Trenner_lang.jpg 1024w, https:\/\/halbes-schloss.de\/wp-content\/uploads\/2024\/02\/Webseite_Trenner_lang-300x1.jpg 300w, https:\/\/halbes-schloss.de\/wp-content\/uploads\/2024\/02\/Webseite_Trenner_lang-150x1.jpg 150w, https:\/\/halbes-schloss.de\/wp-content\/uploads\/2024\/02\/Webseite_Trenner_lang-768x1.jpg 768w, https:\/\/halbes-schloss.de\/wp-content\/uploads\/2024\/02\/Webseite_Trenner_lang-950x1.jpg 950w\" sizes=\"auto, (max-width: 1024px) 100vw, 1024px\" \/><\/figure>\n\n\n\n<div class=\"wp-block-columns is-layout-flex wp-container-core-columns-is-layout-28f84493 wp-block-columns-is-layout-flex\">\n<div class=\"wp-block-column is-layout-flow wp-block-column-is-layout-flow\">\n<figure class=\"wp-block-image size-full\"><img loading=\"lazy\" decoding=\"async\" width=\"2560\" height=\"1920\" src=\"https:\/\/halbes-schloss.de\/wp-content\/uploads\/2024\/08\/DJI_0804-scaled.jpg\" alt=\"\" class=\"wp-image-792\" srcset=\"https:\/\/halbes-schloss.de\/wp-content\/uploads\/2024\/08\/DJI_0804-scaled.jpg 2560w, https:\/\/halbes-schloss.de\/wp-content\/uploads\/2024\/08\/DJI_0804-300x225.jpg 300w, https:\/\/halbes-schloss.de\/wp-content\/uploads\/2024\/08\/DJI_0804-1024x768.jpg 1024w, https:\/\/halbes-schloss.de\/wp-content\/uploads\/2024\/08\/DJI_0804-768x576.jpg 768w, https:\/\/halbes-schloss.de\/wp-content\/uploads\/2024\/08\/DJI_0804-1536x1152.jpg 1536w, https:\/\/halbes-schloss.de\/wp-content\/uploads\/2024\/08\/DJI_0804-2048x1536.jpg 2048w, https:\/\/halbes-schloss.de\/wp-content\/uploads\/2024\/08\/DJI_0804-2000x1500.jpg 2000w\" sizes=\"auto, (max-width: 2560px) 100vw, 2560px\" \/><\/figure>\n<\/div>\n\n\n\n<div class=\"wp-block-column is-layout-flow wp-block-column-is-layout-flow\">\n<h3 class=\"wp-block-heading\">Warum muss das Dach saniert werden?<\/h3>\n\n\n\n<p>Die bauzeitlichen Biberschw\u00e4nze haben das Ende ihrer Nutzungssdauer erreicht. Es kommt zu Materialerm\u00fchdungen und teilweise sind die Halterung (Nasen) besch\u00e4digt. Eine Sanierung ist nicht mehr m\u00f6glich. Hier muss ein Ersatz erfolgen.<br><\/p>\n\n\n\n<p>Nur so kann nachhaltig die Substanz des Denkmals gesichert werden.<\/p>\n<\/div>\n<\/div>\n\n\n\n<figure class=\"wp-block-image size-full\"><img loading=\"lazy\" decoding=\"async\" width=\"1024\" height=\"1\" src=\"https:\/\/halbes-schloss.de\/wp-content\/uploads\/2024\/02\/Webseite_Trenner_lang.jpg\" alt=\"\" class=\"wp-image-620\" srcset=\"https:\/\/halbes-schloss.de\/wp-content\/uploads\/2024\/02\/Webseite_Trenner_lang.jpg 1024w, https:\/\/halbes-schloss.de\/wp-content\/uploads\/2024\/02\/Webseite_Trenner_lang-300x1.jpg 300w, https:\/\/halbes-schloss.de\/wp-content\/uploads\/2024\/02\/Webseite_Trenner_lang-150x1.jpg 150w, https:\/\/halbes-schloss.de\/wp-content\/uploads\/2024\/02\/Webseite_Trenner_lang-768x1.jpg 768w, https:\/\/halbes-schloss.de\/wp-content\/uploads\/2024\/02\/Webseite_Trenner_lang-950x1.jpg 950w\" sizes=\"auto, (max-width: 1024px) 100vw, 1024px\" \/><\/figure>\n\n\n\n<div class=\"wp-block-columns is-layout-flex wp-container-core-columns-is-layout-28f84493 wp-block-columns-is-layout-flex\">\n<div class=\"wp-block-column is-layout-flow wp-block-column-is-layout-flow\">\n<figure class=\"wp-block-image size-full\"><img loading=\"lazy\" decoding=\"async\" width=\"1958\" height=\"1540\" src=\"https:\/\/halbes-schloss.de\/wp-content\/uploads\/2024\/08\/20230922_HSLN-Grundrisse-Schnitte-DZ.jpg\" alt=\"\" class=\"wp-image-801\" srcset=\"https:\/\/halbes-schloss.de\/wp-content\/uploads\/2024\/08\/20230922_HSLN-Grundrisse-Schnitte-DZ.jpg 1958w, https:\/\/halbes-schloss.de\/wp-content\/uploads\/2024\/08\/20230922_HSLN-Grundrisse-Schnitte-DZ-300x236.jpg 300w, https:\/\/halbes-schloss.de\/wp-content\/uploads\/2024\/08\/20230922_HSLN-Grundrisse-Schnitte-DZ-1024x805.jpg 1024w, https:\/\/halbes-schloss.de\/wp-content\/uploads\/2024\/08\/20230922_HSLN-Grundrisse-Schnitte-DZ-768x604.jpg 768w, https:\/\/halbes-schloss.de\/wp-content\/uploads\/2024\/08\/20230922_HSLN-Grundrisse-Schnitte-DZ-1536x1208.jpg 1536w\" sizes=\"auto, (max-width: 1958px) 100vw, 1958px\" \/><\/figure>\n<\/div>\n\n\n\n<div class=\"wp-block-column is-layout-flow wp-block-column-is-layout-flow\">\n<h3 class=\"wp-block-heading\">Welcher Bereich soll zu erst saniert werden?<\/h3>\n\n\n\n<p>Die Sanierung des Daches muss in Abschnitten umgesetzt werden. Hier ist besonders am Nordfl\u00fcgel Handlungsbedarf festzustellen. Daher sollen diese Dachfl\u00e4chen zu erst \u00fcberarbeitet werden. <br><\/p>\n\n\n\n<p>Dies ist auch notwendig, um die wertvollen Stuckarbeiten in diesem Bereich restaurieren zu k\u00f6nnen. <\/p>\n<\/div>\n<\/div>\n\n\n\n<figure class=\"wp-block-image size-full\"><img loading=\"lazy\" decoding=\"async\" width=\"1024\" height=\"1\" src=\"https:\/\/halbes-schloss.de\/wp-content\/uploads\/2024\/02\/Webseite_Trenner_lang.jpg\" alt=\"\" class=\"wp-image-620\" srcset=\"https:\/\/halbes-schloss.de\/wp-content\/uploads\/2024\/02\/Webseite_Trenner_lang.jpg 1024w, https:\/\/halbes-schloss.de\/wp-content\/uploads\/2024\/02\/Webseite_Trenner_lang-300x1.jpg 300w, https:\/\/halbes-schloss.de\/wp-content\/uploads\/2024\/02\/Webseite_Trenner_lang-150x1.jpg 150w, https:\/\/halbes-schloss.de\/wp-content\/uploads\/2024\/02\/Webseite_Trenner_lang-768x1.jpg 768w, https:\/\/halbes-schloss.de\/wp-content\/uploads\/2024\/02\/Webseite_Trenner_lang-950x1.jpg 950w\" sizes=\"auto, (max-width: 1024px) 100vw, 1024px\" \/><\/figure>\n\n\n\n<div class=\"wp-block-columns is-layout-flex wp-container-core-columns-is-layout-28f84493 wp-block-columns-is-layout-flex\">\n<div class=\"wp-block-column is-layout-flow wp-block-column-is-layout-flow\">\n<figure class=\"wp-block-image size-full\"><img loading=\"lazy\" decoding=\"async\" width=\"2560\" height=\"1920\" src=\"https:\/\/halbes-schloss.de\/wp-content\/uploads\/2024\/08\/00034965-scaled.jpg\" alt=\"\" class=\"wp-image-804\" srcset=\"https:\/\/halbes-schloss.de\/wp-content\/uploads\/2024\/08\/00034965-scaled.jpg 2560w, https:\/\/halbes-schloss.de\/wp-content\/uploads\/2024\/08\/00034965-300x225.jpg 300w, https:\/\/halbes-schloss.de\/wp-content\/uploads\/2024\/08\/00034965-1024x768.jpg 1024w, https:\/\/halbes-schloss.de\/wp-content\/uploads\/2024\/08\/00034965-768x576.jpg 768w, https:\/\/halbes-schloss.de\/wp-content\/uploads\/2024\/08\/00034965-1536x1152.jpg 1536w, https:\/\/halbes-schloss.de\/wp-content\/uploads\/2024\/08\/00034965-2048x1536.jpg 2048w, https:\/\/halbes-schloss.de\/wp-content\/uploads\/2024\/08\/00034965-2000x1500.jpg 2000w\" sizes=\"auto, (max-width: 2560px) 100vw, 2560px\" \/><figcaption class=\"wp-element-caption\">Biberschw\u00e4nze 1711, 1934, 2021<\/figcaption><\/figure>\n<\/div>\n\n\n\n<div class=\"wp-block-column is-layout-flow wp-block-column-is-layout-flow\">\n<h3 class=\"wp-block-heading\">Wie k\u00f6nnen Sie das Schloss unterst\u00fctzen?<\/h3>\n\n\n\n<p>F\u00fcr die Sanierung der Dachfl\u00e4che muss der Verein als  Tr\u00e4ger des Objektes einen Eigenanteil bereitstellen. Dies k\u00f6nnen wir nur mit Ihrer Unterst\u00fczung erreichen.<\/p>\n\n\n\n<p><br>Sie k\u00f6nnen einzelne Biberschw\u00e4nze oder Quadartmeter der Dachfl\u00e4che spenden. <\/p>\n<\/div>\n<\/div>\n\n\n\n<figure class=\"wp-block-image size-full\"><img loading=\"lazy\" decoding=\"async\" width=\"1024\" height=\"1\" src=\"https:\/\/halbes-schloss.de\/wp-content\/uploads\/2024\/02\/Webseite_Trenner_lang.jpg\" alt=\"\" class=\"wp-image-620\" srcset=\"https:\/\/halbes-schloss.de\/wp-content\/uploads\/2024\/02\/Webseite_Trenner_lang.jpg 1024w, https:\/\/halbes-schloss.de\/wp-content\/uploads\/2024\/02\/Webseite_Trenner_lang-300x1.jpg 300w, https:\/\/halbes-schloss.de\/wp-content\/uploads\/2024\/02\/Webseite_Trenner_lang-150x1.jpg 150w, https:\/\/halbes-schloss.de\/wp-content\/uploads\/2024\/02\/Webseite_Trenner_lang-768x1.jpg 768w, https:\/\/halbes-schloss.de\/wp-content\/uploads\/2024\/02\/Webseite_Trenner_lang-950x1.jpg 950w\" sizes=\"auto, (max-width: 1024px) 100vw, 1024px\" \/><\/figure>\n\n\n\n<div class=\"wp-block-columns is-layout-flex wp-container-core-columns-is-layout-28f84493 wp-block-columns-is-layout-flex\">\n<div class=\"wp-block-column is-layout-flow wp-block-column-is-layout-flow\">\n<figure class=\"wp-block-image size-full\"><img loading=\"lazy\" decoding=\"async\" width=\"2560\" height=\"2560\" src=\"https:\/\/halbes-schloss.de\/wp-content\/uploads\/2026\/03\/Dachziegel-Patenschaft_Instagram-Post-scaled.jpg\" alt=\"\" class=\"wp-image-1201\" srcset=\"https:\/\/halbes-schloss.de\/wp-content\/uploads\/2026\/03\/Dachziegel-Patenschaft_Instagram-Post-scaled.jpg 2560w, https:\/\/halbes-schloss.de\/wp-content\/uploads\/2026\/03\/Dachziegel-Patenschaft_Instagram-Post-300x300.jpg 300w, https:\/\/halbes-schloss.de\/wp-content\/uploads\/2026\/03\/Dachziegel-Patenschaft_Instagram-Post-1024x1024.jpg 1024w, https:\/\/halbes-schloss.de\/wp-content\/uploads\/2026\/03\/Dachziegel-Patenschaft_Instagram-Post-150x150.jpg 150w, https:\/\/halbes-schloss.de\/wp-content\/uploads\/2026\/03\/Dachziegel-Patenschaft_Instagram-Post-768x768.jpg 768w, https:\/\/halbes-schloss.de\/wp-content\/uploads\/2026\/03\/Dachziegel-Patenschaft_Instagram-Post-1536x1536.jpg 1536w, https:\/\/halbes-schloss.de\/wp-content\/uploads\/2026\/03\/Dachziegel-Patenschaft_Instagram-Post-2048x2048.jpg 2048w, https:\/\/halbes-schloss.de\/wp-content\/uploads\/2026\/03\/Dachziegel-Patenschaft_Instagram-Post-2000x2000.jpg 2000w\" sizes=\"auto, (max-width: 2560px) 100vw, 2560px\" \/><\/figure>\n<\/div>\n\n\n\n<div class=\"wp-block-column is-layout-flow wp-block-column-is-layout-flow\">\n<h3 class=\"wp-block-heading\">Dachziegel-Patenschaft &#8211; helfen Sie mit!<\/h3>\n\n\n\n<p>Unser historisches Schlossdach wird erneuert &#8211; mit traditionellen Biberschwanz-Dachziegeln, wie sie seit Jahrhunderten verwendet werden.<\/p>\n\n\n\n<p>Was sind Biberschwanz-Dachziegel?<\/p>\n\n\n\n<p>Biberschwanz-Dachziegel sind traditionelle Dachziegel mit abgerundeter Form &#8211; sie geben historischen D\u00e4chern ihr typisches Erscheinungsbild.<\/p>\n\n\n\n<p>So k\u00f6nnen Sie helfen:<\/p>\n\n\n\n<p>5\u20ac &#8211; Patenschaft f\u00fcr 1 Biberschwanz-Dachziegel<\/p>\n\n\n\n<p>Sie erhalten eine Urkunde.<\/p>\n\n\n\n<p>50\u20ac &#8211; Patenschaft f\u00fcr 10 Biberschwanz-Dachziegel<\/p>\n\n\n\n<p>Sie erhalten eine Urkunde und einen Originalbiberschwanz des alten Daches.<\/p>\n\n\n\n<p>Bitte teilen Sie uns Ihre Kontaktdaten f\u00fcr die Zusendung der Urkunde oder des Biberschwanzes mit. Schreiben Sie uns dazu gerne eine E-Mail. <\/p>\n\n\n\n<p>Werden Sie Teil der Revitalisierung und Erhaltung des Halben Schlosses.<\/p>\n\n\n\n<p>IBAN: DE04 8306 5408 0005 2503 90<\/p>\n\n\n\n<p>BIC: GENODEF1SLR<\/p>\n\n\n\n<p>Deutsche Skatbank<\/p>\n\n\n\n<p>Zweigniederlassung der R-Bank Altenburger Land eG, Schm\u00f6lln<\/p>\n\n\n\n<p>oder<\/p>\n\n\n\n<p>IBAN: DE02 8305 0200 1200 2609 76<\/p>\n\n\n\n<p>BIC: HELADEF1ALT<\/p>\n\n\n\n<p>Sparkasse Altenburger Land, Altenburg<\/p>\n\n\n\n<p><\/p>\n\n\n\n<p><\/p>\n\n\n\n<p><\/p>\n\n\n\n<p><\/p>\n\n\n\n<p><\/p>\n<\/div>\n<\/div>\n\n\n\n<p><\/p>\n","protected":false},"excerpt":{"rendered":"<p>Das Habe Schloss hat einen Dachschaden und braucht Ihre Hilfe! Das Halbe Schloss hat einen Dachschaden. Bis heute hat das Halbe Schloss \u00fcber 1050 m2 Dachfl\u00e4chen. Eine Vielzahl ist bis heute mit bauzeitlichen Biberschw\u00e4nzen gedeckt. Die letzte Sanierung des Schlosses erfolgte 1934-36, hier wurden jedoch die bestehenden Biberschw\u00e4nze umgelegt. In den letzten Jahren wurde das &hellip; <\/p>\n<p class=\"link-more\"><a href=\"https:\/\/halbes-schloss.de\/index.php\/das-schloss-hat-einen-dachschaden\/\" class=\"more-link\">Mehr <span class=\"screen-reader-text\">\u00fcber &#8222;Dach&#8220; <\/span>Lesen<\/a><\/p>\n","protected":false},"author":1,"featured_media":0,"parent":0,"menu_order":0,"comment_status":"closed","ping_status":"closed","template":"","meta":{"footnotes":""},"class_list":["post-785","page","type-page","status-publish","hentry"],"_links":{"self":[{"href":"https:\/\/halbes-schloss.de\/index.php\/wp-json\/wp\/v2\/pages\/785","targetHints":{"allow":["GET"]}}],"collection":[{"href":"https:\/\/halbes-schloss.de\/index.php\/wp-json\/wp\/v2\/pages"}],"about":[{"href":"https:\/\/halbes-schloss.de\/index.php\/wp-json\/wp\/v2\/types\/page"}],"author":[{"embeddable":true,"href":"https:\/\/halbes-schloss.de\/index.php\/wp-json\/wp\/v2\/users\/1"}],"replies":[{"embeddable":true,"href":"https:\/\/halbes-schloss.de\/index.php\/wp-json\/wp\/v2\/comments?post=785"}],"version-history":[{"count":17,"href":"https:\/\/halbes-schloss.de\/index.php\/wp-json\/wp\/v2\/pages\/785\/revisions"}],"predecessor-version":[{"id":1210,"href":"https:\/\/halbes-schloss.de\/index.php\/wp-json\/wp\/v2\/pages\/785\/revisions\/1210"}],"wp:attachment":[{"href":"https:\/\/halbes-schloss.de\/index.php\/wp-json\/wp\/v2\/media?parent=785"}],"curies":[{"name":"wp","href":"https:\/\/api.w.org\/{rel}","templated":true}]}}