{"id":53,"date":"2022-10-18T18:02:14","date_gmt":"2022-10-18T18:02:14","guid":{"rendered":"https:\/\/halbes-schloss.de\/?page_id=53"},"modified":"2026-03-19T12:57:25","modified_gmt":"2026-03-19T12:57:25","slug":"aktuelles","status":"publish","type":"page","link":"https:\/\/halbes-schloss.de\/index.php\/aktuelles\/","title":{"rendered":"Aktuelles"},"content":{"rendered":"\n<p class=\"has-text-align-center\">Hier k\u00f6nnen Sie sich \u00fcber aktuelle Ereignisse und vergangene Veranstaltungen<br> zum Halben Schloss Langenleuba-Niederhain informieren.<\/p>\n\n\n\n<div style=\"height:75px\" aria-hidden=\"true\" class=\"wp-block-spacer\"><\/div>\n\n\n\n<figure class=\"wp-block-image size-full\"><img loading=\"lazy\" decoding=\"async\" width=\"1024\" height=\"1\" src=\"https:\/\/halbes-schloss.de\/wp-content\/uploads\/2024\/02\/Webseite_Trenner_lang.jpg\" alt=\"\" class=\"wp-image-620\" srcset=\"https:\/\/halbes-schloss.de\/wp-content\/uploads\/2024\/02\/Webseite_Trenner_lang.jpg 1024w, https:\/\/halbes-schloss.de\/wp-content\/uploads\/2024\/02\/Webseite_Trenner_lang-300x1.jpg 300w, https:\/\/halbes-schloss.de\/wp-content\/uploads\/2024\/02\/Webseite_Trenner_lang-150x1.jpg 150w, https:\/\/halbes-schloss.de\/wp-content\/uploads\/2024\/02\/Webseite_Trenner_lang-768x1.jpg 768w, https:\/\/halbes-schloss.de\/wp-content\/uploads\/2024\/02\/Webseite_Trenner_lang-950x1.jpg 950w\" sizes=\"auto, (max-width: 1024px) 100vw, 1024px\" \/><\/figure>\n\n\n\n<p class=\"has-text-align-center\"><strong>Arbeiten im Halben Schloss<\/strong><\/p>\n\n\n\n<p class=\"has-text-align-center\">Es finden laufend Arbeiten am Objekt statt.&nbsp;<br>Bitte entschuldigen Sie hier entstehende L\u00e4rm- oder Staubbel\u00e4stigungen.<\/p>\n\n\n\n<p class=\"has-text-align-center\">Gleichzeitig bitten wir zu ber\u00fccksichtigen, dass das Objekt geschlossen ist&nbsp;<br>und nur zu ausgew\u00e4hlten Terminen oder vereinbarten F\u00fchrungen besichtigt werden kann.<\/p>\n\n\n\n<figure class=\"wp-block-image size-full\"><img loading=\"lazy\" decoding=\"async\" width=\"1024\" height=\"1\" src=\"https:\/\/halbes-schloss.de\/wp-content\/uploads\/2024\/02\/Webseite_Trenner_lang.jpg\" alt=\"\" class=\"wp-image-620\" srcset=\"https:\/\/halbes-schloss.de\/wp-content\/uploads\/2024\/02\/Webseite_Trenner_lang.jpg 1024w, https:\/\/halbes-schloss.de\/wp-content\/uploads\/2024\/02\/Webseite_Trenner_lang-300x1.jpg 300w, https:\/\/halbes-schloss.de\/wp-content\/uploads\/2024\/02\/Webseite_Trenner_lang-150x1.jpg 150w, https:\/\/halbes-schloss.de\/wp-content\/uploads\/2024\/02\/Webseite_Trenner_lang-768x1.jpg 768w, https:\/\/halbes-schloss.de\/wp-content\/uploads\/2024\/02\/Webseite_Trenner_lang-950x1.jpg 950w\" sizes=\"auto, (max-width: 1024px) 100vw, 1024px\" \/><\/figure>\n\n\n\n<h2 class=\"wp-block-heading\">2026<\/h2>\n\n\n\n<figure class=\"wp-block-image size-full\"><img loading=\"lazy\" decoding=\"async\" width=\"1024\" height=\"1\" src=\"https:\/\/halbes-schloss.de\/wp-content\/uploads\/2024\/02\/Webseite_Trenner_lang.jpg\" alt=\"\" class=\"wp-image-620\" srcset=\"https:\/\/halbes-schloss.de\/wp-content\/uploads\/2024\/02\/Webseite_Trenner_lang.jpg 1024w, https:\/\/halbes-schloss.de\/wp-content\/uploads\/2024\/02\/Webseite_Trenner_lang-300x1.jpg 300w, https:\/\/halbes-schloss.de\/wp-content\/uploads\/2024\/02\/Webseite_Trenner_lang-150x1.jpg 150w, https:\/\/halbes-schloss.de\/wp-content\/uploads\/2024\/02\/Webseite_Trenner_lang-768x1.jpg 768w, https:\/\/halbes-schloss.de\/wp-content\/uploads\/2024\/02\/Webseite_Trenner_lang-950x1.jpg 950w\" sizes=\"auto, (max-width: 1024px) 100vw, 1024px\" \/><\/figure>\n\n\n\n<div class=\"wp-block-columns is-layout-flex wp-container-core-columns-is-layout-28f84493 wp-block-columns-is-layout-flex\">\n<div class=\"wp-block-column is-layout-flow wp-block-column-is-layout-flow\">\n<figure class=\"wp-block-image size-full\"><img loading=\"lazy\" decoding=\"async\" width=\"2000\" height=\"1500\" src=\"https:\/\/halbes-schloss.de\/wp-content\/uploads\/2026\/03\/PHOTO-2026-03-17-13-50-05.jpg\" alt=\"\" class=\"wp-image-1197\" srcset=\"https:\/\/halbes-schloss.de\/wp-content\/uploads\/2026\/03\/PHOTO-2026-03-17-13-50-05.jpg 2000w, https:\/\/halbes-schloss.de\/wp-content\/uploads\/2026\/03\/PHOTO-2026-03-17-13-50-05-300x225.jpg 300w, https:\/\/halbes-schloss.de\/wp-content\/uploads\/2026\/03\/PHOTO-2026-03-17-13-50-05-1024x768.jpg 1024w\" sizes=\"auto, (max-width: 2000px) 100vw, 2000px\" \/><\/figure>\n<\/div>\n\n\n\n<div class=\"wp-block-column is-layout-flow wp-block-column-is-layout-flow\">\n<h3 class=\"wp-block-heading\">Einschr\u00e4nkung der Parkm\u00f6glichkeiten <\/h3>\n\n\n\n<p><em>16.03.202<\/em>6<\/p>\n\n\n\n<p>Aufgrund des Beginns der Sanierung des Kopfbaus des Halben Schlosses kommt es zu Einschr\u00e4nkungen der Parkm\u00f6glichkeiten am Objekt durch Fl\u00e4chen zur Baustelleneinrichtung.<\/p>\n\n\n\n<p>Es stehen weiterhin ausreichen Parkpl\u00e4tze am Objekt zur Verf\u00fcgung.<\/p>\n\n\n\n<p>Wir bedanken uns f\u00fcr Ihr Verst\u00e4ndnis. <\/p>\n<\/div>\n<\/div>\n\n\n\n<figure class=\"wp-block-image size-full\"><img loading=\"lazy\" decoding=\"async\" width=\"1024\" height=\"1\" src=\"https:\/\/halbes-schloss.de\/wp-content\/uploads\/2024\/02\/Webseite_Trenner_lang.jpg\" alt=\"\" class=\"wp-image-620\" srcset=\"https:\/\/halbes-schloss.de\/wp-content\/uploads\/2024\/02\/Webseite_Trenner_lang.jpg 1024w, https:\/\/halbes-schloss.de\/wp-content\/uploads\/2024\/02\/Webseite_Trenner_lang-300x1.jpg 300w, https:\/\/halbes-schloss.de\/wp-content\/uploads\/2024\/02\/Webseite_Trenner_lang-150x1.jpg 150w, https:\/\/halbes-schloss.de\/wp-content\/uploads\/2024\/02\/Webseite_Trenner_lang-768x1.jpg 768w, https:\/\/halbes-schloss.de\/wp-content\/uploads\/2024\/02\/Webseite_Trenner_lang-950x1.jpg 950w\" sizes=\"auto, (max-width: 1024px) 100vw, 1024px\" \/><\/figure>\n\n\n\n<h2 class=\"wp-block-heading\">2025<\/h2>\n\n\n\n<figure class=\"wp-block-image size-full\"><img loading=\"lazy\" decoding=\"async\" width=\"1024\" height=\"1\" src=\"https:\/\/halbes-schloss.de\/wp-content\/uploads\/2024\/02\/Webseite_Trenner_lang.jpg\" alt=\"\" class=\"wp-image-620\" srcset=\"https:\/\/halbes-schloss.de\/wp-content\/uploads\/2024\/02\/Webseite_Trenner_lang.jpg 1024w, https:\/\/halbes-schloss.de\/wp-content\/uploads\/2024\/02\/Webseite_Trenner_lang-300x1.jpg 300w, https:\/\/halbes-schloss.de\/wp-content\/uploads\/2024\/02\/Webseite_Trenner_lang-150x1.jpg 150w, https:\/\/halbes-schloss.de\/wp-content\/uploads\/2024\/02\/Webseite_Trenner_lang-768x1.jpg 768w, https:\/\/halbes-schloss.de\/wp-content\/uploads\/2024\/02\/Webseite_Trenner_lang-950x1.jpg 950w\" sizes=\"auto, (max-width: 1024px) 100vw, 1024px\" \/><\/figure>\n\n\n\n<div class=\"wp-block-columns is-layout-flex wp-container-core-columns-is-layout-28f84493 wp-block-columns-is-layout-flex\">\n<div class=\"wp-block-column is-layout-flow wp-block-column-is-layout-flow\">\n<figure class=\"wp-block-image size-full\"><img loading=\"lazy\" decoding=\"async\" width=\"2560\" height=\"1920\" src=\"https:\/\/halbes-schloss.de\/wp-content\/uploads\/2025\/09\/WhatsApp-Image-2025-09-14-at-14.06.18-1-scaled.jpeg\" alt=\"\" class=\"wp-image-1138\" srcset=\"https:\/\/halbes-schloss.de\/wp-content\/uploads\/2025\/09\/WhatsApp-Image-2025-09-14-at-14.06.18-1-scaled.jpeg 2560w, https:\/\/halbes-schloss.de\/wp-content\/uploads\/2025\/09\/WhatsApp-Image-2025-09-14-at-14.06.18-1-300x225.jpeg 300w, https:\/\/halbes-schloss.de\/wp-content\/uploads\/2025\/09\/WhatsApp-Image-2025-09-14-at-14.06.18-1-1024x768.jpeg 1024w, https:\/\/halbes-schloss.de\/wp-content\/uploads\/2025\/09\/WhatsApp-Image-2025-09-14-at-14.06.18-1-2000x1500.jpeg 2000w\" sizes=\"auto, (max-width: 2560px) 100vw, 2560px\" \/><\/figure>\n<\/div>\n\n\n\n<div class=\"wp-block-column is-layout-flow wp-block-column-is-layout-flow\">\n<h3 class=\"wp-block-heading\">Verabschiedung Schlossgeister der ersten Generation.<\/h3>\n\n\n\n<p><em>14.09.202<\/em>5<\/p>\n\n\n\n<p>Am Tag des offenen Denkmals 2025 konnten wir die vier ehemaligen Teilnehmenden der Jugendbauh\u00fctte im Halben Schloss begr\u00fc\u00dfen und offiziell Abschied nehmen. <\/p>\n\n\n\n<p>Aber nur weil das FSJ beendet ist, hei\u00dft es nicht, dass sie nicht auch weiterhin dem Halben Schloss verbunden sind. <\/p>\n\n\n\n<p>Wir freuen uns, mit ihnen, die ersten vier Ehrenmitglieder des Vereins begr\u00fc\u00dfen zu k\u00f6nnen. <\/p>\n\n\n\n<p>Auf Bald im Halben Schloss! <\/p>\n<\/div>\n<\/div>\n\n\n\n<figure class=\"wp-block-image size-full\"><img loading=\"lazy\" decoding=\"async\" width=\"1024\" height=\"1\" src=\"https:\/\/halbes-schloss.de\/wp-content\/uploads\/2024\/02\/Webseite_Trenner_lang.jpg\" alt=\"\" class=\"wp-image-620\" srcset=\"https:\/\/halbes-schloss.de\/wp-content\/uploads\/2024\/02\/Webseite_Trenner_lang.jpg 1024w, https:\/\/halbes-schloss.de\/wp-content\/uploads\/2024\/02\/Webseite_Trenner_lang-300x1.jpg 300w, https:\/\/halbes-schloss.de\/wp-content\/uploads\/2024\/02\/Webseite_Trenner_lang-150x1.jpg 150w, https:\/\/halbes-schloss.de\/wp-content\/uploads\/2024\/02\/Webseite_Trenner_lang-768x1.jpg 768w, https:\/\/halbes-schloss.de\/wp-content\/uploads\/2024\/02\/Webseite_Trenner_lang-950x1.jpg 950w\" sizes=\"auto, (max-width: 1024px) 100vw, 1024px\" \/><\/figure>\n\n\n\n<div class=\"wp-block-columns is-layout-flex wp-container-core-columns-is-layout-28f84493 wp-block-columns-is-layout-flex\">\n<div class=\"wp-block-column is-layout-flow wp-block-column-is-layout-flow\">\n<figure class=\"wp-block-image size-full\"><img loading=\"lazy\" decoding=\"async\" width=\"1600\" height=\"901\" src=\"https:\/\/halbes-schloss.de\/wp-content\/uploads\/2025\/09\/PHOTO-2025-09-10-15-57-14-2.jpg\" alt=\"\" class=\"wp-image-1139\" srcset=\"https:\/\/halbes-schloss.de\/wp-content\/uploads\/2025\/09\/PHOTO-2025-09-10-15-57-14-2.jpg 1600w, https:\/\/halbes-schloss.de\/wp-content\/uploads\/2025\/09\/PHOTO-2025-09-10-15-57-14-2-300x169.jpg 300w, https:\/\/halbes-schloss.de\/wp-content\/uploads\/2025\/09\/PHOTO-2025-09-10-15-57-14-2-1024x577.jpg 1024w\" sizes=\"auto, (max-width: 1600px) 100vw, 1600px\" \/><\/figure>\n<\/div>\n\n\n\n<div class=\"wp-block-column is-layout-flow wp-block-column-is-layout-flow\">\n<h3 class=\"wp-block-heading\">Fenster f\u00fcrs Schloss  <\/h3>\n\n\n\n<p><em>11.09.202<\/em>5<\/p>\n\n\n\n<p>Im Rahmen der F\u00f6rderma\u00dfnahme 2023\/24 konnte der K\u00fcchentrakt restauriert, sowie einige R\u00e4ume im Erdgeschoss mit Fenster versehen werden. Dies erm\u00f6glicht es, dass nun die R\u00e4ume bereits wieder einen Eindruck vom barocken Gedanken des Schlosses geben, lichtdurchflutet. <\/p>\n\n\n\n<p>In den n\u00e4chsten Monaten werden diese R\u00e4ume restauratorisch \u00fcberarbeitet.<\/p>\n\n\n\n<p>Wir bedanken uns bei allen, die diese Ma\u00dfnahme erm\u00f6glicht haben. <\/p>\n<\/div>\n<\/div>\n\n\n\n<figure class=\"wp-block-image size-full\"><img loading=\"lazy\" decoding=\"async\" width=\"1024\" height=\"1\" src=\"https:\/\/halbes-schloss.de\/wp-content\/uploads\/2024\/02\/Webseite_Trenner_lang.jpg\" alt=\"\" class=\"wp-image-620\" srcset=\"https:\/\/halbes-schloss.de\/wp-content\/uploads\/2024\/02\/Webseite_Trenner_lang.jpg 1024w, https:\/\/halbes-schloss.de\/wp-content\/uploads\/2024\/02\/Webseite_Trenner_lang-300x1.jpg 300w, https:\/\/halbes-schloss.de\/wp-content\/uploads\/2024\/02\/Webseite_Trenner_lang-150x1.jpg 150w, https:\/\/halbes-schloss.de\/wp-content\/uploads\/2024\/02\/Webseite_Trenner_lang-768x1.jpg 768w, https:\/\/halbes-schloss.de\/wp-content\/uploads\/2024\/02\/Webseite_Trenner_lang-950x1.jpg 950w\" sizes=\"auto, (max-width: 1024px) 100vw, 1024px\" \/><\/figure>\n\n\n\n<div class=\"wp-block-columns is-layout-flex wp-container-core-columns-is-layout-28f84493 wp-block-columns-is-layout-flex\">\n<div class=\"wp-block-column is-layout-flow wp-block-column-is-layout-flow\">\n<figure class=\"wp-block-image size-full\"><img loading=\"lazy\" decoding=\"async\" width=\"1500\" height=\"2000\" src=\"https:\/\/halbes-schloss.de\/wp-content\/uploads\/2025\/09\/WhatsApp-Image-2025-09-03-at-17.51.51.jpeg\" alt=\"\" class=\"wp-image-1142\" srcset=\"https:\/\/halbes-schloss.de\/wp-content\/uploads\/2025\/09\/WhatsApp-Image-2025-09-03-at-17.51.51.jpeg 1500w, https:\/\/halbes-schloss.de\/wp-content\/uploads\/2025\/09\/WhatsApp-Image-2025-09-03-at-17.51.51-225x300.jpeg 225w, https:\/\/halbes-schloss.de\/wp-content\/uploads\/2025\/09\/WhatsApp-Image-2025-09-03-at-17.51.51-768x1024.jpeg 768w\" sizes=\"auto, (max-width: 1500px) 100vw, 1500px\" \/><\/figure>\n<\/div>\n\n\n\n<div class=\"wp-block-column is-layout-flow wp-block-column-is-layout-flow\">\n<h3 class=\"wp-block-heading\">Die zweite Generation.<\/h3>\n\n\n\n<p><em>01.09.202<\/em>5<\/p>\n\n\n\n<p>Auch in diesem Jahr k\u00f6nnen wir wieder vier Teilnehmende f\u00fcr ein FSJ im Rahmen der Jugendbauh\u00fctte gewinnen. <\/p>\n\n\n\n<p>Wir freuen uns, euch in Langenleuba-Niederhain und dem Schloss begr\u00fc\u00dfen zu k\u00f6nnen. <\/p>\n\n\n\n<p><\/p>\n<\/div>\n<\/div>\n\n\n\n<figure class=\"wp-block-image size-full\"><img loading=\"lazy\" decoding=\"async\" width=\"1024\" height=\"1\" src=\"https:\/\/halbes-schloss.de\/wp-content\/uploads\/2024\/02\/Webseite_Trenner_lang.jpg\" alt=\"\" class=\"wp-image-620\" srcset=\"https:\/\/halbes-schloss.de\/wp-content\/uploads\/2024\/02\/Webseite_Trenner_lang.jpg 1024w, https:\/\/halbes-schloss.de\/wp-content\/uploads\/2024\/02\/Webseite_Trenner_lang-300x1.jpg 300w, https:\/\/halbes-schloss.de\/wp-content\/uploads\/2024\/02\/Webseite_Trenner_lang-150x1.jpg 150w, https:\/\/halbes-schloss.de\/wp-content\/uploads\/2024\/02\/Webseite_Trenner_lang-768x1.jpg 768w, https:\/\/halbes-schloss.de\/wp-content\/uploads\/2024\/02\/Webseite_Trenner_lang-950x1.jpg 950w\" sizes=\"auto, (max-width: 1024px) 100vw, 1024px\" \/><\/figure>\n\n\n\n<div class=\"wp-block-columns is-layout-flex wp-container-core-columns-is-layout-28f84493 wp-block-columns-is-layout-flex\">\n<div class=\"wp-block-column is-layout-flow wp-block-column-is-layout-flow\">\n<figure class=\"wp-block-image size-full\"><img loading=\"lazy\" decoding=\"async\" width=\"1125\" height=\"1306\" src=\"https:\/\/halbes-schloss.de\/wp-content\/uploads\/2025\/08\/WhatsApp-Image-2025-08-25-at-15.19.42.jpeg\" alt=\"\" class=\"wp-image-1133\" srcset=\"https:\/\/halbes-schloss.de\/wp-content\/uploads\/2025\/08\/WhatsApp-Image-2025-08-25-at-15.19.42.jpeg 1125w, https:\/\/halbes-schloss.de\/wp-content\/uploads\/2025\/08\/WhatsApp-Image-2025-08-25-at-15.19.42-258x300.jpeg 258w, https:\/\/halbes-schloss.de\/wp-content\/uploads\/2025\/08\/WhatsApp-Image-2025-08-25-at-15.19.42-882x1024.jpeg 882w\" sizes=\"auto, (max-width: 1125px) 100vw, 1125px\" \/><\/figure>\n<\/div>\n\n\n\n<div class=\"wp-block-column is-layout-flow wp-block-column-is-layout-flow\">\n<h3 class=\"wp-block-heading\">Ende des 1. Zyklus der Jugendbauh\u00fctte im Halben Schloss<\/h3>\n\n\n\n<p><em>31.08.202<\/em>5<\/p>\n\n\n\n<p>Die Zeit fliegt\u2026<\/p>\n\n\n\n<p><br>Vor fast einem Jahr begann die erste Generation unserer Schlossgeister ihr FSJ in der Denkmalpflege. Am Montag beginnt schon die zweite Generation.<\/p>\n\n\n\n<p><br>Vielen Dank f\u00fcr euren Einsatz, eure Ideen, den Spa\u00df und das Leben, das ihr ins Halbe Schloss und auch in den Ort gebracht habt.<\/p>\n\n\n\n<p>Ihr hinterlasst gro\u00dfe Fu\u00dfstapfen!<\/p>\n\n\n\n<p><br>Es ist gro\u00dfartig, dass ihr zum Gro\u00dfteil in der Denkmalpflege, dem Handwerk oder auch in Th\u00fcringen bleibt.<\/p>\n\n\n\n<p><br>Alles Gute auf eurem weiteren Weg und DANKE.<\/p>\n\n\n\n<p><br>Wir freuen uns schon jetzt euch zum Tag des offenen Denkmals wieder zu sehen!<\/p>\n\n\n\n<p><\/p>\n<\/div>\n<\/div>\n\n\n\n<figure class=\"wp-block-image size-full\"><img loading=\"lazy\" decoding=\"async\" width=\"1024\" height=\"1\" src=\"https:\/\/halbes-schloss.de\/wp-content\/uploads\/2024\/02\/Webseite_Trenner_lang.jpg\" alt=\"\" class=\"wp-image-620\" srcset=\"https:\/\/halbes-schloss.de\/wp-content\/uploads\/2024\/02\/Webseite_Trenner_lang.jpg 1024w, https:\/\/halbes-schloss.de\/wp-content\/uploads\/2024\/02\/Webseite_Trenner_lang-300x1.jpg 300w, https:\/\/halbes-schloss.de\/wp-content\/uploads\/2024\/02\/Webseite_Trenner_lang-150x1.jpg 150w, https:\/\/halbes-schloss.de\/wp-content\/uploads\/2024\/02\/Webseite_Trenner_lang-768x1.jpg 768w, https:\/\/halbes-schloss.de\/wp-content\/uploads\/2024\/02\/Webseite_Trenner_lang-950x1.jpg 950w\" sizes=\"auto, (max-width: 1024px) 100vw, 1024px\" \/><\/figure>\n\n\n\n<div class=\"wp-block-columns is-layout-flex wp-container-core-columns-is-layout-28f84493 wp-block-columns-is-layout-flex\">\n<div class=\"wp-block-column is-layout-flow wp-block-column-is-layout-flow\">\n<figure class=\"wp-block-image size-full\"><img loading=\"lazy\" decoding=\"async\" width=\"1200\" height=\"1600\" src=\"https:\/\/halbes-schloss.de\/wp-content\/uploads\/2025\/07\/WhatsApp-Image-2025-06-28-at-19.33.49.jpeg\" alt=\"\" class=\"wp-image-1103\" srcset=\"https:\/\/halbes-schloss.de\/wp-content\/uploads\/2025\/07\/WhatsApp-Image-2025-06-28-at-19.33.49.jpeg 1200w, https:\/\/halbes-schloss.de\/wp-content\/uploads\/2025\/07\/WhatsApp-Image-2025-06-28-at-19.33.49-225x300.jpeg 225w, https:\/\/halbes-schloss.de\/wp-content\/uploads\/2025\/07\/WhatsApp-Image-2025-06-28-at-19.33.49-768x1024.jpeg 768w\" sizes=\"auto, (max-width: 1200px) 100vw, 1200px\" \/><\/figure>\n<\/div>\n\n\n\n<div class=\"wp-block-column is-layout-flow wp-block-column-is-layout-flow\">\n<h3 class=\"wp-block-heading\">Der Kleine Prinz<\/h3>\n\n\n\n<p><em>28.06.202<\/em>5<\/p>\n\n\n\n<p>P\u00fcnktlich zum Ferienbeginn konnten wir im Schlosshof die Little Opera begr\u00fc\u00dfen. <\/p>\n\n\n\n<p>Die Little Opera Vogtland zeigte in ihrer poetischen Adaption, nach dem gleichnamigen Roman von Antoine De Saint-Exup\u00e9ry, dass dieser Stoff aus dem Jahre 1944 nichts an seiner Aktualit\u00e4t verloren hat.&nbsp;<\/p>\n\n\n\n<p>Der kleine Prinz lebt mit seiner Rose irgendwo in den Weiten des unendlichen Kosmos. Doch eines Tages geraten sie in Streit und der kleine Prinz verl\u00e4sst seinen Planeten und reist durch die Galaxie. Er besucht so manchen Stern und trifft dort auf die komischsten Leute. Er lernt einen K\u00f6nig kennen, der gerne Befehle erteilt, einen Gesch\u00e4ftsmann, der die Sterne auf eine Bank bringen will um noch reicher zu werden und er besucht einen Planeten auf dem Tag und Nacht durcheinander geraten sind. Schlie\u00dflich landet er auf der Erde. Dort lernt er eine Fuchs kennen, der sein Freund wird. Von ihm erf\u00e4hrt er eines der wichtigsten Geheimnisse des Lebens. Mitten in der W\u00fcste trifft er dann auf einen gestrandeten Piloten. Die Zwei sind schicksalhaft miteinander verbunden denn nur der kleine Prinz kann dem Piloten die Kraft geben, wieder nach Hause zu kommen.&nbsp;<\/p>\n\n\n\n<p><\/p>\n<\/div>\n<\/div>\n\n\n\n<figure class=\"wp-block-image size-full\"><img loading=\"lazy\" decoding=\"async\" width=\"1024\" height=\"1\" src=\"https:\/\/halbes-schloss.de\/wp-content\/uploads\/2024\/02\/Webseite_Trenner_lang.jpg\" alt=\"\" class=\"wp-image-620\" srcset=\"https:\/\/halbes-schloss.de\/wp-content\/uploads\/2024\/02\/Webseite_Trenner_lang.jpg 1024w, https:\/\/halbes-schloss.de\/wp-content\/uploads\/2024\/02\/Webseite_Trenner_lang-300x1.jpg 300w, https:\/\/halbes-schloss.de\/wp-content\/uploads\/2024\/02\/Webseite_Trenner_lang-150x1.jpg 150w, https:\/\/halbes-schloss.de\/wp-content\/uploads\/2024\/02\/Webseite_Trenner_lang-768x1.jpg 768w, https:\/\/halbes-schloss.de\/wp-content\/uploads\/2024\/02\/Webseite_Trenner_lang-950x1.jpg 950w\" sizes=\"auto, (max-width: 1024px) 100vw, 1024px\" \/><\/figure>\n\n\n\n<div class=\"wp-block-columns is-layout-flex wp-container-core-columns-is-layout-28f84493 wp-block-columns-is-layout-flex\">\n<div class=\"wp-block-column is-layout-flow wp-block-column-is-layout-flow\">\n<figure class=\"wp-block-image size-full\"><img loading=\"lazy\" decoding=\"async\" width=\"900\" height=\"1600\" src=\"https:\/\/halbes-schloss.de\/wp-content\/uploads\/2025\/04\/WhatsApp-Image-2025-04-26-at-20.30.50.jpeg\" alt=\"\" class=\"wp-image-1065\" srcset=\"https:\/\/halbes-schloss.de\/wp-content\/uploads\/2025\/04\/WhatsApp-Image-2025-04-26-at-20.30.50.jpeg 900w, https:\/\/halbes-schloss.de\/wp-content\/uploads\/2025\/04\/WhatsApp-Image-2025-04-26-at-20.30.50-169x300.jpeg 169w, https:\/\/halbes-schloss.de\/wp-content\/uploads\/2025\/04\/WhatsApp-Image-2025-04-26-at-20.30.50-576x1024.jpeg 576w\" sizes=\"auto, (max-width: 900px) 100vw, 900px\" \/><\/figure>\n<\/div>\n\n\n\n<div class=\"wp-block-column is-layout-flow wp-block-column-is-layout-flow\">\n<h3 class=\"wp-block-heading\">Stilbruch <\/h3>\n\n\n\n<p><em>26.04.202<\/em>5<\/p>\n\n\n\n<p>Erneut brachte Stilbruch das Halbe Schloss zum Erklingen. Nach Ihrem Konzert im letzten Jahr konnten wir die Leipziger Band im Rahmen ihrer 20-j\u00e4hrigen Jubil\u00e4umstour wieder im Schloss begr\u00fc\u00dfen. Eine Tradition die wir auch im n\u00e4chsten Jahr fortsetzen wollen. Vielen Dank f\u00fcr den sch\u00f6nen Abend im Schloss, die gl\u00fccklichen Besuchenden und ein riesiges Dankesch\u00f6n an alle helfenden H\u00e4nde.&nbsp;<\/p>\n<\/div>\n<\/div>\n\n\n\n<figure class=\"wp-block-image size-full\"><img loading=\"lazy\" decoding=\"async\" width=\"1024\" height=\"1\" src=\"https:\/\/halbes-schloss.de\/wp-content\/uploads\/2024\/02\/Webseite_Trenner_lang.jpg\" alt=\"\" class=\"wp-image-620\" srcset=\"https:\/\/halbes-schloss.de\/wp-content\/uploads\/2024\/02\/Webseite_Trenner_lang.jpg 1024w, https:\/\/halbes-schloss.de\/wp-content\/uploads\/2024\/02\/Webseite_Trenner_lang-300x1.jpg 300w, https:\/\/halbes-schloss.de\/wp-content\/uploads\/2024\/02\/Webseite_Trenner_lang-150x1.jpg 150w, https:\/\/halbes-schloss.de\/wp-content\/uploads\/2024\/02\/Webseite_Trenner_lang-768x1.jpg 768w, https:\/\/halbes-schloss.de\/wp-content\/uploads\/2024\/02\/Webseite_Trenner_lang-950x1.jpg 950w\" sizes=\"auto, (max-width: 1024px) 100vw, 1024px\" \/><\/figure>\n\n\n\n<div class=\"wp-block-columns is-layout-flex wp-container-core-columns-is-layout-28f84493 wp-block-columns-is-layout-flex\">\n<div class=\"wp-block-column is-layout-flow wp-block-column-is-layout-flow\">\n<figure class=\"wp-block-image size-full\"><img loading=\"lazy\" decoding=\"async\" width=\"1536\" height=\"2048\" src=\"https:\/\/halbes-schloss.de\/wp-content\/uploads\/2025\/04\/WhatsApp-Image-2025-04-25-at-18.39.32.jpeg\" alt=\"\" class=\"wp-image-1062\" srcset=\"https:\/\/halbes-schloss.de\/wp-content\/uploads\/2025\/04\/WhatsApp-Image-2025-04-25-at-18.39.32.jpeg 1536w, https:\/\/halbes-schloss.de\/wp-content\/uploads\/2025\/04\/WhatsApp-Image-2025-04-25-at-18.39.32-225x300.jpeg 225w, https:\/\/halbes-schloss.de\/wp-content\/uploads\/2025\/04\/WhatsApp-Image-2025-04-25-at-18.39.32-768x1024.jpeg 768w\" sizes=\"auto, (max-width: 1536px) 100vw, 1536px\" \/><\/figure>\n<\/div>\n\n\n\n<div class=\"wp-block-column is-layout-flow wp-block-column-is-layout-flow\">\n<h3 class=\"wp-block-heading\">Austausch vor Ort <\/h3>\n\n\n\n<p><em>25.04.202<\/em>5<\/p>\n\n\n\n<p>Am 25.04. konnten wir Ministerpr\u00e4sident a.D, Vizepr\u00e4sident des Bundestages Bodo Ramelow im Schloss begr\u00fc\u00dfen. Vielen Dank f\u00fcr den intensiven Austausch vor Ort \u00fcber unser kulturelles Erbe, der Revitalisierung von Kulturdenkmalen im l\u00e4ndlichen Raum, den Fachkr\u00e4ftemangel und die Herausforderung des Ehrenamtes.&nbsp;<\/p>\n\n\n\n<p>Gleichzeitig konnten wir den Termin auch f\u00fcr einen Austausch \u00fcber die Interessengemeinschaft Private Schl\u00f6sser, Burgen und Gutsanlagen in Th\u00fcringen nutzen. Vielen Dank an die Vorsitzende Sabine Ortmann f\u00fcr die Teilnahme an dem Termin. Das Halbe Schloss ist seit 2019 Mitglied in der IPBSG und derzeit stellt der Verein Halbes Schloss Langenleuba-Niederhain e.V den stellvertretenden Vorsitzenden. <\/p>\n\n\n\n<p>Unsere Schlossgeister der mobilen Jugendbauh\u00fctte konnten bei dem Termin auch die Arbeit der letzten Monate vorstellen und berichten, wie wichtig die Nachwuchsf\u00f6rderung f\u00fcr das Handwerk und die Denkmalpflege ist. <\/p>\n\n\n\n<p>Wir freuen uns auf den weiteren Austausch. <\/p>\n<\/div>\n<\/div>\n\n\n\n<figure class=\"wp-block-image size-full\"><img loading=\"lazy\" decoding=\"async\" width=\"1024\" height=\"1\" src=\"https:\/\/halbes-schloss.de\/wp-content\/uploads\/2024\/02\/Webseite_Trenner_lang.jpg\" alt=\"\" class=\"wp-image-620\" srcset=\"https:\/\/halbes-schloss.de\/wp-content\/uploads\/2024\/02\/Webseite_Trenner_lang.jpg 1024w, https:\/\/halbes-schloss.de\/wp-content\/uploads\/2024\/02\/Webseite_Trenner_lang-300x1.jpg 300w, https:\/\/halbes-schloss.de\/wp-content\/uploads\/2024\/02\/Webseite_Trenner_lang-150x1.jpg 150w, https:\/\/halbes-schloss.de\/wp-content\/uploads\/2024\/02\/Webseite_Trenner_lang-768x1.jpg 768w, https:\/\/halbes-schloss.de\/wp-content\/uploads\/2024\/02\/Webseite_Trenner_lang-950x1.jpg 950w\" sizes=\"auto, (max-width: 1024px) 100vw, 1024px\" \/><\/figure>\n\n\n\n<div class=\"wp-block-columns is-layout-flex wp-container-core-columns-is-layout-28f84493 wp-block-columns-is-layout-flex\">\n<div class=\"wp-block-column is-layout-flow wp-block-column-is-layout-flow\">\n<figure class=\"wp-block-image size-full\"><img loading=\"lazy\" decoding=\"async\" width=\"2048\" height=\"1536\" src=\"https:\/\/halbes-schloss.de\/wp-content\/uploads\/2025\/04\/WhatsApp-Image-2025-04-20-at-13.54.24.jpeg\" alt=\"\" class=\"wp-image-1060\" srcset=\"https:\/\/halbes-schloss.de\/wp-content\/uploads\/2025\/04\/WhatsApp-Image-2025-04-20-at-13.54.24.jpeg 2048w, https:\/\/halbes-schloss.de\/wp-content\/uploads\/2025\/04\/WhatsApp-Image-2025-04-20-at-13.54.24-300x225.jpeg 300w, https:\/\/halbes-schloss.de\/wp-content\/uploads\/2025\/04\/WhatsApp-Image-2025-04-20-at-13.54.24-1024x768.jpeg 1024w, https:\/\/halbes-schloss.de\/wp-content\/uploads\/2025\/04\/WhatsApp-Image-2025-04-20-at-13.54.24-2000x1500.jpeg 2000w\" sizes=\"auto, (max-width: 2048px) 100vw, 2048px\" \/><\/figure>\n<\/div>\n\n\n\n<div class=\"wp-block-column is-layout-flow wp-block-column-is-layout-flow\">\n<h3 class=\"wp-block-heading\">Kunst im Schloss <\/h3>\n\n\n\n<p><em>20.04.202<\/em>5<\/p>\n\n\n\n<p>Zum ersten Mal konnte am Ostersonntag eine Kunstausstellung im Halben Schloss er\u00f6ffnet werden. Das Schloss diente als Symbol f\u00fcr Macht, Wohlstand und \u00dcberfluss. Wenn wir den erhaltenen Bau betrachten, erg\u00e4nzen wir instinktiv das Fehlende. Die physischen Mauern und Fenster m\u00f6gen verschwunden sein, doch der verlorene Teil lebt in unserer Vorstellung weiter. Dieses Fehlen wirkt wie ein Geist, der die bestehenden Mauern durchdringt und die urspr\u00fcngliche Form widerspiegelt \u2013 als ein Spiegel von Raum und Zeit. Welche Funktion hat ein  Schloss in unserer heutigen Zeit? Kann unsere Verbindung zu solchen Geb\u00e4uden eine gemeinschaftliche Erfahrung sein? Durch die Pr\u00e4sentation einer Kunstausstellung in dem noch unvollst\u00e4ndig renovierten Schloss wird die \u00d6ffentlichkeit eingeladen, das architektonische und soziale Potenzial des&nbsp;Geb\u00e4udes zu erkunden \u2013 und den Prozess seiner allm\u00e4hlichen Wiederherstellung zu begleiten.<\/p>\n<\/div>\n<\/div>\n\n\n\n<figure class=\"wp-block-image size-full\"><img loading=\"lazy\" decoding=\"async\" width=\"1024\" height=\"1\" src=\"https:\/\/halbes-schloss.de\/wp-content\/uploads\/2024\/02\/Webseite_Trenner_lang.jpg\" alt=\"\" class=\"wp-image-620\" srcset=\"https:\/\/halbes-schloss.de\/wp-content\/uploads\/2024\/02\/Webseite_Trenner_lang.jpg 1024w, https:\/\/halbes-schloss.de\/wp-content\/uploads\/2024\/02\/Webseite_Trenner_lang-300x1.jpg 300w, https:\/\/halbes-schloss.de\/wp-content\/uploads\/2024\/02\/Webseite_Trenner_lang-150x1.jpg 150w, https:\/\/halbes-schloss.de\/wp-content\/uploads\/2024\/02\/Webseite_Trenner_lang-768x1.jpg 768w, https:\/\/halbes-schloss.de\/wp-content\/uploads\/2024\/02\/Webseite_Trenner_lang-950x1.jpg 950w\" sizes=\"auto, (max-width: 1024px) 100vw, 1024px\" \/><\/figure>\n\n\n\n<div class=\"wp-block-columns is-layout-flex wp-container-core-columns-is-layout-28f84493 wp-block-columns-is-layout-flex\">\n<div class=\"wp-block-column is-layout-flow wp-block-column-is-layout-flow\">\n<figure class=\"wp-block-image size-full\"><img loading=\"lazy\" decoding=\"async\" width=\"2000\" height=\"1500\" src=\"https:\/\/halbes-schloss.de\/wp-content\/uploads\/2025\/04\/WhatsApp-Image-2025-03-31-at-15.54.59.jpeg\" alt=\"\" class=\"wp-image-1054\" srcset=\"https:\/\/halbes-schloss.de\/wp-content\/uploads\/2025\/04\/WhatsApp-Image-2025-03-31-at-15.54.59.jpeg 2000w, https:\/\/halbes-schloss.de\/wp-content\/uploads\/2025\/04\/WhatsApp-Image-2025-03-31-at-15.54.59-300x225.jpeg 300w, https:\/\/halbes-schloss.de\/wp-content\/uploads\/2025\/04\/WhatsApp-Image-2025-03-31-at-15.54.59-1024x768.jpeg 1024w\" sizes=\"auto, (max-width: 2000px) 100vw, 2000px\" \/><\/figure>\n<\/div>\n\n\n\n<div class=\"wp-block-column is-layout-flow wp-block-column-is-layout-flow\">\n<h3 class=\"wp-block-heading\">Baustellenzugang<\/h3>\n\n\n\n<p><em>04\/202<\/em>5<\/p>\n\n\n\n<p>Im Rahmen der laufenden Sanierungsarbeiten wurde ein tempor\u00e4rer zweiter Zugang zum Schloss geschaffen, dieser dient vor allem als Baustellenzugang. Die Arbeiten konzentrieren sich derzeit auf das Erdgeschoss des Schlosses. Wir freuen uns, Ihnen diesen Bereich zum Tag des offenen Denkmals pr\u00e4sentieren zu k\u00f6nnen.<\/p>\n\n\n\n<p><\/p>\n<\/div>\n<\/div>\n\n\n\n<figure class=\"wp-block-image size-full\"><img loading=\"lazy\" decoding=\"async\" width=\"1024\" height=\"1\" src=\"https:\/\/halbes-schloss.de\/wp-content\/uploads\/2024\/02\/Webseite_Trenner_lang.jpg\" alt=\"\" class=\"wp-image-620\" srcset=\"https:\/\/halbes-schloss.de\/wp-content\/uploads\/2024\/02\/Webseite_Trenner_lang.jpg 1024w, https:\/\/halbes-schloss.de\/wp-content\/uploads\/2024\/02\/Webseite_Trenner_lang-300x1.jpg 300w, https:\/\/halbes-schloss.de\/wp-content\/uploads\/2024\/02\/Webseite_Trenner_lang-150x1.jpg 150w, https:\/\/halbes-schloss.de\/wp-content\/uploads\/2024\/02\/Webseite_Trenner_lang-768x1.jpg 768w, https:\/\/halbes-schloss.de\/wp-content\/uploads\/2024\/02\/Webseite_Trenner_lang-950x1.jpg 950w\" sizes=\"auto, (max-width: 1024px) 100vw, 1024px\" \/><\/figure>\n\n\n\n<div class=\"wp-block-columns is-layout-flex wp-container-core-columns-is-layout-28f84493 wp-block-columns-is-layout-flex\">\n<div class=\"wp-block-column is-layout-flow wp-block-column-is-layout-flow\">\n<figure class=\"wp-block-image size-full\"><img loading=\"lazy\" decoding=\"async\" width=\"1600\" height=\"1200\" src=\"https:\/\/halbes-schloss.de\/wp-content\/uploads\/2025\/04\/WhatsApp-Image-2025-04-27-at-17.13.26.jpeg\" alt=\"\" class=\"wp-image-1052\" srcset=\"https:\/\/halbes-schloss.de\/wp-content\/uploads\/2025\/04\/WhatsApp-Image-2025-04-27-at-17.13.26.jpeg 1600w, https:\/\/halbes-schloss.de\/wp-content\/uploads\/2025\/04\/WhatsApp-Image-2025-04-27-at-17.13.26-300x225.jpeg 300w, https:\/\/halbes-schloss.de\/wp-content\/uploads\/2025\/04\/WhatsApp-Image-2025-04-27-at-17.13.26-1024x768.jpeg 1024w\" sizes=\"auto, (max-width: 1600px) 100vw, 1600px\" \/><\/figure>\n<\/div>\n\n\n\n<div class=\"wp-block-column is-layout-flow wp-block-column-is-layout-flow\">\n<h3 class=\"wp-block-heading\">\u00d6ffnung der Fenster <\/h3>\n\n\n\n<p><em>03\/202<\/em>5<\/p>\n\n\n\n<p>Bis auf drei Fenster\u00f6ffnungen konnten alle ehemals vermauerten oder zugesetzten Fenster im Schloss wieder ge\u00f6ffnet werden. So kann bereits heute wieder ein Eindruck \u00fcber die barocke Fassadenstruktur und den bauzeitlichen Raumeindruck vermittelt werden. Vielen Dank an die flei\u00dfigen H\u00e4nde der Teilnehmenden der mobilen Jugendbauh\u00fctte, welche dies erm\u00f6glicht haben.&nbsp;<\/p>\n\n\n\n<p><\/p>\n<\/div>\n<\/div>\n\n\n\n<figure class=\"wp-block-image size-full\"><img loading=\"lazy\" decoding=\"async\" width=\"1024\" height=\"1\" src=\"https:\/\/halbes-schloss.de\/wp-content\/uploads\/2024\/02\/Webseite_Trenner_lang.jpg\" alt=\"\" class=\"wp-image-620\" srcset=\"https:\/\/halbes-schloss.de\/wp-content\/uploads\/2024\/02\/Webseite_Trenner_lang.jpg 1024w, https:\/\/halbes-schloss.de\/wp-content\/uploads\/2024\/02\/Webseite_Trenner_lang-300x1.jpg 300w, https:\/\/halbes-schloss.de\/wp-content\/uploads\/2024\/02\/Webseite_Trenner_lang-150x1.jpg 150w, https:\/\/halbes-schloss.de\/wp-content\/uploads\/2024\/02\/Webseite_Trenner_lang-768x1.jpg 768w, https:\/\/halbes-schloss.de\/wp-content\/uploads\/2024\/02\/Webseite_Trenner_lang-950x1.jpg 950w\" sizes=\"auto, (max-width: 1024px) 100vw, 1024px\" \/><\/figure>\n\n\n\n<div class=\"wp-block-columns is-layout-flex wp-container-core-columns-is-layout-28f84493 wp-block-columns-is-layout-flex\">\n<div class=\"wp-block-column is-layout-flow wp-block-column-is-layout-flow\">\n<figure class=\"wp-block-image size-full\"><img loading=\"lazy\" decoding=\"async\" width=\"1920\" height=\"2560\" src=\"https:\/\/halbes-schloss.de\/wp-content\/uploads\/2025\/04\/2025-01-29-09.45.21-scaled.jpg\" alt=\"\" class=\"wp-image-1050\" srcset=\"https:\/\/halbes-schloss.de\/wp-content\/uploads\/2025\/04\/2025-01-29-09.45.21-scaled.jpg 1920w, https:\/\/halbes-schloss.de\/wp-content\/uploads\/2025\/04\/2025-01-29-09.45.21-225x300.jpg 225w, https:\/\/halbes-schloss.de\/wp-content\/uploads\/2025\/04\/2025-01-29-09.45.21-768x1024.jpg 768w, https:\/\/halbes-schloss.de\/wp-content\/uploads\/2025\/04\/2025-01-29-09.45.21-2000x2667.jpg 2000w\" sizes=\"auto, (max-width: 1920px) 100vw, 1920px\" \/><\/figure>\n<\/div>\n\n\n\n<div class=\"wp-block-column is-layout-flow wp-block-column-is-layout-flow\">\n<h3 class=\"wp-block-heading\">Fertigstellung Musterachse<\/h3>\n\n\n\n<p><em>02.01.202<\/em>5<\/p>\n\n\n\n<p>Fertigstellung der Musterachse, P\u00fcnktlich zum Abschluss des Jahres 2024 konnte die Musterachse am Mittelrisalit fertig gestellt werden. Hierbei wurden die historischen Putzfl\u00e4chen gesichert und partiell erneuert. Gleichzeitig erfolgte die Erneuerung der Blechabdeckung und die Sanierung der Konstruktion des Tympanons. Die Natursteinarbeiten wurden gereinigt und partiell die Fugen erneuert.&nbsp;<\/p>\n\n\n\n<p>Die Erg\u00e4nzung von Fehlstellen an den Natursteinen wurde nur unter konstruktiven Gesichtspunkten umgesetzt. Derzeit ist die Fassade matierialsichtig, eine erneute Ausf\u00fchrung der barocken Farbigkeit ist nicht vorgesehen, da diese nicht ausreichend dokumentiert ist. Mit den Arbeiten an diesem Bereich der Fassade konnten wichtige Erkenntnisse erlangt werden, welche f\u00fcr die weitere Revitalisierung des Schlosses verwendet werden.&nbsp;<\/p>\n\n\n\n<p>Zusammen mit dem restauriertem Schmuckgitter konnte die Ma\u00dfnahme im Zeit- und Kostenrahmen umgesetzt werden. Wir bedanken uns bei den F\u00f6rderern und Spendern, die dies erm\u00f6glicht haben, genau sowie bei den beteiligten Firmen.&nbsp;<\/p>\n<\/div>\n<\/div>\n\n\n\n<figure class=\"wp-block-image size-full\"><img loading=\"lazy\" decoding=\"async\" width=\"1024\" height=\"1\" src=\"https:\/\/halbes-schloss.de\/wp-content\/uploads\/2024\/02\/Webseite_Trenner_lang.jpg\" alt=\"\" class=\"wp-image-620\" srcset=\"https:\/\/halbes-schloss.de\/wp-content\/uploads\/2024\/02\/Webseite_Trenner_lang.jpg 1024w, https:\/\/halbes-schloss.de\/wp-content\/uploads\/2024\/02\/Webseite_Trenner_lang-300x1.jpg 300w, https:\/\/halbes-schloss.de\/wp-content\/uploads\/2024\/02\/Webseite_Trenner_lang-150x1.jpg 150w, https:\/\/halbes-schloss.de\/wp-content\/uploads\/2024\/02\/Webseite_Trenner_lang-768x1.jpg 768w, https:\/\/halbes-schloss.de\/wp-content\/uploads\/2024\/02\/Webseite_Trenner_lang-950x1.jpg 950w\" sizes=\"auto, (max-width: 1024px) 100vw, 1024px\" \/><\/figure>\n\n\n\n<h2 class=\"wp-block-heading\">2024<\/h2>\n\n\n\n<figure class=\"wp-block-image size-full\"><img loading=\"lazy\" decoding=\"async\" width=\"1024\" height=\"1\" src=\"https:\/\/halbes-schloss.de\/wp-content\/uploads\/2024\/02\/Webseite_Trenner_lang.jpg\" alt=\"\" class=\"wp-image-620\" srcset=\"https:\/\/halbes-schloss.de\/wp-content\/uploads\/2024\/02\/Webseite_Trenner_lang.jpg 1024w, https:\/\/halbes-schloss.de\/wp-content\/uploads\/2024\/02\/Webseite_Trenner_lang-300x1.jpg 300w, https:\/\/halbes-schloss.de\/wp-content\/uploads\/2024\/02\/Webseite_Trenner_lang-150x1.jpg 150w, https:\/\/halbes-schloss.de\/wp-content\/uploads\/2024\/02\/Webseite_Trenner_lang-768x1.jpg 768w, https:\/\/halbes-schloss.de\/wp-content\/uploads\/2024\/02\/Webseite_Trenner_lang-950x1.jpg 950w\" sizes=\"auto, (max-width: 1024px) 100vw, 1024px\" \/><\/figure>\n\n\n\n<div class=\"wp-block-columns is-layout-flex wp-container-core-columns-is-layout-28f84493 wp-block-columns-is-layout-flex\">\n<div class=\"wp-block-column is-layout-flow wp-block-column-is-layout-flow\">\n<figure class=\"wp-block-image size-full\"><img loading=\"lazy\" decoding=\"async\" width=\"2048\" height=\"1537\" src=\"https:\/\/halbes-schloss.de\/wp-content\/uploads\/2024\/11\/tempImagerDQME1.jpg\" alt=\"\" class=\"wp-image-985\" srcset=\"https:\/\/halbes-schloss.de\/wp-content\/uploads\/2024\/11\/tempImagerDQME1.jpg 2048w, https:\/\/halbes-schloss.de\/wp-content\/uploads\/2024\/11\/tempImagerDQME1-300x225.jpg 300w, https:\/\/halbes-schloss.de\/wp-content\/uploads\/2024\/11\/tempImagerDQME1-1024x769.jpg 1024w, https:\/\/halbes-schloss.de\/wp-content\/uploads\/2024\/11\/tempImagerDQME1-2000x1501.jpg 2000w\" sizes=\"auto, (max-width: 2048px) 100vw, 2048px\" \/><\/figure>\n<\/div>\n\n\n\n<div class=\"wp-block-column is-layout-flow wp-block-column-is-layout-flow\">\n<h3 class=\"wp-block-heading\">R\u00fcckkehr des Schmuckgitters<\/h3>\n\n\n\n<p><em>21.11.2024<\/em><\/p>\n\n\n\n<p>Nach Monaten der Sanierung konnte das Schmuckgitter des Tores wieder an seinen angestammten Platz zur\u00fcckkehren. Die Restaurierung erfolgte und der gr\u00f6\u00dftm\u00f6glichen Bewahrung der Originalsubstanz. Die neue farbliche Fassung beruht auf bauzeitlichen Farbbefunden. <br>Der Einbau erfolgte unter Hilfe der Teilnehmenden der Jugendbauh\u00fctte. Ein gro\u00dfer Dank geht an den Handwerksbetrieb, der diese Arbeit umgesetzt hat und den Freistaat Th\u00fcringen, welcher diese Ma\u00dfnahme unterst\u00fctzte.<\/p>\n\n\n\n<p>Weitere Informationen zu den derzeit laufenden und geplanten Arbeiten finden Sie <a href=\"https:\/\/halbes-schloss.de\/index.php\/sanierung\/\" data-type=\"page\" data-id=\"372\">hier<\/a>.<\/p>\n<\/div>\n<\/div>\n\n\n\n<figure class=\"wp-block-image size-full\"><img loading=\"lazy\" decoding=\"async\" width=\"1024\" height=\"1\" src=\"https:\/\/halbes-schloss.de\/wp-content\/uploads\/2024\/02\/Webseite_Trenner_lang.jpg\" alt=\"\" class=\"wp-image-620\" srcset=\"https:\/\/halbes-schloss.de\/wp-content\/uploads\/2024\/02\/Webseite_Trenner_lang.jpg 1024w, https:\/\/halbes-schloss.de\/wp-content\/uploads\/2024\/02\/Webseite_Trenner_lang-300x1.jpg 300w, https:\/\/halbes-schloss.de\/wp-content\/uploads\/2024\/02\/Webseite_Trenner_lang-150x1.jpg 150w, https:\/\/halbes-schloss.de\/wp-content\/uploads\/2024\/02\/Webseite_Trenner_lang-768x1.jpg 768w, https:\/\/halbes-schloss.de\/wp-content\/uploads\/2024\/02\/Webseite_Trenner_lang-950x1.jpg 950w\" sizes=\"auto, (max-width: 1024px) 100vw, 1024px\" \/><\/figure>\n\n\n\n<div class=\"wp-block-columns is-layout-flex wp-container-core-columns-is-layout-28f84493 wp-block-columns-is-layout-flex\">\n<div class=\"wp-block-column is-layout-flow wp-block-column-is-layout-flow\">\n<figure class=\"wp-block-image size-full\"><img loading=\"lazy\" decoding=\"async\" width=\"1200\" height=\"1600\" src=\"https:\/\/halbes-schloss.de\/wp-content\/uploads\/2024\/11\/tempImage9Dldrp.jpg\" alt=\"\" class=\"wp-image-981\" srcset=\"https:\/\/halbes-schloss.de\/wp-content\/uploads\/2024\/11\/tempImage9Dldrp.jpg 1200w, https:\/\/halbes-schloss.de\/wp-content\/uploads\/2024\/11\/tempImage9Dldrp-225x300.jpg 225w, https:\/\/halbes-schloss.de\/wp-content\/uploads\/2024\/11\/tempImage9Dldrp-768x1024.jpg 768w\" sizes=\"auto, (max-width: 1200px) 100vw, 1200px\" \/><\/figure>\n<\/div>\n\n\n\n<div class=\"wp-block-column is-layout-flow wp-block-column-is-layout-flow\">\n<h3 class=\"wp-block-heading\">Arbeiten am Mittelrisalit <\/h3>\n\n\n\n<p><em>13.11.2024<\/em><\/p>\n\n\n\n<p>Die Arbeiten an dem Mittelrisalit des Schlosses laufen. Die Abdeckung des Tympanons konnte erneuert werden, so dass hier in Zukunft kein weiterer Feuchteintrag in die Konstruktion stattfindet.&nbsp;&nbsp;&nbsp;<\/p>\n\n\n\n<p>Gleichzeitig konnten so weitere Erkenntnisse \u00fcber den Zustand der Dachkonstruktion erlangt werden.<\/p>\n\n\n\n<p>In den weiteren Arbeitsschritten wird nun die Fassade mit einem Kalkputz \u00fcberarbeitet. Hierbei wird minimalinvasiv gearbeitet. Eine neue farbliche Fassung wird in diesem Arbeitsschritt nicht vorgenommen.&nbsp;<\/p>\n\n\n\n<p>Weitere Informationen zu den derzeit laufenden und geplanten Arbeiten finden Sie <a href=\"https:\/\/halbes-schloss.de\/index.php\/sanierung\/\" data-type=\"page\" data-id=\"372\">hier<\/a>.<\/p>\n<\/div>\n<\/div>\n\n\n\n<figure class=\"wp-block-image size-full\"><img loading=\"lazy\" decoding=\"async\" width=\"1024\" height=\"1\" src=\"https:\/\/halbes-schloss.de\/wp-content\/uploads\/2024\/02\/Webseite_Trenner_lang.jpg\" alt=\"\" class=\"wp-image-620\" srcset=\"https:\/\/halbes-schloss.de\/wp-content\/uploads\/2024\/02\/Webseite_Trenner_lang.jpg 1024w, https:\/\/halbes-schloss.de\/wp-content\/uploads\/2024\/02\/Webseite_Trenner_lang-300x1.jpg 300w, https:\/\/halbes-schloss.de\/wp-content\/uploads\/2024\/02\/Webseite_Trenner_lang-150x1.jpg 150w, https:\/\/halbes-schloss.de\/wp-content\/uploads\/2024\/02\/Webseite_Trenner_lang-768x1.jpg 768w, https:\/\/halbes-schloss.de\/wp-content\/uploads\/2024\/02\/Webseite_Trenner_lang-950x1.jpg 950w\" sizes=\"auto, (max-width: 1024px) 100vw, 1024px\" \/><\/figure>\n\n\n\n<div class=\"wp-block-columns is-layout-flex wp-container-core-columns-is-layout-28f84493 wp-block-columns-is-layout-flex\">\n<div class=\"wp-block-column is-layout-flow wp-block-column-is-layout-flow\">\n<figure class=\"wp-block-image size-full\"><img loading=\"lazy\" decoding=\"async\" width=\"2000\" height=\"1500\" src=\"https:\/\/halbes-schloss.de\/wp-content\/uploads\/2024\/10\/WhatsApp-Image-2024-10-28-at-06.50.21.jpeg\" alt=\"\" class=\"wp-image-955\" srcset=\"https:\/\/halbes-schloss.de\/wp-content\/uploads\/2024\/10\/WhatsApp-Image-2024-10-28-at-06.50.21.jpeg 2000w, https:\/\/halbes-schloss.de\/wp-content\/uploads\/2024\/10\/WhatsApp-Image-2024-10-28-at-06.50.21-300x225.jpeg 300w, https:\/\/halbes-schloss.de\/wp-content\/uploads\/2024\/10\/WhatsApp-Image-2024-10-28-at-06.50.21-1024x768.jpeg 1024w\" sizes=\"auto, (max-width: 2000px) 100vw, 2000px\" \/><\/figure>\n<\/div>\n\n\n\n<div class=\"wp-block-column is-layout-flow wp-block-column-is-layout-flow\">\n<h3 class=\"wp-block-heading\">Halloween 2024<\/h3>\n\n\n\n<p><em>28.10.2024<\/em><\/p>\n\n\n\n<p>Vielen Dank an alle Gruselgestalten, welche uns am 26.10. im Gruselschloss besucht haben. Danke f\u00fcr sch\u00f6ne Stunden, die gruseligen Momente und die vielen gl\u00fccklichen Gesichter.&nbsp;<\/p>\n\n\n\n<p>Wir gruseln uns auch n\u00e4chstes Jahr mit euch. Wir freuen uns schon jetzt auf <strong>Halloween 2025<\/strong>, am <strong>26.10.2025<\/strong>.&nbsp;<\/p>\n\n\n\n<p>Ohne die Unterst\u00fctzung von Allen w\u00e4re diese Veranstaltung nicht m\u00f6glich gewesen, ein herzliches Dank an den F\u00f6rderverein der Freiwilligen Feuerwehr Langenleuba-Niederhain, die Feuerwehr Langenleuba-Niederhain, die Gemeinde LLN, sowie den NKC.<\/p>\n<\/div>\n<\/div>\n\n\n\n<figure class=\"wp-block-image size-full\"><img loading=\"lazy\" decoding=\"async\" width=\"1024\" height=\"1\" src=\"https:\/\/halbes-schloss.de\/wp-content\/uploads\/2024\/02\/Webseite_Trenner_lang.jpg\" alt=\"\" class=\"wp-image-620\" srcset=\"https:\/\/halbes-schloss.de\/wp-content\/uploads\/2024\/02\/Webseite_Trenner_lang.jpg 1024w, https:\/\/halbes-schloss.de\/wp-content\/uploads\/2024\/02\/Webseite_Trenner_lang-300x1.jpg 300w, https:\/\/halbes-schloss.de\/wp-content\/uploads\/2024\/02\/Webseite_Trenner_lang-150x1.jpg 150w, https:\/\/halbes-schloss.de\/wp-content\/uploads\/2024\/02\/Webseite_Trenner_lang-768x1.jpg 768w, https:\/\/halbes-schloss.de\/wp-content\/uploads\/2024\/02\/Webseite_Trenner_lang-950x1.jpg 950w\" sizes=\"auto, (max-width: 1024px) 100vw, 1024px\" \/><\/figure>\n\n\n\n<div class=\"wp-block-columns is-layout-flex wp-container-core-columns-is-layout-28f84493 wp-block-columns-is-layout-flex\">\n<div class=\"wp-block-column is-layout-flow wp-block-column-is-layout-flow\">\n<figure class=\"wp-block-image size-full\"><img loading=\"lazy\" decoding=\"async\" width=\"1440\" height=\"2560\" src=\"https:\/\/halbes-schloss.de\/wp-content\/uploads\/2024\/09\/Foto-08.07.2023-12-57-35-scaled.jpg\" alt=\"\" class=\"wp-image-900\" srcset=\"https:\/\/halbes-schloss.de\/wp-content\/uploads\/2024\/09\/Foto-08.07.2023-12-57-35-scaled.jpg 1440w, https:\/\/halbes-schloss.de\/wp-content\/uploads\/2024\/09\/Foto-08.07.2023-12-57-35-169x300.jpg 169w, https:\/\/halbes-schloss.de\/wp-content\/uploads\/2024\/09\/Foto-08.07.2023-12-57-35-576x1024.jpg 576w, https:\/\/halbes-schloss.de\/wp-content\/uploads\/2024\/09\/Foto-08.07.2023-12-57-35-2000x3556.jpg 2000w\" sizes=\"auto, (max-width: 1440px) 100vw, 1440px\" \/><\/figure>\n<\/div>\n\n\n\n<div class=\"wp-block-column is-layout-flow wp-block-column-is-layout-flow\">\n<h3 class=\"wp-block-heading\"><strong>Gesucht: Helfende H\u00e4nde f\u00fcrs Schloss<\/strong><\/h3>\n\n\n\n<p><\/p>\n\n\n\n<p>Wir haben jetzt junge H\u00e4nde f\u00fcr unsere alte Dame\u2026<\/p>\n\n\n\n<p>Die jungen H\u00e4nde sind schon da, jetzt brauchen wir noch mehr (egal welches Alter), deine H\u00e4nde!&nbsp;<\/p>\n\n\n\n<p>Werde Mitglied im Verein des Schlosses.&nbsp;<\/p>\n\n\n\n<p>Wir freuen uns \u00fcber jede Hilfe bei Veranstaltungen, Arbeitseins\u00e4tzen und der Pflege des Halben Schlosses, unserer alten Dame!&nbsp;<\/p>\n\n\n\n<p>Mitgliedsantr\u00e4ge findest du&nbsp;<a href=\"https:\/\/halbes-schloss.de\/index.php\/verein\/\" data-type=\"page\" data-id=\"51\">hier<\/a>.<\/p>\n<\/div>\n<\/div>\n\n\n\n<figure class=\"wp-block-image size-full\"><img loading=\"lazy\" decoding=\"async\" width=\"1024\" height=\"1\" src=\"https:\/\/halbes-schloss.de\/wp-content\/uploads\/2024\/02\/Webseite_Trenner_lang.jpg\" alt=\"\" class=\"wp-image-620\" srcset=\"https:\/\/halbes-schloss.de\/wp-content\/uploads\/2024\/02\/Webseite_Trenner_lang.jpg 1024w, https:\/\/halbes-schloss.de\/wp-content\/uploads\/2024\/02\/Webseite_Trenner_lang-300x1.jpg 300w, https:\/\/halbes-schloss.de\/wp-content\/uploads\/2024\/02\/Webseite_Trenner_lang-150x1.jpg 150w, https:\/\/halbes-schloss.de\/wp-content\/uploads\/2024\/02\/Webseite_Trenner_lang-768x1.jpg 768w, https:\/\/halbes-schloss.de\/wp-content\/uploads\/2024\/02\/Webseite_Trenner_lang-950x1.jpg 950w\" sizes=\"auto, (max-width: 1024px) 100vw, 1024px\" \/><\/figure>\n\n\n\n<div class=\"wp-block-columns is-layout-flex wp-container-core-columns-is-layout-28f84493 wp-block-columns-is-layout-flex\">\n<div class=\"wp-block-column is-layout-flow wp-block-column-is-layout-flow\">\n<figure class=\"wp-block-image size-full\"><img loading=\"lazy\" decoding=\"async\" width=\"2560\" height=\"1707\" src=\"https:\/\/halbes-schloss.de\/wp-content\/uploads\/2024\/09\/IMG_3314-1-scaled.jpg\" alt=\"\" class=\"wp-image-913\" srcset=\"https:\/\/halbes-schloss.de\/wp-content\/uploads\/2024\/09\/IMG_3314-1-scaled.jpg 2560w, https:\/\/halbes-schloss.de\/wp-content\/uploads\/2024\/09\/IMG_3314-1-300x200.jpg 300w, https:\/\/halbes-schloss.de\/wp-content\/uploads\/2024\/09\/IMG_3314-1-1024x683.jpg 1024w\" sizes=\"auto, (max-width: 2560px) 100vw, 2560px\" \/><\/figure>\n<\/div>\n\n\n\n<div class=\"wp-block-column is-layout-flow wp-block-column-is-layout-flow\">\n<h3 class=\"wp-block-heading\">F\u00f6rderung durch die Sparkassen-Stiftung <\/h3>\n\n\n\n<p><em>08.09.2024<\/em><\/p>\n\n\n\n<p><\/p>\n\n\n\n<p>Die Sparkassen-Stiftung Altenburger Land unterst\u00fctzt die Revitalisierung des Halben Schlosses mit einer F\u00f6rderung von 9.000\u20ac f\u00fcr die Umsetzung der Einsatzstelle der mobilen Jugendbauh\u00fctte im Halben Schloss. <\/p>\n\n\n\n<p>Wir bedanken uns f\u00fcr die Unterst\u00fctzung und freuen uns, dass am Tag des offenen Denkmals unsere erste Generation von Teilnehmenden den Scheck in Empfang nehmen konnten. <\/p>\n<\/div>\n<\/div>\n\n\n\n<figure class=\"wp-block-image size-full\"><img loading=\"lazy\" decoding=\"async\" width=\"1024\" height=\"1\" src=\"https:\/\/halbes-schloss.de\/wp-content\/uploads\/2024\/02\/Webseite_Trenner_lang.jpg\" alt=\"\" class=\"wp-image-620\" srcset=\"https:\/\/halbes-schloss.de\/wp-content\/uploads\/2024\/02\/Webseite_Trenner_lang.jpg 1024w, https:\/\/halbes-schloss.de\/wp-content\/uploads\/2024\/02\/Webseite_Trenner_lang-300x1.jpg 300w, https:\/\/halbes-schloss.de\/wp-content\/uploads\/2024\/02\/Webseite_Trenner_lang-150x1.jpg 150w, https:\/\/halbes-schloss.de\/wp-content\/uploads\/2024\/02\/Webseite_Trenner_lang-768x1.jpg 768w, https:\/\/halbes-schloss.de\/wp-content\/uploads\/2024\/02\/Webseite_Trenner_lang-950x1.jpg 950w\" sizes=\"auto, (max-width: 1024px) 100vw, 1024px\" \/><\/figure>\n\n\n\n<div class=\"wp-block-columns is-layout-flex wp-container-core-columns-is-layout-28f84493 wp-block-columns-is-layout-flex\">\n<div class=\"wp-block-column is-layout-flow wp-block-column-is-layout-flow\">\n<figure class=\"wp-block-image size-full\"><img loading=\"lazy\" decoding=\"async\" width=\"1600\" height=\"1200\" src=\"https:\/\/halbes-schloss.de\/wp-content\/uploads\/2024\/09\/WhatsApp-Image-2024-09-09-at-08.18.02.jpeg\" alt=\"\" class=\"wp-image-897\" srcset=\"https:\/\/halbes-schloss.de\/wp-content\/uploads\/2024\/09\/WhatsApp-Image-2024-09-09-at-08.18.02.jpeg 1600w, https:\/\/halbes-schloss.de\/wp-content\/uploads\/2024\/09\/WhatsApp-Image-2024-09-09-at-08.18.02-300x225.jpeg 300w, https:\/\/halbes-schloss.de\/wp-content\/uploads\/2024\/09\/WhatsApp-Image-2024-09-09-at-08.18.02-1024x768.jpeg 1024w\" sizes=\"auto, (max-width: 1600px) 100vw, 1600px\" \/><\/figure>\n<\/div>\n\n\n\n<div class=\"wp-block-column is-layout-flow wp-block-column-is-layout-flow\">\n<h3 class=\"wp-block-heading\">Tag des offenen Denkmals 2024, 17.110te Besucherin <\/h3>\n\n\n\n<p><em>08.09.2024<\/em><\/p>\n\n\n\n<p><\/p>\n\n\n\n<p>Wir bedanken uns f\u00fcr das Interesse am Halben Schloss zum Tag des offenen Denkmals 2024 trotz Temperaturen von \u00fcber 30 Grad. <\/p>\n\n\n\n<p>Neben einem umfangreichen Programm im Schloss konnten die Teilnehmenden unserer Jugendbauh\u00fctte getroffen werden, sowie die 17.110 Besucherin im Haus seit der Revitalisierung 2021 begr\u00fc\u00dft werden. <\/p>\n<\/div>\n<\/div>\n\n\n\n<figure class=\"wp-block-image size-full\"><img loading=\"lazy\" decoding=\"async\" width=\"1024\" height=\"1\" src=\"https:\/\/halbes-schloss.de\/wp-content\/uploads\/2024\/02\/Webseite_Trenner_lang.jpg\" alt=\"\" class=\"wp-image-620\" srcset=\"https:\/\/halbes-schloss.de\/wp-content\/uploads\/2024\/02\/Webseite_Trenner_lang.jpg 1024w, https:\/\/halbes-schloss.de\/wp-content\/uploads\/2024\/02\/Webseite_Trenner_lang-300x1.jpg 300w, https:\/\/halbes-schloss.de\/wp-content\/uploads\/2024\/02\/Webseite_Trenner_lang-150x1.jpg 150w, https:\/\/halbes-schloss.de\/wp-content\/uploads\/2024\/02\/Webseite_Trenner_lang-768x1.jpg 768w, https:\/\/halbes-schloss.de\/wp-content\/uploads\/2024\/02\/Webseite_Trenner_lang-950x1.jpg 950w\" sizes=\"auto, (max-width: 1024px) 100vw, 1024px\" \/><\/figure>\n\n\n\n<div class=\"wp-block-columns is-layout-flex wp-container-core-columns-is-layout-28f84493 wp-block-columns-is-layout-flex\">\n<div class=\"wp-block-column is-layout-flow wp-block-column-is-layout-flow\">\n<figure class=\"wp-block-image size-full\"><img loading=\"lazy\" decoding=\"async\" width=\"900\" height=\"1600\" src=\"https:\/\/halbes-schloss.de\/wp-content\/uploads\/2024\/07\/WhatsApp-Image-2024-07-04-at-08.51.32.jpeg\" alt=\"\" class=\"wp-image-748\" srcset=\"https:\/\/halbes-schloss.de\/wp-content\/uploads\/2024\/07\/WhatsApp-Image-2024-07-04-at-08.51.32.jpeg 900w, https:\/\/halbes-schloss.de\/wp-content\/uploads\/2024\/07\/WhatsApp-Image-2024-07-04-at-08.51.32-169x300.jpeg 169w, https:\/\/halbes-schloss.de\/wp-content\/uploads\/2024\/07\/WhatsApp-Image-2024-07-04-at-08.51.32-576x1024.jpeg 576w, https:\/\/halbes-schloss.de\/wp-content\/uploads\/2024\/07\/WhatsApp-Image-2024-07-04-at-08.51.32-768x1365.jpeg 768w, https:\/\/halbes-schloss.de\/wp-content\/uploads\/2024\/07\/WhatsApp-Image-2024-07-04-at-08.51.32-864x1536.jpeg 864w\" sizes=\"auto, (max-width: 900px) 100vw, 900px\" \/><\/figure>\n<\/div>\n\n\n\n<div class=\"wp-block-column is-layout-flow wp-block-column-is-layout-flow\">\n<h3 class=\"wp-block-heading\">F\u00f6rderung im Rahmen des Sonderprogramms Denkmalschutz XIII<\/h3>\n\n\n\n<p><em>03.07.2024<\/em><\/p>\n\n\n\n<p>Wir bedanken uns f\u00fcr die Unterst\u00fctzung zur weiteren Sanierung des Schlosses. Folgend teilen wir die Pressemittelung im Wortlaut: <\/p>\n\n\n\n<p>Kaiser (SPD): Bund f\u00f6rdert \u201eHalbes Schloss\u201c in Langenleuba-Niederhain<\/p>\n\n\n\n<p>Die Ostth\u00fcringer SPD-Bundestagsabgeordnete zeigt sich erfreut \u00fcber den heutigen Beschluss des Haushaltsausschusses des Deutschen Bundestages, dem Halben Schloss in Langenleuba-Niederhain insgesamt 117.500 Euro aus dem Denkmalschutz-Sonderprogramm XIII des Bundes zur Verf\u00fcgung zu stellen.<\/p>\n\n\n\n<p>Das Geld wird der weiteren Verbesserung der Klimah\u00fclle des Schlosses sowie der Ert\u00fcchtigung der Schlossk\u00fcche zugutekommen.<\/p>\n\n\n\n<p>Dazu erkl\u00e4rt Elisabeth Kaiser: \u201eDer F\u00f6rderverein um Philipp Hesse hat mir den dringenden Handlungsbedarf an diesem besonderen Kulturdenkmal geschildert. Es geht jetzt vor allem darum, auch w\u00e4hrend der k\u00e4lteren Monate im Schloss aktiv sein zu k\u00f6nnen, wie beispielsweise bei der geplanten mobilen Jugendbauh\u00fctte. Ich freue mich sehr, dass wir als Bund nun das Geld f\u00fcr die Realisierung weiterer Bauma\u00dfnahmen im Schloss bereitstellen. Die F\u00f6rdermittel leisten einen wichtigen Beitrag, die Tradition des Schlosses als Ort der Bildung und Kultur weiter aufleben zu lassen. Die Umsetzung der geplanten Ma\u00dfnahmen an der Klimah\u00fclle des Schlosses und dem K\u00fcchentrakt erm\u00f6glichen eine unabh\u00e4ngigere Nutzung der einzelnen Bereiche.<\/p>\n\n\n\n<p>Philipp Hesse vom Verein Halbes Schloss Langenleuba-Niederhain e.V. erg\u00e4nzt: \u201eWir bedanken uns f\u00fcr die Unterst\u00fctzung. Dies ist ein weiterer Meilenstein zur nachhaltigen Revitalisierung des einzigartigen barocken Denkmals als offener, inklusiver Ort in der Tradition der Bildungsgeschichte des Objektes. Aus Vergangenheit wird Zukunft.\u201c<\/p>\n<\/div>\n<\/div>\n\n\n\n<figure class=\"wp-block-image size-full\"><img loading=\"lazy\" decoding=\"async\" width=\"1024\" height=\"1\" src=\"https:\/\/halbes-schloss.de\/wp-content\/uploads\/2024\/02\/Webseite_Trenner_lang.jpg\" alt=\"\" class=\"wp-image-620\" srcset=\"https:\/\/halbes-schloss.de\/wp-content\/uploads\/2024\/02\/Webseite_Trenner_lang.jpg 1024w, https:\/\/halbes-schloss.de\/wp-content\/uploads\/2024\/02\/Webseite_Trenner_lang-300x1.jpg 300w, https:\/\/halbes-schloss.de\/wp-content\/uploads\/2024\/02\/Webseite_Trenner_lang-150x1.jpg 150w, https:\/\/halbes-schloss.de\/wp-content\/uploads\/2024\/02\/Webseite_Trenner_lang-768x1.jpg 768w, https:\/\/halbes-schloss.de\/wp-content\/uploads\/2024\/02\/Webseite_Trenner_lang-950x1.jpg 950w\" sizes=\"auto, (max-width: 1024px) 100vw, 1024px\" \/><\/figure>\n\n\n\n<div class=\"wp-block-columns is-layout-flex wp-container-core-columns-is-layout-28f84493 wp-block-columns-is-layout-flex\">\n<div class=\"wp-block-column is-layout-flow wp-block-column-is-layout-flow\">\n<figure class=\"wp-block-image size-full\"><img loading=\"lazy\" decoding=\"async\" width=\"2560\" height=\"1920\" src=\"https:\/\/halbes-schloss.de\/wp-content\/uploads\/2024\/06\/20240614_090950-scaled.jpg\" alt=\"\" class=\"wp-image-735\" srcset=\"https:\/\/halbes-schloss.de\/wp-content\/uploads\/2024\/06\/20240614_090950-scaled.jpg 2560w, https:\/\/halbes-schloss.de\/wp-content\/uploads\/2024\/06\/20240614_090950-300x225.jpg 300w, https:\/\/halbes-schloss.de\/wp-content\/uploads\/2024\/06\/20240614_090950-1024x768.jpg 1024w, https:\/\/halbes-schloss.de\/wp-content\/uploads\/2024\/06\/20240614_090950-768x576.jpg 768w, https:\/\/halbes-schloss.de\/wp-content\/uploads\/2024\/06\/20240614_090950-1536x1152.jpg 1536w, https:\/\/halbes-schloss.de\/wp-content\/uploads\/2024\/06\/20240614_090950-2048x1536.jpg 2048w, https:\/\/halbes-schloss.de\/wp-content\/uploads\/2024\/06\/20240614_090950-2000x1500.jpg 2000w\" sizes=\"auto, (max-width: 2560px) 100vw, 2560px\" \/><\/figure>\n<\/div>\n\n\n\n<div class=\"wp-block-column is-layout-flow wp-block-column-is-layout-flow\">\n<h3 class=\"wp-block-heading\">&#8222;Manors at War&#8220; 8th international ENCOUNTER Konferenz Helsinki \/\/ Espoo<\/h3>\n\n\n\n<p><em>14.06.2024<\/em><\/p>\n\n\n\n<p>Im Rahmen der 8.Internationalen Konferenz des Europ\u00e4ischen Netzwerkes f\u00fcr Herrenhausforschung &#8222;ENCOUNTER&#8220; stellte unser Vorstandsvorsitzender Architekt Philipp Hesse das Halbe Schloss und sprach \u00fcber die Bauwelle barocker Herrenh\u00e4user im Mitteldeutschen Raum.<\/p>\n\n\n\n<p>Vielen Dank f\u00fcr die Einladung, die guten Gespr\u00e4che und die erlebnisreiche Konferenz. <\/p>\n<\/div>\n<\/div>\n\n\n\n<figure class=\"wp-block-image size-full\"><img loading=\"lazy\" decoding=\"async\" width=\"1024\" height=\"1\" src=\"https:\/\/halbes-schloss.de\/wp-content\/uploads\/2024\/02\/Webseite_Trenner_lang.jpg\" alt=\"\" class=\"wp-image-620\" srcset=\"https:\/\/halbes-schloss.de\/wp-content\/uploads\/2024\/02\/Webseite_Trenner_lang.jpg 1024w, https:\/\/halbes-schloss.de\/wp-content\/uploads\/2024\/02\/Webseite_Trenner_lang-300x1.jpg 300w, https:\/\/halbes-schloss.de\/wp-content\/uploads\/2024\/02\/Webseite_Trenner_lang-150x1.jpg 150w, https:\/\/halbes-schloss.de\/wp-content\/uploads\/2024\/02\/Webseite_Trenner_lang-768x1.jpg 768w, https:\/\/halbes-schloss.de\/wp-content\/uploads\/2024\/02\/Webseite_Trenner_lang-950x1.jpg 950w\" sizes=\"auto, (max-width: 1024px) 100vw, 1024px\" \/><\/figure>\n\n\n\n<div class=\"wp-block-columns is-layout-flex wp-container-core-columns-is-layout-28f84493 wp-block-columns-is-layout-flex\">\n<div class=\"wp-block-column is-layout-flow wp-block-column-is-layout-flow\">\n<figure class=\"wp-block-image size-full\"><img loading=\"lazy\" decoding=\"async\" width=\"1600\" height=\"1200\" src=\"https:\/\/halbes-schloss.de\/wp-content\/uploads\/2024\/06\/WhatsApp-Image-2024-06-09-at-15.17.04.jpeg\" alt=\"\" class=\"wp-image-720\" srcset=\"https:\/\/halbes-schloss.de\/wp-content\/uploads\/2024\/06\/WhatsApp-Image-2024-06-09-at-15.17.04.jpeg 1600w, https:\/\/halbes-schloss.de\/wp-content\/uploads\/2024\/06\/WhatsApp-Image-2024-06-09-at-15.17.04-300x225.jpeg 300w, https:\/\/halbes-schloss.de\/wp-content\/uploads\/2024\/06\/WhatsApp-Image-2024-06-09-at-15.17.04-1024x768.jpeg 1024w, https:\/\/halbes-schloss.de\/wp-content\/uploads\/2024\/06\/WhatsApp-Image-2024-06-09-at-15.17.04-768x576.jpeg 768w, https:\/\/halbes-schloss.de\/wp-content\/uploads\/2024\/06\/WhatsApp-Image-2024-06-09-at-15.17.04-1536x1152.jpeg 1536w\" sizes=\"auto, (max-width: 1600px) 100vw, 1600px\" \/><\/figure>\n<\/div>\n\n\n\n<div class=\"wp-block-column is-layout-flow wp-block-column-is-layout-flow\">\n<h3 class=\"wp-block-heading\">Leben mit Musik? Leben mit Musik! &#8211; Halbes Schloss<\/h3>\n\n\n\n<p><em>10.06.2024<\/em><\/p>\n\n\n\n<p>Ein Tag voller Musik in alten Mauern.<\/p>\n\n\n\n<p>Am 09.06.2024 erklangen verschiedenste T\u00f6ne im Halben Schloss. Die Musikschule Altenburger Land und der Fliegende Salon hatte verschiedeneste Orchester und Ch\u00f6re der Region zu einem Tag mit und \u00fcber Musik ins Schloss eingeladen. <\/p>\n\n\n\n<p>Vielen Dank f\u00fcr alle Interessenten, welche den Tag zu einem Erfolg werden lie\u00dfen.<\/p>\n<\/div>\n<\/div>\n\n\n\n<figure class=\"wp-block-image size-full\"><img loading=\"lazy\" decoding=\"async\" width=\"1024\" height=\"1\" src=\"https:\/\/halbes-schloss.de\/wp-content\/uploads\/2024\/02\/Webseite_Trenner_lang.jpg\" alt=\"\" class=\"wp-image-620\" srcset=\"https:\/\/halbes-schloss.de\/wp-content\/uploads\/2024\/02\/Webseite_Trenner_lang.jpg 1024w, https:\/\/halbes-schloss.de\/wp-content\/uploads\/2024\/02\/Webseite_Trenner_lang-300x1.jpg 300w, https:\/\/halbes-schloss.de\/wp-content\/uploads\/2024\/02\/Webseite_Trenner_lang-150x1.jpg 150w, https:\/\/halbes-schloss.de\/wp-content\/uploads\/2024\/02\/Webseite_Trenner_lang-768x1.jpg 768w, https:\/\/halbes-schloss.de\/wp-content\/uploads\/2024\/02\/Webseite_Trenner_lang-950x1.jpg 950w\" sizes=\"auto, (max-width: 1024px) 100vw, 1024px\" \/><\/figure>\n\n\n\n<div class=\"wp-block-columns is-layout-flex wp-container-core-columns-is-layout-28f84493 wp-block-columns-is-layout-flex\">\n<div class=\"wp-block-column is-layout-flow wp-block-column-is-layout-flow\">\n<figure class=\"wp-block-image size-full\"><img loading=\"lazy\" decoding=\"async\" width=\"789\" height=\"1636\" src=\"https:\/\/halbes-schloss.de\/wp-content\/uploads\/2024\/05\/Bildschirmfoto-2024-05-23-um-10.27.13.png\" alt=\"\" class=\"wp-image-704\" srcset=\"https:\/\/halbes-schloss.de\/wp-content\/uploads\/2024\/05\/Bildschirmfoto-2024-05-23-um-10.27.13.png 789w, https:\/\/halbes-schloss.de\/wp-content\/uploads\/2024\/05\/Bildschirmfoto-2024-05-23-um-10.27.13-145x300.png 145w, https:\/\/halbes-schloss.de\/wp-content\/uploads\/2024\/05\/Bildschirmfoto-2024-05-23-um-10.27.13-494x1024.png 494w, https:\/\/halbes-schloss.de\/wp-content\/uploads\/2024\/05\/Bildschirmfoto-2024-05-23-um-10.27.13-768x1592.png 768w, https:\/\/halbes-schloss.de\/wp-content\/uploads\/2024\/05\/Bildschirmfoto-2024-05-23-um-10.27.13-741x1536.png 741w\" sizes=\"auto, (max-width: 789px) 100vw, 789px\" \/><\/figure>\n<\/div>\n\n\n\n<div class=\"wp-block-column is-layout-flow wp-block-column-is-layout-flow\">\n<h3 class=\"wp-block-heading\">Mobile Jugendbauh\u00fctte &#8211; Halbes Schloss <\/h3>\n\n\n\n<p><em>23.05.2024<\/em><\/p>\n\n\n\n<p>Junge H\u00e4nde f\u00fcr das Halbe Schloss Langenleuba-Niederhain! <\/p>\n\n\n\n<p>Bereits w\u00e4hrend des ersten runden Tisches im Oktober 2020 und der anschlie\u00dfenden Befragung der Bev\u00f6lkerung gab es eine deutliche Zustimmung f\u00fcr die Idee eine Einsatzstelle der Jugendbauh\u00fctte M\u00fchlhausen in Langenleuba-Niederhain einzurichten. <\/p>\n\n\n\n<p>Wir freuen uns, dass es nun im September 2024 endlich Realit\u00e4t werden kann. <\/p>\n\n\n\n<p>In Zusammenarbeit mit den ijgd und der Deutschen Stiftung Denkmalschutz freuen wir uns als Einsatzstelle die Bildungstradition des Schlosses wieder aufleben zulassen.<\/p>\n\n\n\n<p>Die Umsetzung einer Einsatzstelle kann nur mit Ihrer Unterst\u00fctzung erfolgen, daher freuen wir uns \u00fcber Ihre Unterst\u00fctzung. <\/p>\n\n\n\n<p>Weitere Informationen zur mobilen Jugendbauh\u00fctte und der geplanten Arbeiten, sowie der M\u00f6glichkeiten der Unterst\u00fctzung finden Sie <a href=\"https:\/\/halbes-schloss.de\/wp-content\/uploads\/2024\/05\/Flyer-Langenleuba-Druck.pdf\">hier<\/a>.<\/p>\n\n\n\n<p>Wir freuen uns auch laufend \u00fcber Bewerbungen f\u00fcr eine Teilnahme in der Einsatzstelle. <\/p>\n<\/div>\n<\/div>\n\n\n\n<figure class=\"wp-block-image size-full\"><img loading=\"lazy\" decoding=\"async\" width=\"1024\" height=\"1\" src=\"https:\/\/halbes-schloss.de\/wp-content\/uploads\/2024\/02\/Webseite_Trenner_lang.jpg\" alt=\"\" class=\"wp-image-620\" srcset=\"https:\/\/halbes-schloss.de\/wp-content\/uploads\/2024\/02\/Webseite_Trenner_lang.jpg 1024w, https:\/\/halbes-schloss.de\/wp-content\/uploads\/2024\/02\/Webseite_Trenner_lang-300x1.jpg 300w, https:\/\/halbes-schloss.de\/wp-content\/uploads\/2024\/02\/Webseite_Trenner_lang-150x1.jpg 150w, https:\/\/halbes-schloss.de\/wp-content\/uploads\/2024\/02\/Webseite_Trenner_lang-768x1.jpg 768w, https:\/\/halbes-schloss.de\/wp-content\/uploads\/2024\/02\/Webseite_Trenner_lang-950x1.jpg 950w\" sizes=\"auto, (max-width: 1024px) 100vw, 1024px\" \/><\/figure>\n\n\n\n<div class=\"wp-block-columns is-layout-flex wp-container-core-columns-is-layout-28f84493 wp-block-columns-is-layout-flex\">\n<div class=\"wp-block-column is-layout-flow wp-block-column-is-layout-flow\">\n<figure class=\"wp-block-image size-full\"><img loading=\"lazy\" decoding=\"async\" width=\"1745\" height=\"1441\" src=\"https:\/\/halbes-schloss.de\/wp-content\/uploads\/2024\/04\/20240407_TdoS-HSLN.jpg\" alt=\"\" class=\"wp-image-663\" srcset=\"https:\/\/halbes-schloss.de\/wp-content\/uploads\/2024\/04\/20240407_TdoS-HSLN.jpg 1745w, https:\/\/halbes-schloss.de\/wp-content\/uploads\/2024\/04\/20240407_TdoS-HSLN-300x248.jpg 300w, https:\/\/halbes-schloss.de\/wp-content\/uploads\/2024\/04\/20240407_TdoS-HSLN-1024x846.jpg 1024w, https:\/\/halbes-schloss.de\/wp-content\/uploads\/2024\/04\/20240407_TdoS-HSLN-768x634.jpg 768w, https:\/\/halbes-schloss.de\/wp-content\/uploads\/2024\/04\/20240407_TdoS-HSLN-1536x1268.jpg 1536w\" sizes=\"auto, (max-width: 1745px) 100vw, 1745px\" \/><\/figure>\n<\/div>\n\n\n\n<div class=\"wp-block-column is-layout-flow wp-block-column-is-layout-flow\">\n<h3 class=\"wp-block-heading\">Das der offenen Schl\u00f6sser 2024 &#8211; Pfingstmontag <\/h3>\n\n\n\n<p><em>20.05.2024<\/em><\/p>\n\n\n\n<p>Zum zweiten Mal \u00f6ffnete das Halbe Schloss im Rahmen des Tages der offenen Schl\u00f6sser am Pfingstmontag seine Tore. <\/p>\n\n\n\n<p>Vielen Dank an alle Besuchenden  und alle helfende H\u00e4nde!<\/p>\n<\/div>\n<\/div>\n\n\n\n<figure class=\"wp-block-image size-full\"><img loading=\"lazy\" decoding=\"async\" width=\"1024\" height=\"1\" src=\"https:\/\/halbes-schloss.de\/wp-content\/uploads\/2024\/02\/Webseite_Trenner_lang.jpg\" alt=\"\" class=\"wp-image-620\" srcset=\"https:\/\/halbes-schloss.de\/wp-content\/uploads\/2024\/02\/Webseite_Trenner_lang.jpg 1024w, https:\/\/halbes-schloss.de\/wp-content\/uploads\/2024\/02\/Webseite_Trenner_lang-300x1.jpg 300w, https:\/\/halbes-schloss.de\/wp-content\/uploads\/2024\/02\/Webseite_Trenner_lang-150x1.jpg 150w, https:\/\/halbes-schloss.de\/wp-content\/uploads\/2024\/02\/Webseite_Trenner_lang-768x1.jpg 768w, https:\/\/halbes-schloss.de\/wp-content\/uploads\/2024\/02\/Webseite_Trenner_lang-950x1.jpg 950w\" sizes=\"auto, (max-width: 1024px) 100vw, 1024px\" \/><\/figure>\n\n\n\n<div class=\"wp-block-columns is-layout-flex wp-container-core-columns-is-layout-28f84493 wp-block-columns-is-layout-flex\">\n<div class=\"wp-block-column is-layout-flow wp-block-column-is-layout-flow\">\n<figure class=\"wp-block-image size-full\"><img loading=\"lazy\" decoding=\"async\" width=\"1600\" height=\"1200\" src=\"https:\/\/halbes-schloss.de\/wp-content\/uploads\/2024\/04\/WhatsApp-Image-2024-04-21-at-09.51.48-4.jpeg\" alt=\"\" class=\"wp-image-676\" srcset=\"https:\/\/halbes-schloss.de\/wp-content\/uploads\/2024\/04\/WhatsApp-Image-2024-04-21-at-09.51.48-4.jpeg 1600w, https:\/\/halbes-schloss.de\/wp-content\/uploads\/2024\/04\/WhatsApp-Image-2024-04-21-at-09.51.48-4-300x225.jpeg 300w, https:\/\/halbes-schloss.de\/wp-content\/uploads\/2024\/04\/WhatsApp-Image-2024-04-21-at-09.51.48-4-1024x768.jpeg 1024w, https:\/\/halbes-schloss.de\/wp-content\/uploads\/2024\/04\/WhatsApp-Image-2024-04-21-at-09.51.48-4-768x576.jpeg 768w, https:\/\/halbes-schloss.de\/wp-content\/uploads\/2024\/04\/WhatsApp-Image-2024-04-21-at-09.51.48-4-1536x1152.jpeg 1536w\" sizes=\"auto, (max-width: 1600px) 100vw, 1600px\" \/><\/figure>\n<\/div>\n\n\n\n<div class=\"wp-block-column is-layout-flow wp-block-column-is-layout-flow\">\n<h3 class=\"wp-block-heading\">Saisoner\u00f6ffnung 2024 &#8211; Stilbruch im Schloss <\/h3>\n\n\n\n<p><em>20.04.2024<\/em><\/p>\n\n\n\n<p>Die Saison 2024 konnte mit einem tollen Konzert im Saal er\u00f6ffnet werden. Wir bedanken uns bei allen die, trotz der Temperaturen und Witterung, den Weg zu einem Konzert mit der Leipziger Band Stilbruch gefunden haben und zusammen ein wundersch\u00f6nen Abend verbrachten und das Halbe Schloss zum Klingen brachten. <\/p>\n\n\n\n<p>Vielen Dank an Stilbruch und alle helfende H\u00e4nde!<\/p>\n<\/div>\n<\/div>\n\n\n\n<figure class=\"wp-block-image size-full\"><img loading=\"lazy\" decoding=\"async\" width=\"1024\" height=\"1\" src=\"https:\/\/halbes-schloss.de\/wp-content\/uploads\/2024\/02\/Webseite_Trenner_lang.jpg\" alt=\"\" class=\"wp-image-620\" srcset=\"https:\/\/halbes-schloss.de\/wp-content\/uploads\/2024\/02\/Webseite_Trenner_lang.jpg 1024w, https:\/\/halbes-schloss.de\/wp-content\/uploads\/2024\/02\/Webseite_Trenner_lang-300x1.jpg 300w, https:\/\/halbes-schloss.de\/wp-content\/uploads\/2024\/02\/Webseite_Trenner_lang-150x1.jpg 150w, https:\/\/halbes-schloss.de\/wp-content\/uploads\/2024\/02\/Webseite_Trenner_lang-768x1.jpg 768w, https:\/\/halbes-schloss.de\/wp-content\/uploads\/2024\/02\/Webseite_Trenner_lang-950x1.jpg 950w\" sizes=\"auto, (max-width: 1024px) 100vw, 1024px\" \/><\/figure>\n\n\n\n<div class=\"wp-block-columns is-layout-flex wp-container-core-columns-is-layout-28f84493 wp-block-columns-is-layout-flex\">\n<div class=\"wp-block-column is-layout-flow wp-block-column-is-layout-flow\">\n<figure class=\"wp-block-image size-full\"><img loading=\"lazy\" decoding=\"async\" width=\"2048\" height=\"1536\" src=\"https:\/\/halbes-schloss.de\/wp-content\/uploads\/2024\/04\/WhatsApp-Image-2024-04-16-at-10.02.10.jpeg\" alt=\"\" class=\"wp-image-677\" srcset=\"https:\/\/halbes-schloss.de\/wp-content\/uploads\/2024\/04\/WhatsApp-Image-2024-04-16-at-10.02.10.jpeg 2048w, https:\/\/halbes-schloss.de\/wp-content\/uploads\/2024\/04\/WhatsApp-Image-2024-04-16-at-10.02.10-300x225.jpeg 300w, https:\/\/halbes-schloss.de\/wp-content\/uploads\/2024\/04\/WhatsApp-Image-2024-04-16-at-10.02.10-1024x768.jpeg 1024w, https:\/\/halbes-schloss.de\/wp-content\/uploads\/2024\/04\/WhatsApp-Image-2024-04-16-at-10.02.10-768x576.jpeg 768w, https:\/\/halbes-schloss.de\/wp-content\/uploads\/2024\/04\/WhatsApp-Image-2024-04-16-at-10.02.10-1536x1152.jpeg 1536w, https:\/\/halbes-schloss.de\/wp-content\/uploads\/2024\/04\/WhatsApp-Image-2024-04-16-at-10.02.10-2000x1500.jpeg 2000w\" sizes=\"auto, (max-width: 2048px) 100vw, 2048px\" \/><\/figure>\n<\/div>\n\n\n\n<div class=\"wp-block-column is-layout-flow wp-block-column-is-layout-flow\">\n<h3 class=\"wp-block-heading\">Ein Fenster f\u00fcr das Schloss <\/h3>\n\n\n\n<p><em>17.04.2024<\/em><\/p>\n\n\n\n<p>Durch die F\u00f6rderung der Sparkassen-Stiftung Altenburger Land konnte das erste Fenster f\u00fcr das Halbe Schloss geplant und produziert werden. <\/p>\n\n\n\n<p>Am 17.04. konnte das Fenster in das Schloss eingesetzt werden.<\/p>\n\n\n\n<p>Die offizielle Pr\u00e4sentation des Musterfensters findet mit Fertigstellung der Musterachse statt. <\/p>\n<\/div>\n<\/div>\n\n\n\n<figure class=\"wp-block-image size-full\"><img loading=\"lazy\" decoding=\"async\" width=\"1024\" height=\"1\" src=\"https:\/\/halbes-schloss.de\/wp-content\/uploads\/2024\/02\/Webseite_Trenner_lang.jpg\" alt=\"\" class=\"wp-image-620\" srcset=\"https:\/\/halbes-schloss.de\/wp-content\/uploads\/2024\/02\/Webseite_Trenner_lang.jpg 1024w, https:\/\/halbes-schloss.de\/wp-content\/uploads\/2024\/02\/Webseite_Trenner_lang-300x1.jpg 300w, https:\/\/halbes-schloss.de\/wp-content\/uploads\/2024\/02\/Webseite_Trenner_lang-150x1.jpg 150w, https:\/\/halbes-schloss.de\/wp-content\/uploads\/2024\/02\/Webseite_Trenner_lang-768x1.jpg 768w, https:\/\/halbes-schloss.de\/wp-content\/uploads\/2024\/02\/Webseite_Trenner_lang-950x1.jpg 950w\" sizes=\"auto, (max-width: 1024px) 100vw, 1024px\" \/><\/figure>\n\n\n\n<div class=\"wp-block-columns is-layout-flex wp-container-core-columns-is-layout-28f84493 wp-block-columns-is-layout-flex\">\n<div class=\"wp-block-column is-layout-flow wp-block-column-is-layout-flow\">\n<figure class=\"wp-block-image size-full\"><img loading=\"lazy\" decoding=\"async\" width=\"2560\" height=\"1929\" src=\"https:\/\/halbes-schloss.de\/wp-content\/uploads\/2024\/04\/IMG_0230_1-scaled.jpg\" alt=\"\" class=\"wp-image-660\" srcset=\"https:\/\/halbes-schloss.de\/wp-content\/uploads\/2024\/04\/IMG_0230_1-scaled.jpg 2560w, https:\/\/halbes-schloss.de\/wp-content\/uploads\/2024\/04\/IMG_0230_1-300x226.jpg 300w, https:\/\/halbes-schloss.de\/wp-content\/uploads\/2024\/04\/IMG_0230_1-1024x772.jpg 1024w, https:\/\/halbes-schloss.de\/wp-content\/uploads\/2024\/04\/IMG_0230_1-768x579.jpg 768w, https:\/\/halbes-schloss.de\/wp-content\/uploads\/2024\/04\/IMG_0230_1-1536x1157.jpg 1536w, https:\/\/halbes-schloss.de\/wp-content\/uploads\/2024\/04\/IMG_0230_1-2048x1543.jpg 2048w, https:\/\/halbes-schloss.de\/wp-content\/uploads\/2024\/04\/IMG_0230_1-2000x1507.jpg 2000w\" sizes=\"auto, (max-width: 2560px) 100vw, 2560px\" \/><\/figure>\n<\/div>\n\n\n\n<div class=\"wp-block-column is-layout-flow wp-block-column-is-layout-flow\">\n<h3 class=\"wp-block-heading\">Restauratorische Untersuchungen am Schloss <\/h3>\n\n\n\n<p><em>29.03.2024<\/em><\/p>\n\n\n\n<p>Die Revitalisierung und Erhaltung des Schlosses kann nur gelingen, wenn wir auch die Materialien am Schloss verstehen. Um die gr\u00f6\u00dftm\u00f6gliche originale Substanz erhalten zu k\u00f6nnen, sind derzeit die Restauratoren am Mittelrisaliten zusehen. Hier werden Techniken und Ma\u00dfnahmen an den Natursteinen und Putzen gepr\u00fcft, welche dann an der Fassade des Schlosses angewendet werden sollen.<\/p>\n\n\n\n<p>Die Arbeiten werden im 2.Quartal 2024 abgeschlossen.<\/p>\n<\/div>\n<\/div>\n\n\n\n<figure class=\"wp-block-image size-full\"><img loading=\"lazy\" decoding=\"async\" width=\"1024\" height=\"1\" src=\"https:\/\/halbes-schloss.de\/wp-content\/uploads\/2024\/02\/Webseite_Trenner_lang.jpg\" alt=\"\" class=\"wp-image-620\" srcset=\"https:\/\/halbes-schloss.de\/wp-content\/uploads\/2024\/02\/Webseite_Trenner_lang.jpg 1024w, https:\/\/halbes-schloss.de\/wp-content\/uploads\/2024\/02\/Webseite_Trenner_lang-300x1.jpg 300w, https:\/\/halbes-schloss.de\/wp-content\/uploads\/2024\/02\/Webseite_Trenner_lang-150x1.jpg 150w, https:\/\/halbes-schloss.de\/wp-content\/uploads\/2024\/02\/Webseite_Trenner_lang-768x1.jpg 768w, https:\/\/halbes-schloss.de\/wp-content\/uploads\/2024\/02\/Webseite_Trenner_lang-950x1.jpg 950w\" sizes=\"auto, (max-width: 1024px) 100vw, 1024px\" \/><\/figure>\n\n\n\n<div class=\"wp-block-columns is-layout-flex wp-container-core-columns-is-layout-28f84493 wp-block-columns-is-layout-flex\">\n<div class=\"wp-block-column is-layout-flow wp-block-column-is-layout-flow\">\n<figure class=\"wp-block-image size-full\"><img loading=\"lazy\" decoding=\"async\" width=\"2048\" height=\"1536\" src=\"https:\/\/halbes-schloss.de\/wp-content\/uploads\/2024\/04\/WhatsApp-Image-2024-03-08-at-09.07.25.jpeg\" alt=\"\" class=\"wp-image-658\" srcset=\"https:\/\/halbes-schloss.de\/wp-content\/uploads\/2024\/04\/WhatsApp-Image-2024-03-08-at-09.07.25.jpeg 2048w, https:\/\/halbes-schloss.de\/wp-content\/uploads\/2024\/04\/WhatsApp-Image-2024-03-08-at-09.07.25-300x225.jpeg 300w, https:\/\/halbes-schloss.de\/wp-content\/uploads\/2024\/04\/WhatsApp-Image-2024-03-08-at-09.07.25-1024x768.jpeg 1024w, https:\/\/halbes-schloss.de\/wp-content\/uploads\/2024\/04\/WhatsApp-Image-2024-03-08-at-09.07.25-768x576.jpeg 768w, https:\/\/halbes-schloss.de\/wp-content\/uploads\/2024\/04\/WhatsApp-Image-2024-03-08-at-09.07.25-1536x1152.jpeg 1536w, https:\/\/halbes-schloss.de\/wp-content\/uploads\/2024\/04\/WhatsApp-Image-2024-03-08-at-09.07.25-2000x1500.jpeg 2000w\" sizes=\"auto, (max-width: 2048px) 100vw, 2048px\" \/><\/figure>\n<\/div>\n\n\n\n<div class=\"wp-block-column is-layout-flow wp-block-column-is-layout-flow\">\n<h3 class=\"wp-block-heading\">Musterfenster <\/h3>\n\n\n\n<p><em>08.03.2024<\/em><\/p>\n\n\n\n<p>Durch die F\u00f6rderung der Sparkassenstiftung Altenburger Land konnte das erste Fenster f\u00fcr das Halbe Schloss in Auftrag gegeben werden.<\/p>\n\n\n\n<p>Das Fenster orientiert sich an den barocken Fenstern des Schlosses, welche durch Fotografien gut dokumentiert sind. <\/p>\n\n\n\n<p>Das Fenster wird im 2.Quartal 2024 eingesetzt.<\/p>\n<\/div>\n<\/div>\n\n\n\n<figure class=\"wp-block-image size-full\"><img loading=\"lazy\" decoding=\"async\" width=\"1024\" height=\"1\" src=\"https:\/\/halbes-schloss.de\/wp-content\/uploads\/2024\/02\/Webseite_Trenner_lang.jpg\" alt=\"\" class=\"wp-image-620\" srcset=\"https:\/\/halbes-schloss.de\/wp-content\/uploads\/2024\/02\/Webseite_Trenner_lang.jpg 1024w, https:\/\/halbes-schloss.de\/wp-content\/uploads\/2024\/02\/Webseite_Trenner_lang-300x1.jpg 300w, https:\/\/halbes-schloss.de\/wp-content\/uploads\/2024\/02\/Webseite_Trenner_lang-150x1.jpg 150w, https:\/\/halbes-schloss.de\/wp-content\/uploads\/2024\/02\/Webseite_Trenner_lang-768x1.jpg 768w, https:\/\/halbes-schloss.de\/wp-content\/uploads\/2024\/02\/Webseite_Trenner_lang-950x1.jpg 950w\" sizes=\"auto, (max-width: 1024px) 100vw, 1024px\" \/><\/figure>\n\n\n\n<div class=\"wp-block-columns is-layout-flex wp-container-core-columns-is-layout-28f84493 wp-block-columns-is-layout-flex\">\n<div class=\"wp-block-column is-layout-flow wp-block-column-is-layout-flow\">\n<figure class=\"wp-block-image size-full\"><img loading=\"lazy\" decoding=\"async\" width=\"1600\" height=\"1200\" src=\"https:\/\/halbes-schloss.de\/wp-content\/uploads\/2024\/02\/PHOTO-2024-01-29-14-45-59.jpg\" alt=\"\" class=\"wp-image-634\" srcset=\"https:\/\/halbes-schloss.de\/wp-content\/uploads\/2024\/02\/PHOTO-2024-01-29-14-45-59.jpg 1600w, https:\/\/halbes-schloss.de\/wp-content\/uploads\/2024\/02\/PHOTO-2024-01-29-14-45-59-300x225.jpg 300w, https:\/\/halbes-schloss.de\/wp-content\/uploads\/2024\/02\/PHOTO-2024-01-29-14-45-59-1024x768.jpg 1024w, https:\/\/halbes-schloss.de\/wp-content\/uploads\/2024\/02\/PHOTO-2024-01-29-14-45-59-768x576.jpg 768w, https:\/\/halbes-schloss.de\/wp-content\/uploads\/2024\/02\/PHOTO-2024-01-29-14-45-59-1536x1152.jpg 1536w\" sizes=\"auto, (max-width: 1600px) 100vw, 1600px\" \/><\/figure>\n<\/div>\n\n\n\n<div class=\"wp-block-column is-layout-flow wp-block-column-is-layout-flow\">\n<h3 class=\"wp-block-heading\">F\u00f6rderung durch die Sparkassenstiftung Altenburger Land <\/h3>\n\n\n\n<p><em>29.01.2024<\/em><\/p>\n\n\n\n<p>Die Sparkassenstiftung Altenburger Land unterst\u00fctzt mit 5.200\u20ac. Damit wird es uns erm\u00f6glicht, dass f\u00fcr das Halbe Schloss im Rahmen der Arbeiten am Mittelrisalit auch  ein Musterfenster eingesetzt werden kann. <\/p>\n\n\n\n<p>Das Fenster wird sich an den barocken Fenstern des Schlosses orientieren, welche durch Fotografien gut dokumentiert sind und so ein Entwurf gezeichnet werden konnte. Vielen Dank!<\/p>\n<\/div>\n<\/div>\n\n\n\n<figure class=\"wp-block-image size-full\"><img loading=\"lazy\" decoding=\"async\" width=\"1024\" height=\"1\" src=\"https:\/\/halbes-schloss.de\/wp-content\/uploads\/2024\/02\/Webseite_Trenner_lang.jpg\" alt=\"\" class=\"wp-image-620\" srcset=\"https:\/\/halbes-schloss.de\/wp-content\/uploads\/2024\/02\/Webseite_Trenner_lang.jpg 1024w, https:\/\/halbes-schloss.de\/wp-content\/uploads\/2024\/02\/Webseite_Trenner_lang-300x1.jpg 300w, https:\/\/halbes-schloss.de\/wp-content\/uploads\/2024\/02\/Webseite_Trenner_lang-150x1.jpg 150w, https:\/\/halbes-schloss.de\/wp-content\/uploads\/2024\/02\/Webseite_Trenner_lang-768x1.jpg 768w, https:\/\/halbes-schloss.de\/wp-content\/uploads\/2024\/02\/Webseite_Trenner_lang-950x1.jpg 950w\" sizes=\"auto, (max-width: 1024px) 100vw, 1024px\" \/><\/figure>\n\n\n\n<div class=\"wp-block-columns is-layout-flex wp-container-core-columns-is-layout-28f84493 wp-block-columns-is-layout-flex\">\n<div class=\"wp-block-column is-layout-flow wp-block-column-is-layout-flow\">\n<figure class=\"wp-block-image size-full\"><img loading=\"lazy\" decoding=\"async\" width=\"1240\" height=\"1753\" src=\"https:\/\/halbes-schloss.de\/wp-content\/uploads\/2024\/01\/mak.jpg\" alt=\"\" class=\"wp-image-589\" srcset=\"https:\/\/halbes-schloss.de\/wp-content\/uploads\/2024\/01\/mak.jpg 1240w, https:\/\/halbes-schloss.de\/wp-content\/uploads\/2024\/01\/mak-212x300.jpg 212w, https:\/\/halbes-schloss.de\/wp-content\/uploads\/2024\/01\/mak-724x1024.jpg 724w, https:\/\/halbes-schloss.de\/wp-content\/uploads\/2024\/01\/mak-768x1086.jpg 768w, https:\/\/halbes-schloss.de\/wp-content\/uploads\/2024\/01\/mak-1087x1536.jpg 1087w\" sizes=\"auto, (max-width: 1240px) 100vw, 1240px\" \/><\/figure>\n<\/div>\n\n\n\n<div class=\"wp-block-column is-layout-flow wp-block-column-is-layout-flow\">\n<h3 class=\"wp-block-heading\">Das Halbe Schloss bei der Messeakademie<\/h3>\n\n\n\n<p><em>25.01.2024<\/em><\/p>\n\n\n\n<p>Der von der Leipziger Messe veranstaltete bundesweite Wettbewerb richtet sich an Studierende der Fachrichtungen Architektur \/ Bauingenieurwesen und findet zum 13. Mal im Rahmen der europ\u00e4ischen Leitmesse denkmal 2024 statt. Wertvolle denkmalgesch\u00fctzte Bausubstanz soll erhalten und restauriert, mit neuem Leben erf\u00fcllt, modernem Standard saniert und umgebaut werden. Erg\u00e4nzende An- und Neubauten erfordern neben praktikabler Einbindung eine gut begr\u00fcndete zeitgem\u00e4\u00dfe Gestaltung. Eine Jury namhafter Experten aus Denkmalpflege, Architekten und Journalisten der Fachpresse werden die zehn \u00fcberzeugendsten Arbeiten f\u00fcr eine \u00f6ffentliche Pr\u00e4sentation und W\u00fcrdigung ausw\u00e4hlen sowie drei dotierte Preise vergeben. Es ist der besondere Reiz des Wettbewerbs, an authentischem Ort und praktischem Beispiel mit Ideen und Anregungen &#8211; ebenso wie mit nutzungsbedingten beh\u00f6rdlichen Vorgaben und den W\u00fcnschen der potentiellen Nutzer &#8211; entsprechende Planunterlagen und Visualisierungen zu fertigen. <\/p>\n\n\n\n<p>Wir freuen uns, dass das Halbe Schloss mit seinem Rittergut und der umgebenden Kulturlandschaft der diesj\u00e4hrige Beitrag des Freistaates Th\u00fcringen ist. <\/p>\n<\/div>\n<\/div>\n\n\n\n<figure class=\"wp-block-image size-full\"><img loading=\"lazy\" decoding=\"async\" width=\"1024\" height=\"1\" src=\"https:\/\/halbes-schloss.de\/wp-content\/uploads\/2024\/02\/Webseite_Trenner_lang.jpg\" alt=\"\" class=\"wp-image-620\" srcset=\"https:\/\/halbes-schloss.de\/wp-content\/uploads\/2024\/02\/Webseite_Trenner_lang.jpg 1024w, https:\/\/halbes-schloss.de\/wp-content\/uploads\/2024\/02\/Webseite_Trenner_lang-300x1.jpg 300w, https:\/\/halbes-schloss.de\/wp-content\/uploads\/2024\/02\/Webseite_Trenner_lang-150x1.jpg 150w, https:\/\/halbes-schloss.de\/wp-content\/uploads\/2024\/02\/Webseite_Trenner_lang-768x1.jpg 768w, https:\/\/halbes-schloss.de\/wp-content\/uploads\/2024\/02\/Webseite_Trenner_lang-950x1.jpg 950w\" sizes=\"auto, (max-width: 1024px) 100vw, 1024px\" \/><\/figure>\n\n\n\n<h2 class=\"wp-block-heading\">2023<\/h2>\n\n\n\n<figure class=\"wp-block-image size-full\"><img loading=\"lazy\" decoding=\"async\" width=\"1024\" height=\"1\" src=\"https:\/\/halbes-schloss.de\/wp-content\/uploads\/2024\/02\/Webseite_Trenner_lang.jpg\" alt=\"\" class=\"wp-image-620\" srcset=\"https:\/\/halbes-schloss.de\/wp-content\/uploads\/2024\/02\/Webseite_Trenner_lang.jpg 1024w, https:\/\/halbes-schloss.de\/wp-content\/uploads\/2024\/02\/Webseite_Trenner_lang-300x1.jpg 300w, https:\/\/halbes-schloss.de\/wp-content\/uploads\/2024\/02\/Webseite_Trenner_lang-150x1.jpg 150w, https:\/\/halbes-schloss.de\/wp-content\/uploads\/2024\/02\/Webseite_Trenner_lang-768x1.jpg 768w, https:\/\/halbes-schloss.de\/wp-content\/uploads\/2024\/02\/Webseite_Trenner_lang-950x1.jpg 950w\" sizes=\"auto, (max-width: 1024px) 100vw, 1024px\" \/><\/figure>\n\n\n\n<div class=\"wp-block-columns is-layout-flex wp-container-core-columns-is-layout-28f84493 wp-block-columns-is-layout-flex\">\n<div class=\"wp-block-column is-layout-flow wp-block-column-is-layout-flow\">\n<figure class=\"wp-block-image size-full\"><img loading=\"lazy\" decoding=\"async\" width=\"1024\" height=\"768\" src=\"https:\/\/halbes-schloss.de\/wp-content\/uploads\/2023\/12\/WhatsApp-Image-2023-12-12-at-14.29.55-2.jpeg\" alt=\"\" class=\"wp-image-577\" srcset=\"https:\/\/halbes-schloss.de\/wp-content\/uploads\/2023\/12\/WhatsApp-Image-2023-12-12-at-14.29.55-2.jpeg 1024w, https:\/\/halbes-schloss.de\/wp-content\/uploads\/2023\/12\/WhatsApp-Image-2023-12-12-at-14.29.55-2-300x225.jpeg 300w, https:\/\/halbes-schloss.de\/wp-content\/uploads\/2023\/12\/WhatsApp-Image-2023-12-12-at-14.29.55-2-768x576.jpeg 768w\" sizes=\"auto, (max-width: 1024px) 100vw, 1024px\" \/><\/figure>\n<\/div>\n\n\n\n<div class=\"wp-block-column is-layout-flow wp-block-column-is-layout-flow\">\n<h3 class=\"wp-block-heading\">Sanierung des Halben Schlosses  <\/h3>\n\n\n\n<p><em>12.12.2023<\/em><\/p>\n\n\n\n<p>Im 3.Quartal 2023 konnte mit der \u00dcberarbeitung der Fassade des Schlosses begonnen werden. Hierzu wurden restauratorische Untersuchungen durchgef\u00fchrt, damit mit den passenden Materialien das Mauerwerk ert\u00fcchtigt werden kann. Vor dem Einbruch des Winters konnten noch kleinere Bereiche \u00fcberarbeitet werden, welche besonders stark gesch\u00e4digt waren. Unpassende M\u00f6rtel und Steine wurden entfernt und durch bauzeitliche orginale Backsteine ersetzt. Gleichzeitig laufen Arbeiten an den Natursteinelementen der Fassade. Die Ma\u00dfnahmen werden je nach Witterung fortgesetzt. <\/p>\n<\/div>\n<\/div>\n\n\n\n<figure class=\"wp-block-image size-full\"><img loading=\"lazy\" decoding=\"async\" width=\"1024\" height=\"1\" src=\"https:\/\/halbes-schloss.de\/wp-content\/uploads\/2024\/02\/Webseite_Trenner_lang.jpg\" alt=\"\" class=\"wp-image-620\" srcset=\"https:\/\/halbes-schloss.de\/wp-content\/uploads\/2024\/02\/Webseite_Trenner_lang.jpg 1024w, https:\/\/halbes-schloss.de\/wp-content\/uploads\/2024\/02\/Webseite_Trenner_lang-300x1.jpg 300w, https:\/\/halbes-schloss.de\/wp-content\/uploads\/2024\/02\/Webseite_Trenner_lang-150x1.jpg 150w, https:\/\/halbes-schloss.de\/wp-content\/uploads\/2024\/02\/Webseite_Trenner_lang-768x1.jpg 768w, https:\/\/halbes-schloss.de\/wp-content\/uploads\/2024\/02\/Webseite_Trenner_lang-950x1.jpg 950w\" sizes=\"auto, (max-width: 1024px) 100vw, 1024px\" \/><\/figure>\n\n\n\n<div class=\"wp-block-columns is-layout-flex wp-container-core-columns-is-layout-28f84493 wp-block-columns-is-layout-flex\">\n<div class=\"wp-block-column is-layout-flow wp-block-column-is-layout-flow\">\n<figure class=\"wp-block-image size-full\"><img loading=\"lazy\" decoding=\"async\" width=\"1536\" height=\"2048\" src=\"https:\/\/halbes-schloss.de\/wp-content\/uploads\/2023\/12\/WhatsApp-Image-2023-11-02-at-11.47.59-1.jpeg\" alt=\"\" class=\"wp-image-578\" srcset=\"https:\/\/halbes-schloss.de\/wp-content\/uploads\/2023\/12\/WhatsApp-Image-2023-11-02-at-11.47.59-1.jpeg 1536w, https:\/\/halbes-schloss.de\/wp-content\/uploads\/2023\/12\/WhatsApp-Image-2023-11-02-at-11.47.59-1-225x300.jpeg 225w, https:\/\/halbes-schloss.de\/wp-content\/uploads\/2023\/12\/WhatsApp-Image-2023-11-02-at-11.47.59-1-768x1024.jpeg 768w, https:\/\/halbes-schloss.de\/wp-content\/uploads\/2023\/12\/WhatsApp-Image-2023-11-02-at-11.47.59-1-1152x1536.jpeg 1152w\" sizes=\"auto, (max-width: 1536px) 100vw, 1536px\" \/><\/figure>\n<\/div>\n\n\n\n<div class=\"wp-block-column is-layout-flow wp-block-column-is-layout-flow\">\n<h3 class=\"wp-block-heading\">Herkules<\/h3>\n\n\n\n<p><em>02.11.2023<\/em><\/p>\n\n\n\n<p>Nach \u00fcber 320 Jahren musste der Herkules \u00fcber dem Tor des Schlosses abgenommen werden. <\/p>\n\n\n\n<p>Die hochwertige Sandsteinarbeit eines noch unbekannten Bildhauers war durch Witterungseinfluss stark gesch\u00e4digt und gerissen. Um einen Verlust zu verhindern, war es notwendig, Herkules abzunehmen und einzulagern. Dies erfolgte im Atelier des begleitenden Restaurators, so dass hier auch zeitnah ein Kurzkonzept zum langfristigen Erhalt des Herkules erstellt werden kann. <\/p>\n\n\n\n<p>Gleichzeitig kann so genauer untersucht werden, ob ein Bildhauer festgestellt werden kann. Eine Verbindung zur Dresdner Schule des Permoser ist als gesichert anzunehmen. <\/p>\n\n\n\n<p>Damit der Herkules bald wieder nach Langenleuba-Niederhain zur\u00fcckkehren kann, ist der Verein auf Spenden angewiesen. <\/p>\n<\/div>\n<\/div>\n\n\n\n<figure class=\"wp-block-image size-full\"><img loading=\"lazy\" decoding=\"async\" width=\"1024\" height=\"1\" src=\"https:\/\/halbes-schloss.de\/wp-content\/uploads\/2024\/02\/Webseite_Trenner_lang.jpg\" alt=\"\" class=\"wp-image-620\" srcset=\"https:\/\/halbes-schloss.de\/wp-content\/uploads\/2024\/02\/Webseite_Trenner_lang.jpg 1024w, https:\/\/halbes-schloss.de\/wp-content\/uploads\/2024\/02\/Webseite_Trenner_lang-300x1.jpg 300w, https:\/\/halbes-schloss.de\/wp-content\/uploads\/2024\/02\/Webseite_Trenner_lang-150x1.jpg 150w, https:\/\/halbes-schloss.de\/wp-content\/uploads\/2024\/02\/Webseite_Trenner_lang-768x1.jpg 768w, https:\/\/halbes-schloss.de\/wp-content\/uploads\/2024\/02\/Webseite_Trenner_lang-950x1.jpg 950w\" sizes=\"auto, (max-width: 1024px) 100vw, 1024px\" \/><\/figure>\n\n\n\n<div class=\"wp-block-columns is-layout-flex wp-container-core-columns-is-layout-28f84493 wp-block-columns-is-layout-flex\">\n<div class=\"wp-block-column is-layout-flow wp-block-column-is-layout-flow\">\n<figure class=\"wp-block-image size-full\"><img loading=\"lazy\" decoding=\"async\" width=\"1024\" height=\"1024\" src=\"https:\/\/halbes-schloss.de\/wp-content\/uploads\/2023\/11\/49967613-02b1-4e3b-a9ad-261071d4d360.jpg\" alt=\"\" class=\"wp-image-567\" srcset=\"https:\/\/halbes-schloss.de\/wp-content\/uploads\/2023\/11\/49967613-02b1-4e3b-a9ad-261071d4d360.jpg 1024w, https:\/\/halbes-schloss.de\/wp-content\/uploads\/2023\/11\/49967613-02b1-4e3b-a9ad-261071d4d360-300x300.jpg 300w, https:\/\/halbes-schloss.de\/wp-content\/uploads\/2023\/11\/49967613-02b1-4e3b-a9ad-261071d4d360-150x150.jpg 150w, https:\/\/halbes-schloss.de\/wp-content\/uploads\/2023\/11\/49967613-02b1-4e3b-a9ad-261071d4d360-768x768.jpg 768w\" sizes=\"auto, (max-width: 1024px) 100vw, 1024px\" \/><\/figure>\n<\/div>\n\n\n\n<div class=\"wp-block-column is-layout-flow wp-block-column-is-layout-flow\">\n<h3 class=\"wp-block-heading\">Halloween 2023 &#8211; Gruseliges im Halben Schloss <\/h3>\n\n\n\n<p><em>01.11.2023<\/em><\/p>\n\n\n\n<p>Am 28.10.2023 fand die erste Halloween-Veranstaltung im Schloss statt. Wir bedanken uns f\u00fcr das gro\u00dfe Interesse und freuen uns jetzt schon auf Halloween 2024! <\/p>\n<\/div>\n<\/div>\n\n\n\n<figure class=\"wp-block-image size-full\"><img loading=\"lazy\" decoding=\"async\" width=\"1024\" height=\"1\" src=\"https:\/\/halbes-schloss.de\/wp-content\/uploads\/2024\/02\/Webseite_Trenner_lang.jpg\" alt=\"\" class=\"wp-image-620\" srcset=\"https:\/\/halbes-schloss.de\/wp-content\/uploads\/2024\/02\/Webseite_Trenner_lang.jpg 1024w, https:\/\/halbes-schloss.de\/wp-content\/uploads\/2024\/02\/Webseite_Trenner_lang-300x1.jpg 300w, https:\/\/halbes-schloss.de\/wp-content\/uploads\/2024\/02\/Webseite_Trenner_lang-150x1.jpg 150w, https:\/\/halbes-schloss.de\/wp-content\/uploads\/2024\/02\/Webseite_Trenner_lang-768x1.jpg 768w, https:\/\/halbes-schloss.de\/wp-content\/uploads\/2024\/02\/Webseite_Trenner_lang-950x1.jpg 950w\" sizes=\"auto, (max-width: 1024px) 100vw, 1024px\" \/><\/figure>\n\n\n\n<div class=\"wp-block-columns is-layout-flex wp-container-core-columns-is-layout-28f84493 wp-block-columns-is-layout-flex\">\n<div class=\"wp-block-column is-layout-flow wp-block-column-is-layout-flow\">\n<figure class=\"wp-block-image size-large\"><img loading=\"lazy\" decoding=\"async\" width=\"1024\" height=\"768\" src=\"https:\/\/halbes-schloss.de\/wp-content\/uploads\/2023\/09\/WhatsApp-Image-2023-09-28-at-18.23.15-1024x768.jpeg\" alt=\"\" class=\"wp-image-554\" srcset=\"https:\/\/halbes-schloss.de\/wp-content\/uploads\/2023\/09\/WhatsApp-Image-2023-09-28-at-18.23.15-1024x768.jpeg 1024w, https:\/\/halbes-schloss.de\/wp-content\/uploads\/2023\/09\/WhatsApp-Image-2023-09-28-at-18.23.15-300x225.jpeg 300w, https:\/\/halbes-schloss.de\/wp-content\/uploads\/2023\/09\/WhatsApp-Image-2023-09-28-at-18.23.15-768x576.jpeg 768w, https:\/\/halbes-schloss.de\/wp-content\/uploads\/2023\/09\/WhatsApp-Image-2023-09-28-at-18.23.15-1536x1152.jpeg 1536w, https:\/\/halbes-schloss.de\/wp-content\/uploads\/2023\/09\/WhatsApp-Image-2023-09-28-at-18.23.15-2000x1500.jpeg 2000w, https:\/\/halbes-schloss.de\/wp-content\/uploads\/2023\/09\/WhatsApp-Image-2023-09-28-at-18.23.15.jpeg 2048w\" sizes=\"auto, (max-width: 1024px) 100vw, 1024px\" \/><\/figure>\n<\/div>\n\n\n\n<div class=\"wp-block-column is-layout-flow wp-block-column-is-layout-flow\">\n<h3 class=\"wp-block-heading\">Auszeichnung als Kulturf\u00f6rderverein des Monats August 2023<\/h3>\n\n\n\n<p><em>28.09.2023<\/em><\/p>\n\n\n\n<p>Am 28.09.2023 wurde der Verein als &#8222;Kulturf\u00f6rderverein des Monats August&#8220; ausgezeichnet. Wir bedanken uns f\u00fcr die Auszeichnung und Anerkennung. Die Pressemitteilgung kann <a href=\"https:\/\/halbes-schloss.de\/wp-content\/uploads\/2023\/09\/Pressemitteilung.pdf\">hier<\/a> gelesen werden.<\/p>\n<\/div>\n<\/div>\n\n\n\n<figure class=\"wp-block-image size-full\"><img loading=\"lazy\" decoding=\"async\" width=\"1024\" height=\"1\" src=\"https:\/\/halbes-schloss.de\/wp-content\/uploads\/2024\/02\/Webseite_Trenner_lang.jpg\" alt=\"\" class=\"wp-image-620\" srcset=\"https:\/\/halbes-schloss.de\/wp-content\/uploads\/2024\/02\/Webseite_Trenner_lang.jpg 1024w, https:\/\/halbes-schloss.de\/wp-content\/uploads\/2024\/02\/Webseite_Trenner_lang-300x1.jpg 300w, https:\/\/halbes-schloss.de\/wp-content\/uploads\/2024\/02\/Webseite_Trenner_lang-150x1.jpg 150w, https:\/\/halbes-schloss.de\/wp-content\/uploads\/2024\/02\/Webseite_Trenner_lang-768x1.jpg 768w, https:\/\/halbes-schloss.de\/wp-content\/uploads\/2024\/02\/Webseite_Trenner_lang-950x1.jpg 950w\" sizes=\"auto, (max-width: 1024px) 100vw, 1024px\" \/><\/figure>\n\n\n\n<div class=\"wp-block-columns is-layout-flex wp-container-core-columns-is-layout-28f84493 wp-block-columns-is-layout-flex\">\n<div class=\"wp-block-column is-layout-flow wp-block-column-is-layout-flow\">\n<figure class=\"wp-block-image size-large\"><img loading=\"lazy\" decoding=\"async\" width=\"1024\" height=\"768\" src=\"https:\/\/halbes-schloss.de\/wp-content\/uploads\/2023\/09\/107823d7-b135-4785-b747-e8a6e236b9ab-1024x768.jpg\" alt=\"\" class=\"wp-image-530\" srcset=\"https:\/\/halbes-schloss.de\/wp-content\/uploads\/2023\/09\/107823d7-b135-4785-b747-e8a6e236b9ab-1024x768.jpg 1024w, https:\/\/halbes-schloss.de\/wp-content\/uploads\/2023\/09\/107823d7-b135-4785-b747-e8a6e236b9ab-300x225.jpg 300w, https:\/\/halbes-schloss.de\/wp-content\/uploads\/2023\/09\/107823d7-b135-4785-b747-e8a6e236b9ab-768x576.jpg 768w, https:\/\/halbes-schloss.de\/wp-content\/uploads\/2023\/09\/107823d7-b135-4785-b747-e8a6e236b9ab-1536x1152.jpg 1536w, https:\/\/halbes-schloss.de\/wp-content\/uploads\/2023\/09\/107823d7-b135-4785-b747-e8a6e236b9ab-2000x1500.jpg 2000w, https:\/\/halbes-schloss.de\/wp-content\/uploads\/2023\/09\/107823d7-b135-4785-b747-e8a6e236b9ab.jpg 2048w\" sizes=\"auto, (max-width: 1024px) 100vw, 1024px\" \/><\/figure>\n<\/div>\n\n\n\n<div class=\"wp-block-column is-layout-flow wp-block-column-is-layout-flow\">\n<h3 class=\"wp-block-heading\">F\u00f6rderung durch die Deutsche Stiftung Denkmalschutz <\/h3>\n\n\n\n<p><em>11.09.2023<\/em><\/p>\n\n\n\n<p>Am Montag konnte unser Vorstand den F\u00f6rdervertrag f\u00fcr 2023 durch die Deutsche Stiftung Denkmalschutz und die Gl\u00fccksspirale im Schloss entgegen nehmen. Mit diesen Finanzmitteln k\u00f6nnen die geplanten Arbeiten 2023 und damit ein weiterer Schritt zur Revitalisierung umgesetzt werden.<\/p>\n<\/div>\n<\/div>\n\n\n\n<figure class=\"wp-block-image size-full\"><img loading=\"lazy\" decoding=\"async\" width=\"1024\" height=\"1\" src=\"https:\/\/halbes-schloss.de\/wp-content\/uploads\/2024\/02\/Webseite_Trenner_lang.jpg\" alt=\"\" class=\"wp-image-620\" srcset=\"https:\/\/halbes-schloss.de\/wp-content\/uploads\/2024\/02\/Webseite_Trenner_lang.jpg 1024w, https:\/\/halbes-schloss.de\/wp-content\/uploads\/2024\/02\/Webseite_Trenner_lang-300x1.jpg 300w, https:\/\/halbes-schloss.de\/wp-content\/uploads\/2024\/02\/Webseite_Trenner_lang-150x1.jpg 150w, https:\/\/halbes-schloss.de\/wp-content\/uploads\/2024\/02\/Webseite_Trenner_lang-768x1.jpg 768w, https:\/\/halbes-schloss.de\/wp-content\/uploads\/2024\/02\/Webseite_Trenner_lang-950x1.jpg 950w\" sizes=\"auto, (max-width: 1024px) 100vw, 1024px\" \/><\/figure>\n\n\n\n<div class=\"wp-block-columns is-layout-flex wp-container-core-columns-is-layout-28f84493 wp-block-columns-is-layout-flex\">\n<div class=\"wp-block-column is-layout-flow wp-block-column-is-layout-flow\">\n<figure class=\"wp-block-image size-large\"><img loading=\"lazy\" decoding=\"async\" width=\"681\" height=\"1024\" src=\"https:\/\/halbes-schloss.de\/wp-content\/uploads\/2023\/09\/Z04_9464-681x1024.jpg\" alt=\"\" class=\"wp-image-524\" srcset=\"https:\/\/halbes-schloss.de\/wp-content\/uploads\/2023\/09\/Z04_9464-681x1024.jpg 681w, https:\/\/halbes-schloss.de\/wp-content\/uploads\/2023\/09\/Z04_9464-200x300.jpg 200w, https:\/\/halbes-schloss.de\/wp-content\/uploads\/2023\/09\/Z04_9464-768x1154.jpg 768w, https:\/\/halbes-schloss.de\/wp-content\/uploads\/2023\/09\/Z04_9464-1022x1536.jpg 1022w, https:\/\/halbes-schloss.de\/wp-content\/uploads\/2023\/09\/Z04_9464-1363x2048.jpg 1363w, https:\/\/halbes-schloss.de\/wp-content\/uploads\/2023\/09\/Z04_9464-2000x3006.jpg 2000w, https:\/\/halbes-schloss.de\/wp-content\/uploads\/2023\/09\/Z04_9464-scaled.jpg 1703w\" sizes=\"auto, (max-width: 681px) 100vw, 681px\" \/><\/figure>\n<\/div>\n\n\n\n<div class=\"wp-block-column is-layout-flow wp-block-column-is-layout-flow\">\n<h3 class=\"wp-block-heading\">Tag des offenen Denkmals 2023<\/h3>\n\n\n\n<p><em>10.09.2023<\/em><\/p>\n\n\n\n<p>Zum dritte Mal konnte das Schloss seine Tore zum Tag des offenen Denkmals, dieses Jahr unter dem Motto &#8222;Talent Monument&#8220;.<\/p>\n\n\n\n<p>Wir bedanken uns f\u00fcr das gro\u00dfe Interesse am Schloss, die zahlreichen Gespr\u00e4che und die emotionalen Momente im Haus. <\/p>\n\n\n\n<p>Der Tag des offenen Denkmals fand in diesem Jahr zum 30.Mal statt und ist das gr\u00f6\u00dfte Kulturevent in Deutschland. Koordiniert von der Deutschen Stiftung Denkmalschutz. <\/p>\n\n\n\n<p>Vielen Dank an alle helfenden H\u00e4nde, Vereinsmitglieder, die Musikschule Altenburger Land, die Fachhochschule Erfurt, sowie Lieve de Greef f\u00fcr Ihre Unterst\u00fczung. Wir freuen uns schon jetzt auf den Tag des offenen Denkmals 2024! <\/p>\n<\/div>\n<\/div>\n\n\n\n<figure class=\"wp-block-image size-full\"><img loading=\"lazy\" decoding=\"async\" width=\"1024\" height=\"1\" src=\"https:\/\/halbes-schloss.de\/wp-content\/uploads\/2024\/02\/Webseite_Trenner_lang.jpg\" alt=\"\" class=\"wp-image-620\" srcset=\"https:\/\/halbes-schloss.de\/wp-content\/uploads\/2024\/02\/Webseite_Trenner_lang.jpg 1024w, https:\/\/halbes-schloss.de\/wp-content\/uploads\/2024\/02\/Webseite_Trenner_lang-300x1.jpg 300w, https:\/\/halbes-schloss.de\/wp-content\/uploads\/2024\/02\/Webseite_Trenner_lang-150x1.jpg 150w, https:\/\/halbes-schloss.de\/wp-content\/uploads\/2024\/02\/Webseite_Trenner_lang-768x1.jpg 768w, https:\/\/halbes-schloss.de\/wp-content\/uploads\/2024\/02\/Webseite_Trenner_lang-950x1.jpg 950w\" sizes=\"auto, (max-width: 1024px) 100vw, 1024px\" \/><\/figure>\n\n\n\n<div class=\"wp-block-columns is-layout-flex wp-container-core-columns-is-layout-28f84493 wp-block-columns-is-layout-flex\">\n<div class=\"wp-block-column is-layout-flow wp-block-column-is-layout-flow\">\n<figure class=\"wp-block-image size-large\"><img loading=\"lazy\" decoding=\"async\" width=\"768\" height=\"1024\" src=\"https:\/\/halbes-schloss.de\/wp-content\/uploads\/2023\/09\/59fcf7ae-0788-4946-b48f-447575742da1-768x1024.jpg\" alt=\"\" class=\"wp-image-528\" srcset=\"https:\/\/halbes-schloss.de\/wp-content\/uploads\/2023\/09\/59fcf7ae-0788-4946-b48f-447575742da1-768x1024.jpg 768w, https:\/\/halbes-schloss.de\/wp-content\/uploads\/2023\/09\/59fcf7ae-0788-4946-b48f-447575742da1-225x300.jpg 225w, https:\/\/halbes-schloss.de\/wp-content\/uploads\/2023\/09\/59fcf7ae-0788-4946-b48f-447575742da1-1152x1536.jpg 1152w, https:\/\/halbes-schloss.de\/wp-content\/uploads\/2023\/09\/59fcf7ae-0788-4946-b48f-447575742da1.jpg 1512w\" sizes=\"auto, (max-width: 768px) 100vw, 768px\" \/><\/figure>\n<\/div>\n\n\n\n<div class=\"wp-block-column is-layout-flow wp-block-column-is-layout-flow\">\n<h3 class=\"wp-block-heading\">Der MDR berichtete erneut \u00fcber unser Schloss<\/h3>\n\n\n\n<p><em>08.09.2023<\/em><\/p>\n\n\n\n<p>Ende August war der Mitteldeutsche Rundfunk ernuet zu Gast im Halben Schloss. Vielen Dank f\u00fcr die Berichterstattung \u00fcber das Haus, seine Geschichte und die Zukunft. <\/p>\n\n\n\n<p>Der Beitrag kann<a href=\"https:\/\/www.ardmediathek.de\/video\/mdr-um-4\/halbes-schloss-in-thueringen-oeffnet-seine-pforten\/mdr-fernsehen\/Y3JpZDovL21kci5kZS9iZWl0cmFnL2Ntcy85ZTliNWZkZS01MDA3LTRkYjMtYThjOS1mNDEwMzlhNjEyNzM\"> hier<\/a> in der Mediathek gesehen werden. <\/p>\n<\/div>\n<\/div>\n\n\n\n<figure class=\"wp-block-image size-full\"><img loading=\"lazy\" decoding=\"async\" width=\"1024\" height=\"1\" src=\"https:\/\/halbes-schloss.de\/wp-content\/uploads\/2024\/02\/Webseite_Trenner_lang.jpg\" alt=\"\" class=\"wp-image-620\" srcset=\"https:\/\/halbes-schloss.de\/wp-content\/uploads\/2024\/02\/Webseite_Trenner_lang.jpg 1024w, https:\/\/halbes-schloss.de\/wp-content\/uploads\/2024\/02\/Webseite_Trenner_lang-300x1.jpg 300w, https:\/\/halbes-schloss.de\/wp-content\/uploads\/2024\/02\/Webseite_Trenner_lang-150x1.jpg 150w, https:\/\/halbes-schloss.de\/wp-content\/uploads\/2024\/02\/Webseite_Trenner_lang-768x1.jpg 768w, https:\/\/halbes-schloss.de\/wp-content\/uploads\/2024\/02\/Webseite_Trenner_lang-950x1.jpg 950w\" sizes=\"auto, (max-width: 1024px) 100vw, 1024px\" \/><\/figure>\n\n\n\n<div class=\"wp-block-columns is-layout-flex wp-container-core-columns-is-layout-28f84493 wp-block-columns-is-layout-flex\">\n<div class=\"wp-block-column is-layout-flow wp-block-column-is-layout-flow\">\n<figure class=\"wp-block-image size-large is-resized\"><img loading=\"lazy\" decoding=\"async\" width=\"768\" height=\"1024\" src=\"https:\/\/halbes-schloss.de\/wp-content\/uploads\/2023\/08\/Foto-12.07.2023-11-40-53-1-768x1024.jpg\" alt=\"\" class=\"wp-image-516\" style=\"width:404px;height:538px\" srcset=\"https:\/\/halbes-schloss.de\/wp-content\/uploads\/2023\/08\/Foto-12.07.2023-11-40-53-1-768x1024.jpg 768w, https:\/\/halbes-schloss.de\/wp-content\/uploads\/2023\/08\/Foto-12.07.2023-11-40-53-1-225x300.jpg 225w, https:\/\/halbes-schloss.de\/wp-content\/uploads\/2023\/08\/Foto-12.07.2023-11-40-53-1-1152x1536.jpg 1152w, https:\/\/halbes-schloss.de\/wp-content\/uploads\/2023\/08\/Foto-12.07.2023-11-40-53-1.jpg 1200w\" sizes=\"auto, (max-width: 768px) 100vw, 768px\" \/><figcaption class=\"wp-element-caption\">Dreharbeiten im Schloss <\/figcaption><\/figure>\n<\/div>\n\n\n\n<div class=\"wp-block-column is-layout-flow wp-block-column-is-layout-flow\">\n<h3 class=\"wp-block-heading\">Das Schloss im Fernsehen <\/h3>\n\n\n\n<p><em>12.08.2023<\/em><\/p>\n\n\n\n<p>Zum Arbeitseinsatz am 08.07.2023 konnten wir auch den Mitteldeutschen Rundfunk im Schloss begr\u00fc\u00dfen. <\/p>\n\n\n\n<p>Am 12.08.2023 wurde dann ein Beitrag im MDR- Fernsehen gesendet und ist auch in den Mediatheken zug\u00e4nglich. <\/p>\n\n\n\n<p>Vielen Dank f\u00fcr Interesse am Schloss und der Arbeit des Vereins. Wir freuen uns \u00fcber das Interesse am Schloss, seiner Geschichte, seinen Menschen und die zuk\u00fcnftige Berichterstattung \u00fcber das Schloss.<\/p>\n\n\n\n<p>Der Beitrag kann <a href=\"https:\/\/www.mdr.de\/video\/mdr-videos\/f\/video-745636.html\">hier<\/a> in der Mediathek gesehen werden.  <\/p>\n<\/div>\n<\/div>\n\n\n\n<figure class=\"wp-block-image size-full\"><img loading=\"lazy\" decoding=\"async\" width=\"1024\" height=\"1\" src=\"https:\/\/halbes-schloss.de\/wp-content\/uploads\/2024\/02\/Webseite_Trenner_lang.jpg\" alt=\"\" class=\"wp-image-620\" srcset=\"https:\/\/halbes-schloss.de\/wp-content\/uploads\/2024\/02\/Webseite_Trenner_lang.jpg 1024w, https:\/\/halbes-schloss.de\/wp-content\/uploads\/2024\/02\/Webseite_Trenner_lang-300x1.jpg 300w, https:\/\/halbes-schloss.de\/wp-content\/uploads\/2024\/02\/Webseite_Trenner_lang-150x1.jpg 150w, https:\/\/halbes-schloss.de\/wp-content\/uploads\/2024\/02\/Webseite_Trenner_lang-768x1.jpg 768w, https:\/\/halbes-schloss.de\/wp-content\/uploads\/2024\/02\/Webseite_Trenner_lang-950x1.jpg 950w\" sizes=\"auto, (max-width: 1024px) 100vw, 1024px\" \/><\/figure>\n\n\n\n<div class=\"wp-block-columns is-layout-flex wp-container-core-columns-is-layout-28f84493 wp-block-columns-is-layout-flex\">\n<div class=\"wp-block-column is-layout-flow wp-block-column-is-layout-flow\">\n<figure class=\"wp-block-image size-full is-resized\"><img loading=\"lazy\" decoding=\"async\" width=\"768\" height=\"1024\" src=\"https:\/\/halbes-schloss.de\/wp-content\/uploads\/2023\/08\/WhatsApp-Image-2023-08-07-at-19.48.21.jpeg\" alt=\"\" class=\"wp-image-511\" style=\"width:404px;height:538px\" srcset=\"https:\/\/halbes-schloss.de\/wp-content\/uploads\/2023\/08\/WhatsApp-Image-2023-08-07-at-19.48.21.jpeg 768w, https:\/\/halbes-schloss.de\/wp-content\/uploads\/2023\/08\/WhatsApp-Image-2023-08-07-at-19.48.21-225x300.jpeg 225w\" sizes=\"auto, (max-width: 768px) 100vw, 768px\" \/><figcaption class=\"wp-element-caption\">Beginn der Ger\u00fcststellung 2023<\/figcaption><\/figure>\n<\/div>\n\n\n\n<div class=\"wp-block-column is-layout-flow wp-block-column-is-layout-flow\">\n<h3 class=\"wp-block-heading\">Arbeiten am Schloss <\/h3>\n\n\n\n<p><em>07.08.2023<\/em><\/p>\n\n\n\n<p>Auch im Jahr 2023 werden Arbeiten im und an dem Halben Schloss durchgef\u00fchrt. Zum ersten Mal seit 2020 handelt es sich hierbei nicht nur um Sicherungsma\u00dfnahmen. In den n\u00e4chsten Wochen werden noch Untersuchungen und anschlie\u00dfend Sanierungsma\u00dfnahmen an Teilbereichen durchgef\u00fchrt. Zum Tag des offenen Denkmals am 10.09.2023 informieren wir auch, welche Ma\u00dfnahmen in diesem Jahr geplant sind und umgesetzt werden.&nbsp;<\/p>\n\n\n\n<p><strong>W\u00e4hrend der Aufstellung des Ger\u00fcstes und der Arbeiten am Schloss bitten wir, Abstand zum Objekt einzuhalten. Ein Betreten des Schlosses, inklusive des Hofes ist nur nach Absprache mit dem Verein gestattet.&nbsp;<\/strong><\/p>\n<\/div>\n<\/div>\n\n\n\n<figure class=\"wp-block-image size-full\"><img loading=\"lazy\" decoding=\"async\" width=\"1024\" height=\"1\" src=\"https:\/\/halbes-schloss.de\/wp-content\/uploads\/2024\/02\/Webseite_Trenner_lang.jpg\" alt=\"\" class=\"wp-image-620\" srcset=\"https:\/\/halbes-schloss.de\/wp-content\/uploads\/2024\/02\/Webseite_Trenner_lang.jpg 1024w, https:\/\/halbes-schloss.de\/wp-content\/uploads\/2024\/02\/Webseite_Trenner_lang-300x1.jpg 300w, https:\/\/halbes-schloss.de\/wp-content\/uploads\/2024\/02\/Webseite_Trenner_lang-150x1.jpg 150w, https:\/\/halbes-schloss.de\/wp-content\/uploads\/2024\/02\/Webseite_Trenner_lang-768x1.jpg 768w, https:\/\/halbes-schloss.de\/wp-content\/uploads\/2024\/02\/Webseite_Trenner_lang-950x1.jpg 950w\" sizes=\"auto, (max-width: 1024px) 100vw, 1024px\" \/><\/figure>\n\n\n\n<div class=\"wp-block-columns is-layout-flex wp-container-core-columns-is-layout-28f84493 wp-block-columns-is-layout-flex\">\n<div class=\"wp-block-column is-layout-flow wp-block-column-is-layout-flow\">\n<figure class=\"wp-block-image size-large\"><img loading=\"lazy\" decoding=\"async\" width=\"1024\" height=\"874\" src=\"https:\/\/halbes-schloss.de\/wp-content\/uploads\/2023\/07\/Foto-08.07.2023-12-09-42-1-1024x874.jpg\" alt=\"\" class=\"wp-image-473\" srcset=\"https:\/\/halbes-schloss.de\/wp-content\/uploads\/2023\/07\/Foto-08.07.2023-12-09-42-1-1024x874.jpg 1024w, https:\/\/halbes-schloss.de\/wp-content\/uploads\/2023\/07\/Foto-08.07.2023-12-09-42-1-300x256.jpg 300w, https:\/\/halbes-schloss.de\/wp-content\/uploads\/2023\/07\/Foto-08.07.2023-12-09-42-1-768x655.jpg 768w, https:\/\/halbes-schloss.de\/wp-content\/uploads\/2023\/07\/Foto-08.07.2023-12-09-42-1-1536x1310.jpg 1536w, https:\/\/halbes-schloss.de\/wp-content\/uploads\/2023\/07\/Foto-08.07.2023-12-09-42-1-2048x1747.jpg 2048w, https:\/\/halbes-schloss.de\/wp-content\/uploads\/2023\/07\/Foto-08.07.2023-12-09-42-1-2000x1706.jpg 2000w\" sizes=\"auto, (max-width: 1024px) 100vw, 1024px\" \/><figcaption class=\"wp-element-caption\">Schlosskonzert 2023, Blick in den Hof<\/figcaption><\/figure>\n<\/div>\n\n\n\n<div class=\"wp-block-column is-layout-flow wp-block-column-is-layout-flow\">\n<h3 class=\"wp-block-heading\">Arbeitseinsatz im Schloss <\/h3>\n\n\n\n<p><em>08.07.2023<\/em><\/p>\n\n\n\n<p>Wir, der Verein, m\u00f6chten uns bei allen Teilnehmern herzlich f\u00fcr die tatkr\u00e4ftige Unterst\u00fctzung beim Arbeitseinsatz bedanken. Dank Ihrer Hilfe konnten wir im Schloss mit dem R\u00fcckbau voranschreiten und die barocke Konstruktion entlasten. Vielen Dank f\u00fcr die Unterst\u00fctzung trotz der sommerlichen Hitze! <\/p>\n<\/div>\n<\/div>\n\n\n\n<figure class=\"wp-block-image size-full\"><img loading=\"lazy\" decoding=\"async\" width=\"1024\" height=\"1\" src=\"https:\/\/halbes-schloss.de\/wp-content\/uploads\/2024\/02\/Webseite_Trenner_lang.jpg\" alt=\"\" class=\"wp-image-620\" srcset=\"https:\/\/halbes-schloss.de\/wp-content\/uploads\/2024\/02\/Webseite_Trenner_lang.jpg 1024w, https:\/\/halbes-schloss.de\/wp-content\/uploads\/2024\/02\/Webseite_Trenner_lang-300x1.jpg 300w, https:\/\/halbes-schloss.de\/wp-content\/uploads\/2024\/02\/Webseite_Trenner_lang-150x1.jpg 150w, https:\/\/halbes-schloss.de\/wp-content\/uploads\/2024\/02\/Webseite_Trenner_lang-768x1.jpg 768w, https:\/\/halbes-schloss.de\/wp-content\/uploads\/2024\/02\/Webseite_Trenner_lang-950x1.jpg 950w\" sizes=\"auto, (max-width: 1024px) 100vw, 1024px\" \/><\/figure>\n\n\n\n<div class=\"wp-block-columns is-layout-flex wp-container-core-columns-is-layout-28f84493 wp-block-columns-is-layout-flex\">\n<div class=\"wp-block-column is-layout-flow wp-block-column-is-layout-flow\">\n<figure class=\"wp-block-image size-large\"><img loading=\"lazy\" decoding=\"async\" width=\"1024\" height=\"768\" src=\"https:\/\/halbes-schloss.de\/wp-content\/uploads\/2023\/07\/IMG_3781-1024x768.jpg\" alt=\"\" class=\"wp-image-468\" srcset=\"https:\/\/halbes-schloss.de\/wp-content\/uploads\/2023\/07\/IMG_3781-1024x768.jpg 1024w, https:\/\/halbes-schloss.de\/wp-content\/uploads\/2023\/07\/IMG_3781-300x225.jpg 300w, https:\/\/halbes-schloss.de\/wp-content\/uploads\/2023\/07\/IMG_3781-768x576.jpg 768w, https:\/\/halbes-schloss.de\/wp-content\/uploads\/2023\/07\/IMG_3781-1536x1152.jpg 1536w, https:\/\/halbes-schloss.de\/wp-content\/uploads\/2023\/07\/IMG_3781-2048x1536.jpg 2048w, https:\/\/halbes-schloss.de\/wp-content\/uploads\/2023\/07\/IMG_3781-2000x1500.jpg 2000w\" sizes=\"auto, (max-width: 1024px) 100vw, 1024px\" \/><figcaption class=\"wp-element-caption\">Schlosskonzert 2023, Blick in den Hof<\/figcaption><\/figure>\n<\/div>\n\n\n\n<div class=\"wp-block-column is-layout-flow wp-block-column-is-layout-flow\">\n<h3 class=\"wp-block-heading\">Schlosskonzert 2023 \/\/ Colours of Soul<\/h3>\n\n\n\n<p><em>02.07.2023<\/em><\/p>\n\n\n\n<p>Am 02.07.2023 konnten wir zum ersten Mal seit mehr als 58 Jahren den Innenhof des Schlosses wieder f\u00fcr ein Konzert \u00f6ffnen. Vielen Dank f\u00fcr das gro\u00dfe Interesse der Besucher und ein gro\u00dfes Dankesch\u00f6n an den Gospelchor Altenburg &#8222;Colours of Soul&#8220;. Wir freuen uns auf weitere Konzerte 2024! <\/p>\n<\/div>\n<\/div>\n\n\n\n<figure class=\"wp-block-image size-full\"><img loading=\"lazy\" decoding=\"async\" width=\"1024\" height=\"1\" src=\"https:\/\/halbes-schloss.de\/wp-content\/uploads\/2024\/02\/Webseite_Trenner_lang.jpg\" alt=\"\" class=\"wp-image-620\" srcset=\"https:\/\/halbes-schloss.de\/wp-content\/uploads\/2024\/02\/Webseite_Trenner_lang.jpg 1024w, https:\/\/halbes-schloss.de\/wp-content\/uploads\/2024\/02\/Webseite_Trenner_lang-300x1.jpg 300w, https:\/\/halbes-schloss.de\/wp-content\/uploads\/2024\/02\/Webseite_Trenner_lang-150x1.jpg 150w, https:\/\/halbes-schloss.de\/wp-content\/uploads\/2024\/02\/Webseite_Trenner_lang-768x1.jpg 768w, https:\/\/halbes-schloss.de\/wp-content\/uploads\/2024\/02\/Webseite_Trenner_lang-950x1.jpg 950w\" sizes=\"auto, (max-width: 1024px) 100vw, 1024px\" \/><\/figure>\n\n\n\n<div class=\"wp-block-columns is-layout-flex wp-container-core-columns-is-layout-28f84493 wp-block-columns-is-layout-flex\">\n<div class=\"wp-block-column is-layout-flow wp-block-column-is-layout-flow\">\n<figure class=\"wp-block-image size-full\"><img loading=\"lazy\" decoding=\"async\" width=\"810\" height=\"540\" src=\"https:\/\/halbes-schloss.de\/wp-content\/uploads\/2023\/07\/WhatsApp-Image-2023-07-01-at-11.14.08.jpeg\" alt=\"\" class=\"wp-image-470\" srcset=\"https:\/\/halbes-schloss.de\/wp-content\/uploads\/2023\/07\/WhatsApp-Image-2023-07-01-at-11.14.08.jpeg 810w, https:\/\/halbes-schloss.de\/wp-content\/uploads\/2023\/07\/WhatsApp-Image-2023-07-01-at-11.14.08-300x200.jpeg 300w, https:\/\/halbes-schloss.de\/wp-content\/uploads\/2023\/07\/WhatsApp-Image-2023-07-01-at-11.14.08-768x512.jpeg 768w\" sizes=\"auto, (max-width: 810px) 100vw, 810px\" \/><figcaption class=\"wp-element-caption\">Elisabeth Kaiser (MdB) zu Besuch im Schloss<\/figcaption><\/figure>\n<\/div>\n\n\n\n<div class=\"wp-block-column is-layout-flow wp-block-column-is-layout-flow\">\n<h3 class=\"wp-block-heading\">Ausstausch vor Ort <\/h3>\n\n\n\n<p><em>30.06.2023<\/em><\/p>\n\n\n\n<p>Gemeinsam mit der Parlamentarische Staatssekret\u00e4rin f\u00fcr Wohnen, Stadtentwicklung und Bauwesen, Frau Elisabeth Kaiser (MdB) dem Th\u00fcringer Landesamt f\u00fcr Denkmalpflege und der unteren Denkmalschutzbeh\u00f6rde konnten wir uns \u00fcber die Zukunft des Halben Schlosses sowie das Engagement vor Ort austauschen. Wir bedanken uns herzlich f\u00fcr das Interesse, sowie den Besuch vor Ort<\/p>\n<\/div>\n<\/div>\n\n\n\n<figure class=\"wp-block-image size-full\"><img loading=\"lazy\" decoding=\"async\" width=\"1024\" height=\"1\" src=\"https:\/\/halbes-schloss.de\/wp-content\/uploads\/2024\/02\/Webseite_Trenner_lang.jpg\" alt=\"\" class=\"wp-image-620\" srcset=\"https:\/\/halbes-schloss.de\/wp-content\/uploads\/2024\/02\/Webseite_Trenner_lang.jpg 1024w, https:\/\/halbes-schloss.de\/wp-content\/uploads\/2024\/02\/Webseite_Trenner_lang-300x1.jpg 300w, https:\/\/halbes-schloss.de\/wp-content\/uploads\/2024\/02\/Webseite_Trenner_lang-150x1.jpg 150w, https:\/\/halbes-schloss.de\/wp-content\/uploads\/2024\/02\/Webseite_Trenner_lang-768x1.jpg 768w, https:\/\/halbes-schloss.de\/wp-content\/uploads\/2024\/02\/Webseite_Trenner_lang-950x1.jpg 950w\" sizes=\"auto, (max-width: 1024px) 100vw, 1024px\" \/><\/figure>\n\n\n\n<div class=\"wp-block-columns is-layout-flex wp-container-core-columns-is-layout-28f84493 wp-block-columns-is-layout-flex\">\n<div class=\"wp-block-column is-layout-flow wp-block-column-is-layout-flow\">\n<figure class=\"wp-block-image size-full\"><img loading=\"lazy\" decoding=\"async\" width=\"400\" height=\"400\" src=\"https:\/\/halbes-schloss.de\/wp-content\/uploads\/2023\/07\/0f858f14-c1c4-4b7a-b44b-a4832d1cf4a0.png\" alt=\"\" class=\"wp-image-482\" srcset=\"https:\/\/halbes-schloss.de\/wp-content\/uploads\/2023\/07\/0f858f14-c1c4-4b7a-b44b-a4832d1cf4a0.png 400w, https:\/\/halbes-schloss.de\/wp-content\/uploads\/2023\/07\/0f858f14-c1c4-4b7a-b44b-a4832d1cf4a0-300x300.png 300w, https:\/\/halbes-schloss.de\/wp-content\/uploads\/2023\/07\/0f858f14-c1c4-4b7a-b44b-a4832d1cf4a0-150x150.png 150w\" sizes=\"auto, (max-width: 400px) 100vw, 400px\" \/><figcaption class=\"wp-element-caption\">Das Schloss im GUTSHAUSPOD <\/figcaption><\/figure>\n<\/div>\n\n\n\n<div class=\"wp-block-column is-layout-flow wp-block-column-is-layout-flow\">\n<h3 class=\"wp-block-heading\">Das Halbe Schloss im GUTSHAUSPOD <\/h3>\n\n\n\n<p><em>21.06.2023<\/em><\/p>\n\n\n\n<p>Ende Mai konnten wir das Team des GUTSHAUSPOD im Schloss begr\u00fc\u00dfen. Vielen Dank f\u00fcr das Interesse am Haus und die spannenden Gespr\u00e4che \u00fcber die Geschichte, Gegenwart und Zukunft des Hauses. Das Ergebnis kann kostenfrei direkt auf der Seite des <a href=\"https:\/\/dergutshauspod.de\/halbes-schloss\/\" target=\"_blank\" rel=\"noreferrer noopener\">GUTSHAUSPOD<\/a> oder \u00fcber verschiedene Streamingdienste geh\u00f6rt werden. Viel Spa\u00df! <\/p>\n<\/div>\n<\/div>\n\n\n\n<figure class=\"wp-block-image size-full\"><img loading=\"lazy\" decoding=\"async\" width=\"1024\" height=\"1\" src=\"https:\/\/halbes-schloss.de\/wp-content\/uploads\/2024\/02\/Webseite_Trenner_lang.jpg\" alt=\"\" class=\"wp-image-620\" srcset=\"https:\/\/halbes-schloss.de\/wp-content\/uploads\/2024\/02\/Webseite_Trenner_lang.jpg 1024w, https:\/\/halbes-schloss.de\/wp-content\/uploads\/2024\/02\/Webseite_Trenner_lang-300x1.jpg 300w, https:\/\/halbes-schloss.de\/wp-content\/uploads\/2024\/02\/Webseite_Trenner_lang-150x1.jpg 150w, https:\/\/halbes-schloss.de\/wp-content\/uploads\/2024\/02\/Webseite_Trenner_lang-768x1.jpg 768w, https:\/\/halbes-schloss.de\/wp-content\/uploads\/2024\/02\/Webseite_Trenner_lang-950x1.jpg 950w\" sizes=\"auto, (max-width: 1024px) 100vw, 1024px\" \/><\/figure>\n\n\n\n<div class=\"wp-block-columns is-layout-flex wp-container-core-columns-is-layout-28f84493 wp-block-columns-is-layout-flex\">\n<div class=\"wp-block-column is-layout-flow wp-block-column-is-layout-flow\">\n<figure class=\"wp-block-image size-large\"><img loading=\"lazy\" decoding=\"async\" width=\"1024\" height=\"681\" src=\"https:\/\/halbes-schloss.de\/wp-content\/uploads\/2023\/05\/Halbes_Schloss_Besucher_im_Schloss-1024x681.jpg\" alt=\"\" class=\"wp-image-423\" srcset=\"https:\/\/halbes-schloss.de\/wp-content\/uploads\/2023\/05\/Halbes_Schloss_Besucher_im_Schloss-1024x681.jpg 1024w, https:\/\/halbes-schloss.de\/wp-content\/uploads\/2023\/05\/Halbes_Schloss_Besucher_im_Schloss-300x200.jpg 300w, https:\/\/halbes-schloss.de\/wp-content\/uploads\/2023\/05\/Halbes_Schloss_Besucher_im_Schloss-768x511.jpg 768w, https:\/\/halbes-schloss.de\/wp-content\/uploads\/2023\/05\/Halbes_Schloss_Besucher_im_Schloss-1536x1021.jpg 1536w, https:\/\/halbes-schloss.de\/wp-content\/uploads\/2023\/05\/Halbes_Schloss_Besucher_im_Schloss.jpg 1600w\" sizes=\"auto, (max-width: 1024px) 100vw, 1024px\" \/><figcaption class=\"wp-element-caption\">Tag der offenen Schl\u00f6sser 2023, Blick in die Eingangshalle<\/figcaption><\/figure>\n<\/div>\n\n\n\n<div class=\"wp-block-column is-layout-flow wp-block-column-is-layout-flow\">\n<h3 class=\"wp-block-heading\">Tag der offenen Schl\u00f6sser 2023<\/h3>\n\n\n\n<p><em>29.05.2023<\/em><\/p>\n\n\n\n<p>Am Pfingstmontag \u00f6ffnete das Halbe Schloss zum ersten Mal f\u00fcr den &#8222;Tag der offenen Schl\u00f6sser&#8220; seine T\u00fcren. Vielen Dank an alle Unterst\u00fctzer, die diesen Tag erm\u00f6glicht haben und vielen Dank an die \u00fcber 1.500 Besucherinnen und Besucher, welche an dem Tag vorbeigekommen sind. Wir freuen uns auf 2024!<\/p>\n<\/div>\n<\/div>\n\n\n\n<figure class=\"wp-block-image size-full\"><img loading=\"lazy\" decoding=\"async\" width=\"1024\" height=\"1\" src=\"https:\/\/halbes-schloss.de\/wp-content\/uploads\/2024\/02\/Webseite_Trenner_lang.jpg\" alt=\"\" class=\"wp-image-620\" srcset=\"https:\/\/halbes-schloss.de\/wp-content\/uploads\/2024\/02\/Webseite_Trenner_lang.jpg 1024w, https:\/\/halbes-schloss.de\/wp-content\/uploads\/2024\/02\/Webseite_Trenner_lang-300x1.jpg 300w, https:\/\/halbes-schloss.de\/wp-content\/uploads\/2024\/02\/Webseite_Trenner_lang-150x1.jpg 150w, https:\/\/halbes-schloss.de\/wp-content\/uploads\/2024\/02\/Webseite_Trenner_lang-768x1.jpg 768w, https:\/\/halbes-schloss.de\/wp-content\/uploads\/2024\/02\/Webseite_Trenner_lang-950x1.jpg 950w\" sizes=\"auto, (max-width: 1024px) 100vw, 1024px\" \/><\/figure>\n\n\n\n<div class=\"wp-block-columns is-layout-flex wp-container-core-columns-is-layout-28f84493 wp-block-columns-is-layout-flex\">\n<div class=\"wp-block-column is-layout-flow wp-block-column-is-layout-flow\">\n<figure class=\"wp-block-image size-large\"><img loading=\"lazy\" decoding=\"async\" width=\"1024\" height=\"682\" src=\"https:\/\/halbes-schloss.de\/wp-content\/uploads\/2023\/05\/Halbes_Schloss_Kultusminister_Vor_Ort-1024x682.jpg\" alt=\"\" class=\"wp-image-421\" srcset=\"https:\/\/halbes-schloss.de\/wp-content\/uploads\/2023\/05\/Halbes_Schloss_Kultusminister_Vor_Ort-1024x682.jpg 1024w, https:\/\/halbes-schloss.de\/wp-content\/uploads\/2023\/05\/Halbes_Schloss_Kultusminister_Vor_Ort-300x200.jpg 300w, https:\/\/halbes-schloss.de\/wp-content\/uploads\/2023\/05\/Halbes_Schloss_Kultusminister_Vor_Ort-768x511.jpg 768w, https:\/\/halbes-schloss.de\/wp-content\/uploads\/2023\/05\/Halbes_Schloss_Kultusminister_Vor_Ort-1536x1022.jpg 1536w, https:\/\/halbes-schloss.de\/wp-content\/uploads\/2023\/05\/Halbes_Schloss_Kultusminister_Vor_Ort.jpg 1600w\" sizes=\"auto, (max-width: 1024px) 100vw, 1024px\" \/><figcaption class=\"wp-element-caption\">Der Th\u00fcringer Kultusminister zu Besuch im Halben Schloss<\/figcaption><\/figure>\n<\/div>\n\n\n\n<div class=\"wp-block-column is-layout-flow wp-block-column-is-layout-flow\">\n<h3 class=\"wp-block-heading\">Austausch vor Ort<\/h3>\n\n\n\n<p><em>24.05.2023<\/em><br><br>Gemeinsam mit dem Th\u00fcringer Kultusminister, dem Th\u00fcringer Landesamt f\u00fcr Denkmalpflege und der unteren Denkmalschutzbeh\u00f6rde konnten wir uns \u00fcber die Zukunft des Halben Schlosses sowie das Engagement vor Ort austauschen. Wir bedanken uns herzlich f\u00fcr das Interesse, sowie den Besuch vor Ort.<\/p>\n<\/div>\n<\/div>\n\n\n\n<figure class=\"wp-block-image size-full\"><img loading=\"lazy\" decoding=\"async\" width=\"1024\" height=\"1\" src=\"https:\/\/halbes-schloss.de\/wp-content\/uploads\/2024\/02\/Webseite_Trenner_lang.jpg\" alt=\"\" class=\"wp-image-620\" srcset=\"https:\/\/halbes-schloss.de\/wp-content\/uploads\/2024\/02\/Webseite_Trenner_lang.jpg 1024w, https:\/\/halbes-schloss.de\/wp-content\/uploads\/2024\/02\/Webseite_Trenner_lang-300x1.jpg 300w, https:\/\/halbes-schloss.de\/wp-content\/uploads\/2024\/02\/Webseite_Trenner_lang-150x1.jpg 150w, https:\/\/halbes-schloss.de\/wp-content\/uploads\/2024\/02\/Webseite_Trenner_lang-768x1.jpg 768w, https:\/\/halbes-schloss.de\/wp-content\/uploads\/2024\/02\/Webseite_Trenner_lang-950x1.jpg 950w\" sizes=\"auto, (max-width: 1024px) 100vw, 1024px\" \/><\/figure>\n\n\n\n<div class=\"wp-block-columns is-layout-flex wp-container-core-columns-is-layout-28f84493 wp-block-columns-is-layout-flex\">\n<div class=\"wp-block-column is-layout-flow wp-block-column-is-layout-flow\">\n<figure class=\"wp-block-image size-large\"><img loading=\"lazy\" decoding=\"async\" width=\"1024\" height=\"682\" src=\"https:\/\/halbes-schloss.de\/wp-content\/uploads\/2023\/04\/230311_Arbeitseinsatz-1024x682.jpg\" alt=\"\" class=\"wp-image-382\" srcset=\"https:\/\/halbes-schloss.de\/wp-content\/uploads\/2023\/04\/230311_Arbeitseinsatz-1024x682.jpg 1024w, https:\/\/halbes-schloss.de\/wp-content\/uploads\/2023\/04\/230311_Arbeitseinsatz-300x200.jpg 300w, https:\/\/halbes-schloss.de\/wp-content\/uploads\/2023\/04\/230311_Arbeitseinsatz-768x511.jpg 768w, https:\/\/halbes-schloss.de\/wp-content\/uploads\/2023\/04\/230311_Arbeitseinsatz-1536x1022.jpg 1536w, https:\/\/halbes-schloss.de\/wp-content\/uploads\/2023\/04\/230311_Arbeitseinsatz.jpg 1600w\" sizes=\"auto, (max-width: 1024px) 100vw, 1024px\" \/><figcaption class=\"wp-element-caption\">Eingangsbereich w\u00e4hrend des Arbeitseinsatzes<\/figcaption><\/figure>\n<\/div>\n\n\n\n<div class=\"wp-block-column is-layout-flow wp-block-column-is-layout-flow\">\n<h3 class=\"wp-block-heading\">Arbeitseinsatz<\/h3>\n\n\n\n<p><em>11.03.2023<\/em> <br><br>Wir, der Verein, m\u00f6chten uns bei allen Teilnehmern herzlich f\u00fcr die tatkr\u00e4ftige Unterst\u00fctzung beim Arbeitseinsatz bedanken. Dank Ihrer Hilfe konnten wir im Schloss mit dem R\u00fcckbau voranschreiten und mit der Gr\u00fcnpflege im ehemaligen Wassergraben beginnen. <\/p>\n<\/div>\n<\/div>\n\n\n\n<figure class=\"wp-block-image size-full\"><img loading=\"lazy\" decoding=\"async\" width=\"1024\" height=\"1\" src=\"https:\/\/halbes-schloss.de\/wp-content\/uploads\/2024\/02\/Webseite_Trenner_lang.jpg\" alt=\"\" class=\"wp-image-620\" srcset=\"https:\/\/halbes-schloss.de\/wp-content\/uploads\/2024\/02\/Webseite_Trenner_lang.jpg 1024w, https:\/\/halbes-schloss.de\/wp-content\/uploads\/2024\/02\/Webseite_Trenner_lang-300x1.jpg 300w, https:\/\/halbes-schloss.de\/wp-content\/uploads\/2024\/02\/Webseite_Trenner_lang-150x1.jpg 150w, https:\/\/halbes-schloss.de\/wp-content\/uploads\/2024\/02\/Webseite_Trenner_lang-768x1.jpg 768w, https:\/\/halbes-schloss.de\/wp-content\/uploads\/2024\/02\/Webseite_Trenner_lang-950x1.jpg 950w\" sizes=\"auto, (max-width: 1024px) 100vw, 1024px\" \/><\/figure>\n\n\n\n<div class=\"wp-block-columns is-layout-flex wp-container-core-columns-is-layout-28f84493 wp-block-columns-is-layout-flex\">\n<div class=\"wp-block-column is-layout-flow wp-block-column-is-layout-flow\">\n<figure class=\"wp-block-image size-large\"><img loading=\"lazy\" decoding=\"async\" width=\"1024\" height=\"682\" src=\"https:\/\/halbes-schloss.de\/wp-content\/uploads\/2023\/02\/14_Halbes_Schloss_Ansicht_Giebel-1024x682.jpg\" alt=\"\" class=\"wp-image-291\" srcset=\"https:\/\/halbes-schloss.de\/wp-content\/uploads\/2023\/02\/14_Halbes_Schloss_Ansicht_Giebel-1024x682.jpg 1024w, https:\/\/halbes-schloss.de\/wp-content\/uploads\/2023\/02\/14_Halbes_Schloss_Ansicht_Giebel-300x200.jpg 300w, https:\/\/halbes-schloss.de\/wp-content\/uploads\/2023\/02\/14_Halbes_Schloss_Ansicht_Giebel-768x511.jpg 768w, https:\/\/halbes-schloss.de\/wp-content\/uploads\/2023\/02\/14_Halbes_Schloss_Ansicht_Giebel-1536x1022.jpg 1536w, https:\/\/halbes-schloss.de\/wp-content\/uploads\/2023\/02\/14_Halbes_Schloss_Ansicht_Giebel.jpg 1600w\" sizes=\"auto, (max-width: 1024px) 100vw, 1024px\" \/><figcaption class=\"wp-element-caption\">Halbes Schloss, Ansicht Giebel<\/figcaption><\/figure>\n<\/div>\n\n\n\n<div class=\"wp-block-column is-layout-flow wp-block-column-is-layout-flow\">\n<h3 class=\"wp-block-heading\">Photoshooting &amp; Filmaufnahmen<\/h3>\n\n\n\n<p><em>10.02.2023<\/em><\/p>\n\n\n\n<p>Das Halbe Schloss kann ab sofort f\u00fcr Photoshootings &amp; Filmaufnahmen gemietet werden. Bei Interesse k\u00f6nnen Sie sich gerne an den Verein wenden.<\/p>\n\n\n\n<p>Tel.: +4915678 \u2013 438925<br>Mail: info@halbes-schloss.de<\/p>\n<\/div>\n<\/div>\n\n\n\n<figure class=\"wp-block-image size-full\"><img loading=\"lazy\" decoding=\"async\" width=\"1024\" height=\"1\" src=\"https:\/\/halbes-schloss.de\/wp-content\/uploads\/2024\/02\/Webseite_Trenner_lang.jpg\" alt=\"\" class=\"wp-image-620\" srcset=\"https:\/\/halbes-schloss.de\/wp-content\/uploads\/2024\/02\/Webseite_Trenner_lang.jpg 1024w, https:\/\/halbes-schloss.de\/wp-content\/uploads\/2024\/02\/Webseite_Trenner_lang-300x1.jpg 300w, https:\/\/halbes-schloss.de\/wp-content\/uploads\/2024\/02\/Webseite_Trenner_lang-150x1.jpg 150w, https:\/\/halbes-schloss.de\/wp-content\/uploads\/2024\/02\/Webseite_Trenner_lang-768x1.jpg 768w, https:\/\/halbes-schloss.de\/wp-content\/uploads\/2024\/02\/Webseite_Trenner_lang-950x1.jpg 950w\" sizes=\"auto, (max-width: 1024px) 100vw, 1024px\" \/><\/figure>\n\n\n\n<div class=\"wp-block-columns is-layout-flex wp-container-core-columns-is-layout-28f84493 wp-block-columns-is-layout-flex\">\n<div class=\"wp-block-column is-layout-flow wp-block-column-is-layout-flow\">\n<figure class=\"wp-block-image size-large\"><img loading=\"lazy\" decoding=\"async\" width=\"1024\" height=\"682\" src=\"https:\/\/halbes-schloss.de\/wp-content\/uploads\/2023\/02\/12_Halbes_Schloss_kleiner_Saal-1024x682.jpg\" alt=\"\" class=\"wp-image-274\" srcset=\"https:\/\/halbes-schloss.de\/wp-content\/uploads\/2023\/02\/12_Halbes_Schloss_kleiner_Saal-1024x682.jpg 1024w, https:\/\/halbes-schloss.de\/wp-content\/uploads\/2023\/02\/12_Halbes_Schloss_kleiner_Saal-300x200.jpg 300w, https:\/\/halbes-schloss.de\/wp-content\/uploads\/2023\/02\/12_Halbes_Schloss_kleiner_Saal-768x511.jpg 768w, https:\/\/halbes-schloss.de\/wp-content\/uploads\/2023\/02\/12_Halbes_Schloss_kleiner_Saal-1536x1022.jpg 1536w, https:\/\/halbes-schloss.de\/wp-content\/uploads\/2023\/02\/12_Halbes_Schloss_kleiner_Saal.jpg 1600w\" sizes=\"auto, (max-width: 1024px) 100vw, 1024px\" \/><figcaption class=\"wp-element-caption\">Halbes Schloss, Blick in den kleinen Saal <br>\u00a9 Sebastian Schulze<\/figcaption><\/figure>\n<\/div>\n\n\n\n<div class=\"wp-block-column is-layout-flow wp-block-column-is-layout-flow\">\n<h3 class=\"wp-block-heading\">Meilenstein &#8211; Der kleine Saal<\/h3>\n\n\n\n<p><em>01.02.2023<\/em><\/p>\n\n\n\n<p>Nachdem Entfernen der Zwischenw\u00e4nde ist der kleine Saal des Halben Schlosses erstmals seit ca. 150 Jahren wieder in seiner urspr\u00fcnglichen Gr\u00f6\u00dfe erlebbar. Nachdem Teilabrisses 1838 ist der kleine Saal nun der gr\u00f6\u00dfte Raum im Halben Schloss.<\/p>\n<\/div>\n<\/div>\n\n\n\n<figure class=\"wp-block-image size-full\"><img loading=\"lazy\" decoding=\"async\" width=\"1024\" height=\"1\" src=\"https:\/\/halbes-schloss.de\/wp-content\/uploads\/2024\/02\/Webseite_Trenner_lang.jpg\" alt=\"\" class=\"wp-image-620\" srcset=\"https:\/\/halbes-schloss.de\/wp-content\/uploads\/2024\/02\/Webseite_Trenner_lang.jpg 1024w, https:\/\/halbes-schloss.de\/wp-content\/uploads\/2024\/02\/Webseite_Trenner_lang-300x1.jpg 300w, https:\/\/halbes-schloss.de\/wp-content\/uploads\/2024\/02\/Webseite_Trenner_lang-150x1.jpg 150w, https:\/\/halbes-schloss.de\/wp-content\/uploads\/2024\/02\/Webseite_Trenner_lang-768x1.jpg 768w, https:\/\/halbes-schloss.de\/wp-content\/uploads\/2024\/02\/Webseite_Trenner_lang-950x1.jpg 950w\" sizes=\"auto, (max-width: 1024px) 100vw, 1024px\" \/><\/figure>\n\n\n\n<div class=\"wp-block-columns is-layout-flex wp-container-core-columns-is-layout-28f84493 wp-block-columns-is-layout-flex\">\n<div class=\"wp-block-column is-layout-flow wp-block-column-is-layout-flow\">\n<figure class=\"wp-block-image size-large\"><img loading=\"lazy\" decoding=\"async\" width=\"1024\" height=\"682\" src=\"https:\/\/halbes-schloss.de\/wp-content\/uploads\/2023\/02\/13_Halbes_Schloss_Salon_waehrend_Bauzeit-1024x682.jpg\" alt=\"\" class=\"wp-image-275\" srcset=\"https:\/\/halbes-schloss.de\/wp-content\/uploads\/2023\/02\/13_Halbes_Schloss_Salon_waehrend_Bauzeit-1024x682.jpg 1024w, https:\/\/halbes-schloss.de\/wp-content\/uploads\/2023\/02\/13_Halbes_Schloss_Salon_waehrend_Bauzeit-300x200.jpg 300w, https:\/\/halbes-schloss.de\/wp-content\/uploads\/2023\/02\/13_Halbes_Schloss_Salon_waehrend_Bauzeit-768x511.jpg 768w, https:\/\/halbes-schloss.de\/wp-content\/uploads\/2023\/02\/13_Halbes_Schloss_Salon_waehrend_Bauzeit-1536x1022.jpg 1536w, https:\/\/halbes-schloss.de\/wp-content\/uploads\/2023\/02\/13_Halbes_Schloss_Salon_waehrend_Bauzeit.jpg 1600w\" sizes=\"auto, (max-width: 1024px) 100vw, 1024px\" \/><figcaption class=\"wp-element-caption\">Halbes Schloss, ein kleiner Salon w\u00e4hrend der Bauphase <br>\u00a9 Sebastian Schulze<\/figcaption><\/figure>\n<\/div>\n\n\n\n<div class=\"wp-block-column is-layout-flow wp-block-column-is-layout-flow\">\n<h3 class=\"wp-block-heading\">Baufortschritt &#8211; work in progress<\/h3>\n\n\n\n<p><em>15.01.2023<\/em><\/p>\n\n\n\n<p>Durch die Entfernung der eingezogenen Decken und durch die \u00d6ffnung der Fenster kann man nun einen ersten Eindruck der barocken R\u00e4ume erhalten.  Die T\u00fcren werden im n\u00e4chsten Schritt f\u00fcr die Restauration vorbereitet.<\/p>\n<\/div>\n<\/div>\n\n\n\n<figure class=\"wp-block-image size-full\"><img loading=\"lazy\" decoding=\"async\" width=\"1024\" height=\"1\" src=\"https:\/\/halbes-schloss.de\/wp-content\/uploads\/2024\/02\/Webseite_Trenner_lang.jpg\" alt=\"\" class=\"wp-image-620\" srcset=\"https:\/\/halbes-schloss.de\/wp-content\/uploads\/2024\/02\/Webseite_Trenner_lang.jpg 1024w, https:\/\/halbes-schloss.de\/wp-content\/uploads\/2024\/02\/Webseite_Trenner_lang-300x1.jpg 300w, https:\/\/halbes-schloss.de\/wp-content\/uploads\/2024\/02\/Webseite_Trenner_lang-150x1.jpg 150w, https:\/\/halbes-schloss.de\/wp-content\/uploads\/2024\/02\/Webseite_Trenner_lang-768x1.jpg 768w, https:\/\/halbes-schloss.de\/wp-content\/uploads\/2024\/02\/Webseite_Trenner_lang-950x1.jpg 950w\" sizes=\"auto, (max-width: 1024px) 100vw, 1024px\" \/><\/figure>\n\n\n\n<h2 class=\"wp-block-heading\">2022<\/h2>\n\n\n\n<figure class=\"wp-block-image size-full\"><img loading=\"lazy\" decoding=\"async\" width=\"1024\" height=\"1\" src=\"https:\/\/halbes-schloss.de\/wp-content\/uploads\/2024\/02\/Webseite_Trenner_lang.jpg\" alt=\"\" class=\"wp-image-620\" srcset=\"https:\/\/halbes-schloss.de\/wp-content\/uploads\/2024\/02\/Webseite_Trenner_lang.jpg 1024w, https:\/\/halbes-schloss.de\/wp-content\/uploads\/2024\/02\/Webseite_Trenner_lang-300x1.jpg 300w, https:\/\/halbes-schloss.de\/wp-content\/uploads\/2024\/02\/Webseite_Trenner_lang-150x1.jpg 150w, https:\/\/halbes-schloss.de\/wp-content\/uploads\/2024\/02\/Webseite_Trenner_lang-768x1.jpg 768w, https:\/\/halbes-schloss.de\/wp-content\/uploads\/2024\/02\/Webseite_Trenner_lang-950x1.jpg 950w\" sizes=\"auto, (max-width: 1024px) 100vw, 1024px\" \/><\/figure>\n\n\n\n<div style=\"height:25px\" aria-hidden=\"true\" class=\"wp-block-spacer\"><\/div>\n\n\n\n<div class=\"wp-block-columns is-layout-flex wp-container-core-columns-is-layout-28f84493 wp-block-columns-is-layout-flex\">\n<div class=\"wp-block-column is-layout-flow wp-block-column-is-layout-flow\">\n<figure class=\"wp-block-image size-large\"><img loading=\"lazy\" decoding=\"async\" width=\"1024\" height=\"682\" src=\"https:\/\/halbes-schloss.de\/wp-content\/uploads\/2022\/12\/09_Aussenansicht_Winter-1024x682.jpg\" alt=\"\" class=\"wp-image-243\" srcset=\"https:\/\/halbes-schloss.de\/wp-content\/uploads\/2022\/12\/09_Aussenansicht_Winter-1024x682.jpg 1024w, https:\/\/halbes-schloss.de\/wp-content\/uploads\/2022\/12\/09_Aussenansicht_Winter-300x200.jpg 300w, https:\/\/halbes-schloss.de\/wp-content\/uploads\/2022\/12\/09_Aussenansicht_Winter-768x511.jpg 768w, https:\/\/halbes-schloss.de\/wp-content\/uploads\/2022\/12\/09_Aussenansicht_Winter-1536x1022.jpg 1536w, https:\/\/halbes-schloss.de\/wp-content\/uploads\/2022\/12\/09_Aussenansicht_Winter.jpg 1600w\" sizes=\"auto, (max-width: 1024px) 100vw, 1024px\" \/><figcaption class=\"wp-element-caption\">Halbes Schloss, schneebedeckt<\/figcaption><\/figure>\n<\/div>\n\n\n\n<div class=\"wp-block-column is-vertically-aligned-top is-layout-flow wp-block-column-is-layout-flow\">\n<h3 class=\"wp-block-heading\">Frohe Weihnachten<\/h3>\n\n\n\n<p><em>21.12.2022<\/em><br><br>Der Verein &#8222;Halbes Schloss Langenleuba-Niederhain e.V.&#8220; w\u00fcnscht ein frohes Weihnachtsfest, besinnliche Feiertage und einen guten Start ins neue Jahr.<\/p>\n\n\n\n<p><\/p>\n<\/div>\n<\/div>\n\n\n\n<figure class=\"wp-block-image size-full\"><img loading=\"lazy\" decoding=\"async\" width=\"1024\" height=\"1\" src=\"https:\/\/halbes-schloss.de\/wp-content\/uploads\/2024\/02\/Webseite_Trenner_lang.jpg\" alt=\"\" class=\"wp-image-620\" srcset=\"https:\/\/halbes-schloss.de\/wp-content\/uploads\/2024\/02\/Webseite_Trenner_lang.jpg 1024w, https:\/\/halbes-schloss.de\/wp-content\/uploads\/2024\/02\/Webseite_Trenner_lang-300x1.jpg 300w, https:\/\/halbes-schloss.de\/wp-content\/uploads\/2024\/02\/Webseite_Trenner_lang-150x1.jpg 150w, https:\/\/halbes-schloss.de\/wp-content\/uploads\/2024\/02\/Webseite_Trenner_lang-768x1.jpg 768w, https:\/\/halbes-schloss.de\/wp-content\/uploads\/2024\/02\/Webseite_Trenner_lang-950x1.jpg 950w\" sizes=\"auto, (max-width: 1024px) 100vw, 1024px\" \/><\/figure>\n\n\n\n<div class=\"wp-block-columns is-layout-flex wp-container-core-columns-is-layout-28f84493 wp-block-columns-is-layout-flex\">\n<div class=\"wp-block-column is-layout-flow wp-block-column-is-layout-flow\">\n<figure class=\"wp-block-image size-large\"><img loading=\"lazy\" decoding=\"async\" width=\"1024\" height=\"682\" src=\"https:\/\/halbes-schloss.de\/wp-content\/uploads\/2022\/10\/02_Halbes_Schloss_kleiner_Salon-1-1024x682.jpg\" alt=\"\" class=\"wp-image-152\" srcset=\"https:\/\/halbes-schloss.de\/wp-content\/uploads\/2022\/10\/02_Halbes_Schloss_kleiner_Salon-1-1024x682.jpg 1024w, https:\/\/halbes-schloss.de\/wp-content\/uploads\/2022\/10\/02_Halbes_Schloss_kleiner_Salon-1-300x200.jpg 300w, https:\/\/halbes-schloss.de\/wp-content\/uploads\/2022\/10\/02_Halbes_Schloss_kleiner_Salon-1-768x511.jpg 768w, https:\/\/halbes-schloss.de\/wp-content\/uploads\/2022\/10\/02_Halbes_Schloss_kleiner_Salon-1-1536x1022.jpg 1536w, https:\/\/halbes-schloss.de\/wp-content\/uploads\/2022\/10\/02_Halbes_Schloss_kleiner_Salon-1.jpg 1600w\" sizes=\"auto, (max-width: 1024px) 100vw, 1024px\" \/><figcaption class=\"wp-element-caption\">Halbes Schloss, Blick in einen kleinen Salon<\/figcaption><\/figure>\n<\/div>\n\n\n\n<div class=\"wp-block-column is-vertically-aligned-top is-layout-flow wp-block-column-is-layout-flow\">\n<h3 class=\"wp-block-heading\">Besichtigungen des Schlosses<\/h3>\n\n\n\n<p><em>20.10.2022<\/em><br><br>Das Halbe Schloss ist derzeit geschlossen.<br>Es ist jedoch m\u00f6glich Termine f\u00fcr F\u00fchrungen im Denkmal zu vereinbaren. Bitte wenden Sie sich hierzu an den Verein.<\/p>\n\n\n\n<p>Tel.: +4915678 \u2013 438925<br>Mail: info@halbes-schloss.de<\/p>\n<\/div>\n<\/div>\n\n\n\n<figure class=\"wp-block-image size-full\"><img loading=\"lazy\" decoding=\"async\" width=\"1024\" height=\"1\" src=\"https:\/\/halbes-schloss.de\/wp-content\/uploads\/2024\/02\/Webseite_Trenner_lang.jpg\" alt=\"\" class=\"wp-image-620\" srcset=\"https:\/\/halbes-schloss.de\/wp-content\/uploads\/2024\/02\/Webseite_Trenner_lang.jpg 1024w, https:\/\/halbes-schloss.de\/wp-content\/uploads\/2024\/02\/Webseite_Trenner_lang-300x1.jpg 300w, https:\/\/halbes-schloss.de\/wp-content\/uploads\/2024\/02\/Webseite_Trenner_lang-150x1.jpg 150w, https:\/\/halbes-schloss.de\/wp-content\/uploads\/2024\/02\/Webseite_Trenner_lang-768x1.jpg 768w, https:\/\/halbes-schloss.de\/wp-content\/uploads\/2024\/02\/Webseite_Trenner_lang-950x1.jpg 950w\" sizes=\"auto, (max-width: 1024px) 100vw, 1024px\" \/><\/figure>\n\n\n\n<div style=\"height:25px\" aria-hidden=\"true\" class=\"wp-block-spacer\"><\/div>\n\n\n\n<div class=\"wp-block-columns is-layout-flex wp-container-core-columns-is-layout-28f84493 wp-block-columns-is-layout-flex\">\n<div class=\"wp-block-column is-layout-flow wp-block-column-is-layout-flow\">\n<figure class=\"wp-block-image size-large\"><img loading=\"lazy\" decoding=\"async\" width=\"1024\" height=\"682\" src=\"https:\/\/halbes-schloss.de\/wp-content\/uploads\/2022\/10\/05_Halbes_Schloss_Dachstuhl-1024x682.jpg\" alt=\"\" class=\"wp-image-153\" srcset=\"https:\/\/halbes-schloss.de\/wp-content\/uploads\/2022\/10\/05_Halbes_Schloss_Dachstuhl-1024x682.jpg 1024w, https:\/\/halbes-schloss.de\/wp-content\/uploads\/2022\/10\/05_Halbes_Schloss_Dachstuhl-300x200.jpg 300w, https:\/\/halbes-schloss.de\/wp-content\/uploads\/2022\/10\/05_Halbes_Schloss_Dachstuhl-768x511.jpg 768w, https:\/\/halbes-schloss.de\/wp-content\/uploads\/2022\/10\/05_Halbes_Schloss_Dachstuhl-1536x1022.jpg 1536w, https:\/\/halbes-schloss.de\/wp-content\/uploads\/2022\/10\/05_Halbes_Schloss_Dachstuhl.jpg 1600w\" sizes=\"auto, (max-width: 1024px) 100vw, 1024px\" \/><figcaption class=\"wp-element-caption\">Halbes Schloss, Blick in den Dachstuhl<\/figcaption><\/figure>\n<\/div>\n\n\n\n<div class=\"wp-block-column is-layout-flow wp-block-column-is-layout-flow\">\n<h3 class=\"wp-block-heading\">Spendenaufruf<\/h3>\n\n\n\n<p><em>20.10.2022<\/em><br><br>In gemeinn\u00fctziger Tr\u00e4gerschaft ist das Schloss auf Spenden angewiesen. F\u00fcr das ca. 1.050 m<sup>2<\/sup> gro\u00dfe Dach werden ungef\u00e4hr 50.000 Biberschwanzziegel ben\u00f6tigt. Der St\u00fcckpreis liegt derzeit bei ca. 2,00\u20ac je St\u00fcck. Spenden k\u00f6nnen Sie an das unten angegebene Konto richten. Gern stellen wir Ihnen einen Spendebeleg f\u00fcr Betr\u00e4ge ab 20 \u20ac aus.<\/p>\n<\/div>\n<\/div>\n\n\n\n<figure class=\"wp-block-image size-full\"><img loading=\"lazy\" decoding=\"async\" width=\"1024\" height=\"1\" src=\"https:\/\/halbes-schloss.de\/wp-content\/uploads\/2024\/02\/Webseite_Trenner_lang.jpg\" alt=\"\" class=\"wp-image-620\" srcset=\"https:\/\/halbes-schloss.de\/wp-content\/uploads\/2024\/02\/Webseite_Trenner_lang.jpg 1024w, https:\/\/halbes-schloss.de\/wp-content\/uploads\/2024\/02\/Webseite_Trenner_lang-300x1.jpg 300w, https:\/\/halbes-schloss.de\/wp-content\/uploads\/2024\/02\/Webseite_Trenner_lang-150x1.jpg 150w, https:\/\/halbes-schloss.de\/wp-content\/uploads\/2024\/02\/Webseite_Trenner_lang-768x1.jpg 768w, https:\/\/halbes-schloss.de\/wp-content\/uploads\/2024\/02\/Webseite_Trenner_lang-950x1.jpg 950w\" sizes=\"auto, (max-width: 1024px) 100vw, 1024px\" \/><\/figure>\n\n\n\n<div style=\"height:25px\" aria-hidden=\"true\" class=\"wp-block-spacer\"><\/div>\n\n\n\n<div class=\"wp-block-columns is-layout-flex wp-container-core-columns-is-layout-28f84493 wp-block-columns-is-layout-flex\">\n<div class=\"wp-block-column is-layout-flow wp-block-column-is-layout-flow\">\n<figure class=\"wp-block-image size-large\"><img loading=\"lazy\" decoding=\"async\" width=\"1024\" height=\"682\" src=\"https:\/\/halbes-schloss.de\/wp-content\/uploads\/2022\/10\/08_Halbes_Schloss_Tag_des_offenen_Denkmals-1024x682.jpg\" alt=\"\" class=\"wp-image-164\" srcset=\"https:\/\/halbes-schloss.de\/wp-content\/uploads\/2022\/10\/08_Halbes_Schloss_Tag_des_offenen_Denkmals-1024x682.jpg 1024w, https:\/\/halbes-schloss.de\/wp-content\/uploads\/2022\/10\/08_Halbes_Schloss_Tag_des_offenen_Denkmals-300x200.jpg 300w, https:\/\/halbes-schloss.de\/wp-content\/uploads\/2022\/10\/08_Halbes_Schloss_Tag_des_offenen_Denkmals-768x511.jpg 768w, https:\/\/halbes-schloss.de\/wp-content\/uploads\/2022\/10\/08_Halbes_Schloss_Tag_des_offenen_Denkmals-1536x1022.jpg 1536w, https:\/\/halbes-schloss.de\/wp-content\/uploads\/2022\/10\/08_Halbes_Schloss_Tag_des_offenen_Denkmals.jpg 1600w\" sizes=\"auto, (max-width: 1024px) 100vw, 1024px\" \/><figcaption class=\"wp-element-caption\">Halbes Schloss, Salon mit Kunstwerken von Maren Mahlstede<\/figcaption><\/figure>\n<\/div>\n\n\n\n<div class=\"wp-block-column is-layout-flow wp-block-column-is-layout-flow\">\n<h3 class=\"wp-block-heading\">Tag des offenen Denkmals<\/h3>\n\n\n\n<p><em>11.09.2022<\/em><br><br>Zum Tag des offenen Denkmals, war das Schloss f\u00fcr die \u00d6ffentlichkeit zug\u00e4nglich. Pr\u00e4sentiert wurde unter anderem der Stand der Freilegungsarbeiten. Dar\u00fcber hinaus  haben verschiedene Ausstellungen einen Ausblick auf die Zukunft des Barockbaus gegeben.<\/p>\n<\/div>\n<\/div>\n\n\n\n<figure class=\"wp-block-image size-full\"><img loading=\"lazy\" decoding=\"async\" width=\"1024\" height=\"1\" src=\"https:\/\/halbes-schloss.de\/wp-content\/uploads\/2024\/02\/Webseite_Trenner_lang.jpg\" alt=\"\" class=\"wp-image-620\" srcset=\"https:\/\/halbes-schloss.de\/wp-content\/uploads\/2024\/02\/Webseite_Trenner_lang.jpg 1024w, https:\/\/halbes-schloss.de\/wp-content\/uploads\/2024\/02\/Webseite_Trenner_lang-300x1.jpg 300w, https:\/\/halbes-schloss.de\/wp-content\/uploads\/2024\/02\/Webseite_Trenner_lang-150x1.jpg 150w, https:\/\/halbes-schloss.de\/wp-content\/uploads\/2024\/02\/Webseite_Trenner_lang-768x1.jpg 768w, https:\/\/halbes-schloss.de\/wp-content\/uploads\/2024\/02\/Webseite_Trenner_lang-950x1.jpg 950w\" sizes=\"auto, (max-width: 1024px) 100vw, 1024px\" \/><\/figure>\n\n\n\n<div style=\"height:25px\" aria-hidden=\"true\" class=\"wp-block-spacer\"><\/div>\n\n\n\n<div class=\"wp-block-columns is-layout-flex wp-container-core-columns-is-layout-28f84493 wp-block-columns-is-layout-flex\">\n<div class=\"wp-block-column is-layout-flow wp-block-column-is-layout-flow\">\n<figure class=\"wp-block-image size-large\"><img loading=\"lazy\" decoding=\"async\" width=\"1024\" height=\"682\" src=\"https:\/\/halbes-schloss.de\/wp-content\/uploads\/2023\/02\/00_Halbes_Schloss_Zustand_2020-1024x682.jpg\" alt=\"\" class=\"wp-image-311\" srcset=\"https:\/\/halbes-schloss.de\/wp-content\/uploads\/2023\/02\/00_Halbes_Schloss_Zustand_2020-1024x682.jpg 1024w, https:\/\/halbes-schloss.de\/wp-content\/uploads\/2023\/02\/00_Halbes_Schloss_Zustand_2020-300x200.jpg 300w, https:\/\/halbes-schloss.de\/wp-content\/uploads\/2023\/02\/00_Halbes_Schloss_Zustand_2020-768x511.jpg 768w, https:\/\/halbes-schloss.de\/wp-content\/uploads\/2023\/02\/00_Halbes_Schloss_Zustand_2020-1536x1022.jpg 1536w, https:\/\/halbes-schloss.de\/wp-content\/uploads\/2023\/02\/00_Halbes_Schloss_Zustand_2020.jpg 1600w\" sizes=\"auto, (max-width: 1024px) 100vw, 1024px\" \/><figcaption class=\"wp-element-caption\">Halbes Schloss, Zustand 2020 <\/figcaption><\/figure>\n<\/div>\n\n\n\n<div class=\"wp-block-column is-layout-flow wp-block-column-is-layout-flow\">\n<h3 class=\"wp-block-heading\">Beginn der Revitalisierung<\/h3>\n\n\n\n<p><em>30.01.2020<\/em><\/p>\n\n\n\n<p>Mit einem Orttermin beginnt die Revitalisierung. Das Schloss stand seit 1964 leer und galt aufgrund des Zustandes als ein Objekte auf der Liste der 16 gef\u00e4hrdetsten Schl\u00f6sser und Burgen Th\u00fcringens. <\/p>\n\n\n\n<p><\/p>\n<\/div>\n<\/div>\n\n\n\n<figure class=\"wp-block-image size-full\"><img loading=\"lazy\" decoding=\"async\" width=\"1024\" height=\"1\" src=\"https:\/\/halbes-schloss.de\/wp-content\/uploads\/2024\/02\/Webseite_Trenner_lang.jpg\" alt=\"\" class=\"wp-image-620\" srcset=\"https:\/\/halbes-schloss.de\/wp-content\/uploads\/2024\/02\/Webseite_Trenner_lang.jpg 1024w, https:\/\/halbes-schloss.de\/wp-content\/uploads\/2024\/02\/Webseite_Trenner_lang-300x1.jpg 300w, https:\/\/halbes-schloss.de\/wp-content\/uploads\/2024\/02\/Webseite_Trenner_lang-150x1.jpg 150w, https:\/\/halbes-schloss.de\/wp-content\/uploads\/2024\/02\/Webseite_Trenner_lang-768x1.jpg 768w, https:\/\/halbes-schloss.de\/wp-content\/uploads\/2024\/02\/Webseite_Trenner_lang-950x1.jpg 950w\" sizes=\"auto, (max-width: 1024px) 100vw, 1024px\" \/><\/figure>\n\n\n\n<div style=\"height:200px\" aria-hidden=\"true\" class=\"wp-block-spacer\"><\/div>\n\n\n\n<div class=\"wp-block-columns is-layout-flex wp-container-core-columns-is-layout-28f84493 wp-block-columns-is-layout-flex\">\n<div class=\"wp-block-column is-layout-flow wp-block-column-is-layout-flow\" style=\"flex-basis:15%\"><\/div>\n\n\n\n<div class=\"wp-block-column is-layout-flow wp-block-column-is-layout-flow\">\n<figure class=\"wp-block-image size-large\"><img loading=\"lazy\" decoding=\"async\" width=\"1024\" height=\"847\" src=\"https:\/\/halbes-schloss.de\/wp-content\/uploads\/2022\/10\/Logo_HALBES_SCHLOSS-1024x847.jpg\" alt=\"\" class=\"wp-image-180\" srcset=\"https:\/\/halbes-schloss.de\/wp-content\/uploads\/2022\/10\/Logo_HALBES_SCHLOSS-1024x847.jpg 1024w, https:\/\/halbes-schloss.de\/wp-content\/uploads\/2022\/10\/Logo_HALBES_SCHLOSS-300x248.jpg 300w, https:\/\/halbes-schloss.de\/wp-content\/uploads\/2022\/10\/Logo_HALBES_SCHLOSS-768x636.jpg 768w, https:\/\/halbes-schloss.de\/wp-content\/uploads\/2022\/10\/Logo_HALBES_SCHLOSS-1536x1271.jpg 1536w, https:\/\/halbes-schloss.de\/wp-content\/uploads\/2022\/10\/Logo_HALBES_SCHLOSS-2048x1695.jpg 2048w, https:\/\/halbes-schloss.de\/wp-content\/uploads\/2022\/10\/Logo_HALBES_SCHLOSS-2000x1655.jpg 2000w\" sizes=\"auto, (max-width: 1024px) 100vw, 1024px\" \/><\/figure>\n<\/div>\n\n\n\n<div class=\"wp-block-column is-layout-flow wp-block-column-is-layout-flow\" style=\"flex-basis:15%\"><\/div>\n<\/div>\n\n\n\n<div style=\"height:200px\" aria-hidden=\"true\" class=\"wp-block-spacer\"><\/div>\n","protected":false},"excerpt":{"rendered":"<p>Hier k\u00f6nnen Sie sich \u00fcber aktuelle Ereignisse und vergangene Veranstaltungen zum Halben Schloss Langenleuba-Niederhain informieren. Arbeiten im Halben Schloss Es finden laufend Arbeiten am Objekt statt.&nbsp;Bitte entschuldigen Sie hier entstehende L\u00e4rm- oder Staubbel\u00e4stigungen. Gleichzeitig bitten wir zu ber\u00fccksichtigen, dass das Objekt geschlossen ist&nbsp;und nur zu ausgew\u00e4hlten Terminen oder vereinbarten F\u00fchrungen besichtigt werden kann. 2026 Einschr\u00e4nkung &hellip; <\/p>\n<p class=\"link-more\"><a href=\"https:\/\/halbes-schloss.de\/index.php\/aktuelles\/\" class=\"more-link\">Mehr <span class=\"screen-reader-text\">\u00fcber &#8222;Aktuelles&#8220; <\/span>Lesen<\/a><\/p>\n","protected":false},"author":1,"featured_media":0,"parent":0,"menu_order":0,"comment_status":"closed","ping_status":"closed","template":"","meta":{"footnotes":""},"class_list":["post-53","page","type-page","status-publish","hentry"],"_links":{"self":[{"href":"https:\/\/halbes-schloss.de\/index.php\/wp-json\/wp\/v2\/pages\/53","targetHints":{"allow":["GET"]}}],"collection":[{"href":"https:\/\/halbes-schloss.de\/index.php\/wp-json\/wp\/v2\/pages"}],"about":[{"href":"https:\/\/halbes-schloss.de\/index.php\/wp-json\/wp\/v2\/types\/page"}],"author":[{"embeddable":true,"href":"https:\/\/halbes-schloss.de\/index.php\/wp-json\/wp\/v2\/users\/1"}],"replies":[{"embeddable":true,"href":"https:\/\/halbes-schloss.de\/index.php\/wp-json\/wp\/v2\/comments?post=53"}],"version-history":[{"count":111,"href":"https:\/\/halbes-schloss.de\/index.php\/wp-json\/wp\/v2\/pages\/53\/revisions"}],"predecessor-version":[{"id":1205,"href":"https:\/\/halbes-schloss.de\/index.php\/wp-json\/wp\/v2\/pages\/53\/revisions\/1205"}],"wp:attachment":[{"href":"https:\/\/halbes-schloss.de\/index.php\/wp-json\/wp\/v2\/media?parent=53"}],"curies":[{"name":"wp","href":"https:\/\/api.w.org\/{rel}","templated":true}]}}