{"id":52,"date":"2022-10-18T18:02:35","date_gmt":"2022-10-18T18:02:35","guid":{"rendered":"https:\/\/halbes-schloss.de\/?page_id=52"},"modified":"2026-04-28T08:24:24","modified_gmt":"2026-04-28T08:24:24","slug":"veranstaltungen","status":"publish","type":"page","link":"https:\/\/halbes-schloss.de\/index.php\/veranstaltungen\/","title":{"rendered":"Veranstaltungen"},"content":{"rendered":"\n<p class=\"has-text-align-center\" style=\"font-size:clamp(14px, 0.875rem + ((1vw - 3.2px) * 0.417), 18px);\">Hier finden Sie eine \u00dcbersicht \u00fcber zuk\u00fcnftige Veranstaltungen, sowie M\u00f6glichkeiten das Schloss zu erkunden. <br>Die Seite wird laufend aktualisiert.<\/p>\n\n\n\n<div style=\"height:25px\" aria-hidden=\"true\" class=\"wp-block-spacer\"><\/div>\n\n\n\n<div style=\"height:75px\" aria-hidden=\"true\" class=\"wp-block-spacer\"><\/div>\n\n\n\n<figure class=\"wp-block-image size-full\"><img loading=\"lazy\" decoding=\"async\" width=\"1024\" height=\"1\" src=\"https:\/\/halbes-schloss.de\/wp-content\/uploads\/2024\/02\/Webseite_Trenner_lang.jpg\" alt=\"\" class=\"wp-image-620\" srcset=\"https:\/\/halbes-schloss.de\/wp-content\/uploads\/2024\/02\/Webseite_Trenner_lang.jpg 1024w, https:\/\/halbes-schloss.de\/wp-content\/uploads\/2024\/02\/Webseite_Trenner_lang-300x1.jpg 300w, https:\/\/halbes-schloss.de\/wp-content\/uploads\/2024\/02\/Webseite_Trenner_lang-150x1.jpg 150w, https:\/\/halbes-schloss.de\/wp-content\/uploads\/2024\/02\/Webseite_Trenner_lang-768x1.jpg 768w, https:\/\/halbes-schloss.de\/wp-content\/uploads\/2024\/02\/Webseite_Trenner_lang-950x1.jpg 950w\" sizes=\"auto, (max-width: 1024px) 100vw, 1024px\" \/><\/figure>\n\n\n\n<div class=\"wp-block-columns is-layout-flex wp-container-core-columns-is-layout-28f84493 wp-block-columns-is-layout-flex\">\n<div class=\"wp-block-column is-layout-flow wp-block-column-is-layout-flow\">\n<h3 class=\"wp-block-heading\">Informationen zur Barrierefreiheit und Zug\u00e4nglichkeit <\/h3>\n\n\n\n<p>Bitte beachten Sie, dass das Schloss derzeit nicht barrierefrei ist. Der Hofbereich des Schlosses kann selbstverantwortlich f\u00fcr Menschen mit Mobilit\u00e4tseinschr\u00e4nkung erreicht werden. Hier sind keine Stufen zu \u00fcberwinden. Die R\u00e4umlichkeiten des Schlosses selbst sind nur \u00fcber Treppen zu erreichen und damit derzeit leider nicht f\u00fcr Menschen mit Mobilit\u00e4tseinschr\u00e4nkung zug\u00e4nglich. <\/p>\n\n\n\n<p>Bei Fragen zur Barrierefreiheit und Zug\u00e4nglichkeit kontaktieren Sie uns bitte. <\/p>\n<\/div>\n<\/div>\n\n\n\n<figure class=\"wp-block-image size-full\"><img loading=\"lazy\" decoding=\"async\" width=\"1024\" height=\"1\" src=\"https:\/\/halbes-schloss.de\/wp-content\/uploads\/2024\/02\/Webseite_Trenner_lang.jpg\" alt=\"\" class=\"wp-image-620\" srcset=\"https:\/\/halbes-schloss.de\/wp-content\/uploads\/2024\/02\/Webseite_Trenner_lang.jpg 1024w, https:\/\/halbes-schloss.de\/wp-content\/uploads\/2024\/02\/Webseite_Trenner_lang-300x1.jpg 300w, https:\/\/halbes-schloss.de\/wp-content\/uploads\/2024\/02\/Webseite_Trenner_lang-150x1.jpg 150w, https:\/\/halbes-schloss.de\/wp-content\/uploads\/2024\/02\/Webseite_Trenner_lang-768x1.jpg 768w, https:\/\/halbes-schloss.de\/wp-content\/uploads\/2024\/02\/Webseite_Trenner_lang-950x1.jpg 950w\" sizes=\"auto, (max-width: 1024px) 100vw, 1024px\" \/><\/figure>\n\n\n\n<div class=\"wp-block-columns is-layout-flex wp-container-core-columns-is-layout-28f84493 wp-block-columns-is-layout-flex\">\n<div class=\"wp-block-column is-layout-flow wp-block-column-is-layout-flow\">\n<figure class=\"wp-block-image size-large\"><img loading=\"lazy\" decoding=\"async\" width=\"757\" height=\"1024\" src=\"https:\/\/halbes-schloss.de\/wp-content\/uploads\/2025\/09\/Bildschirmfoto-2025-09-18-um-08.39.55-757x1024.png\" alt=\"\" class=\"wp-image-1146\" srcset=\"https:\/\/halbes-schloss.de\/wp-content\/uploads\/2025\/09\/Bildschirmfoto-2025-09-18-um-08.39.55-757x1024.png 757w, https:\/\/halbes-schloss.de\/wp-content\/uploads\/2025\/09\/Bildschirmfoto-2025-09-18-um-08.39.55-222x300.png 222w, https:\/\/halbes-schloss.de\/wp-content\/uploads\/2025\/09\/Bildschirmfoto-2025-09-18-um-08.39.55.png 1140w\" sizes=\"auto, (max-width: 757px) 100vw, 757px\" \/><\/figure>\n<\/div>\n\n\n\n<div class=\"wp-block-column is-layout-flow wp-block-column-is-layout-flow\">\n<h3 class=\"wp-block-heading\">Veranstaltungs\u00fcbersicht 2026<\/h3>\n\n\n\n<p>Hier werden wir in den n\u00e4chsten Monaten laufend unsere Veranstaltungen f\u00fcr 2026 mit Ihnen teilen.<\/p>\n\n\n\n<p><\/p>\n\n\n\n<p><em><mark style=\"background-color:rgba(0, 0, 0, 0)\" class=\"has-inline-color has-tertiary-color\"><strong>Samstag 25.04.2026<\/strong><br>Stilbruch, Konzert<\/mark><\/em><\/p>\n\n\n\n<p><strong>Montag 25.05.2026 <\/strong>(Pfingstmontag)<br><a href=\"https:\/\/ostdeutscherschloessertag.de\">Ostdeutscher Schl\u00f6ssertag<\/a> (10:00-15:00)<\/p>\n\n\n\n<p><strong>Sonntag 13.09.2026 <\/strong><br><a href=\"https:\/\/www.tag-des-offenen-denkmals.de\">Tag des offenen Denkmals<\/a> (10:00-18:00), 2026<\/p>\n\n\n\n<p><strong>Samstag, 24.10.2026<\/strong><br>Halloween im Schloss (17-21Uhr)<\/p>\n\n\n\n<p><\/p>\n\n\n\n<p><\/p>\n<\/div>\n<\/div>\n\n\n\n<figure class=\"wp-block-image size-full\"><img loading=\"lazy\" decoding=\"async\" width=\"1024\" height=\"1\" src=\"https:\/\/halbes-schloss.de\/wp-content\/uploads\/2024\/02\/Webseite_Trenner_lang.jpg\" alt=\"\" class=\"wp-image-620\" srcset=\"https:\/\/halbes-schloss.de\/wp-content\/uploads\/2024\/02\/Webseite_Trenner_lang.jpg 1024w, https:\/\/halbes-schloss.de\/wp-content\/uploads\/2024\/02\/Webseite_Trenner_lang-300x1.jpg 300w, https:\/\/halbes-schloss.de\/wp-content\/uploads\/2024\/02\/Webseite_Trenner_lang-150x1.jpg 150w, https:\/\/halbes-schloss.de\/wp-content\/uploads\/2024\/02\/Webseite_Trenner_lang-768x1.jpg 768w, https:\/\/halbes-schloss.de\/wp-content\/uploads\/2024\/02\/Webseite_Trenner_lang-950x1.jpg 950w\" sizes=\"auto, (max-width: 1024px) 100vw, 1024px\" \/><\/figure>\n\n\n\n<div class=\"wp-block-columns is-layout-flex wp-container-core-columns-is-layout-28f84493 wp-block-columns-is-layout-flex\">\n<div class=\"wp-block-column is-layout-flow wp-block-column-is-layout-flow\">\n<figure class=\"wp-block-image size-large\"><img loading=\"lazy\" decoding=\"async\" width=\"1024\" height=\"722\" src=\"https:\/\/halbes-schloss.de\/wp-content\/uploads\/2026\/02\/Kuntschi-Schloss--1024x722.jpg\" alt=\"\" class=\"wp-image-1193\" srcset=\"https:\/\/halbes-schloss.de\/wp-content\/uploads\/2026\/02\/Kuntschi-Schloss--1024x722.jpg 1024w, https:\/\/halbes-schloss.de\/wp-content\/uploads\/2026\/02\/Kuntschi-Schloss--300x211.jpg 300w, https:\/\/halbes-schloss.de\/wp-content\/uploads\/2026\/02\/Kuntschi-Schloss-.jpg 1240w\" sizes=\"auto, (max-width: 1024px) 100vw, 1024px\" \/><\/figure>\n<\/div>\n\n\n\n<div class=\"wp-block-column is-layout-flow wp-block-column-is-layout-flow\">\n<h3 class=\"wp-block-heading\">Durch&#8217;s Schloss mit Kuntschi? <\/h3>\n\n\n\n<p><\/p>\n\n\n\n<p>Kommt mit auf eine spannende Entdeckungstour durch das Schloss \u2013 gemeinsam mit dem Schlosskobold&nbsp;<strong>Kuntschi<\/strong>!<\/p>\n\n\n\n<p><br>Bei den Kinderf\u00fchrungen mit Kuntschi erleben kleine Besucherinnen und Besucher das Schloss auf ganz besondere Weise. Mit Geschichten, R\u00e4tseln und jeder Menge Spa\u00df zeigt der freche Kobold geheime Ecken und erz\u00e4hlt, was sich hinter alten Mauern alles verbirgt. Eine F\u00fchrung voller Fantasie, Abenteuer und leuchtender Kinderaugen!<\/p>\n\n\n\n<p>Wendet euch f\u00fcr eine Absprache gern an uns! <\/p>\n<\/div>\n<\/div>\n\n\n\n<figure class=\"wp-block-image size-full\"><img loading=\"lazy\" decoding=\"async\" width=\"1024\" height=\"1\" src=\"https:\/\/halbes-schloss.de\/wp-content\/uploads\/2024\/02\/Webseite_Trenner_lang.jpg\" alt=\"\" class=\"wp-image-620\" srcset=\"https:\/\/halbes-schloss.de\/wp-content\/uploads\/2024\/02\/Webseite_Trenner_lang.jpg 1024w, https:\/\/halbes-schloss.de\/wp-content\/uploads\/2024\/02\/Webseite_Trenner_lang-300x1.jpg 300w, https:\/\/halbes-schloss.de\/wp-content\/uploads\/2024\/02\/Webseite_Trenner_lang-150x1.jpg 150w, https:\/\/halbes-schloss.de\/wp-content\/uploads\/2024\/02\/Webseite_Trenner_lang-768x1.jpg 768w, https:\/\/halbes-schloss.de\/wp-content\/uploads\/2024\/02\/Webseite_Trenner_lang-950x1.jpg 950w\" sizes=\"auto, (max-width: 1024px) 100vw, 1024px\" \/><\/figure>\n\n\n\n<div class=\"wp-block-columns is-layout-flex wp-container-core-columns-is-layout-28f84493 wp-block-columns-is-layout-flex\">\n<div class=\"wp-block-column is-layout-flow wp-block-column-is-layout-flow\">\n<figure class=\"wp-block-image size-large\"><img loading=\"lazy\" decoding=\"async\" width=\"1024\" height=\"768\" src=\"https:\/\/halbes-schloss.de\/wp-content\/uploads\/2023\/08\/DJI_0796-1024x768.jpg\" alt=\"\" class=\"wp-image-519\" srcset=\"https:\/\/halbes-schloss.de\/wp-content\/uploads\/2023\/08\/DJI_0796-1024x768.jpg 1024w, https:\/\/halbes-schloss.de\/wp-content\/uploads\/2023\/08\/DJI_0796-300x225.jpg 300w, https:\/\/halbes-schloss.de\/wp-content\/uploads\/2023\/08\/DJI_0796-768x576.jpg 768w, https:\/\/halbes-schloss.de\/wp-content\/uploads\/2023\/08\/DJI_0796-1536x1152.jpg 1536w, https:\/\/halbes-schloss.de\/wp-content\/uploads\/2023\/08\/DJI_0796-2048x1536.jpg 2048w, https:\/\/halbes-schloss.de\/wp-content\/uploads\/2023\/08\/DJI_0796-2000x1500.jpg 2000w\" sizes=\"auto, (max-width: 1024px) 100vw, 1024px\" \/><\/figure>\n<\/div>\n\n\n\n<div class=\"wp-block-column is-layout-flow wp-block-column-is-layout-flow\">\n<h3 class=\"wp-block-heading\">Das Schloss au\u00dferhalb von Veranstaltungen erkunden?<\/h3>\n\n\n\n<p><\/p>\n\n\n\n<p>Das Halbe Schloss ist nur zu verschiedenen Veranstaltungen ge\u00f6ffnet. Es ist jedoch m\u00f6glich Termine f\u00fcr F\u00fchrungen im Denkmal zu vereinbaren. <\/p>\n\n\n\n<p>Bitte wenden Sie sich hierzu an uns.<\/p>\n\n\n\n<p>Tel.: +49 15678 \u2013 438925<br>Mail: info@halbes-schloss.de<\/p>\n<\/div>\n<\/div>\n\n\n\n<figure class=\"wp-block-image size-full\"><img loading=\"lazy\" decoding=\"async\" width=\"1024\" height=\"1\" src=\"https:\/\/halbes-schloss.de\/wp-content\/uploads\/2024\/02\/Webseite_Trenner_lang.jpg\" alt=\"\" class=\"wp-image-620\" srcset=\"https:\/\/halbes-schloss.de\/wp-content\/uploads\/2024\/02\/Webseite_Trenner_lang.jpg 1024w, https:\/\/halbes-schloss.de\/wp-content\/uploads\/2024\/02\/Webseite_Trenner_lang-300x1.jpg 300w, https:\/\/halbes-schloss.de\/wp-content\/uploads\/2024\/02\/Webseite_Trenner_lang-150x1.jpg 150w, https:\/\/halbes-schloss.de\/wp-content\/uploads\/2024\/02\/Webseite_Trenner_lang-768x1.jpg 768w, https:\/\/halbes-schloss.de\/wp-content\/uploads\/2024\/02\/Webseite_Trenner_lang-950x1.jpg 950w\" sizes=\"auto, (max-width: 1024px) 100vw, 1024px\" \/><\/figure>\n\n\n\n<div style=\"height:200px\" aria-hidden=\"true\" class=\"wp-block-spacer\"><\/div>\n\n\n\n<div class=\"wp-block-columns is-layout-flex wp-container-core-columns-is-layout-28f84493 wp-block-columns-is-layout-flex\">\n<div class=\"wp-block-column is-layout-flow wp-block-column-is-layout-flow\" style=\"flex-basis:15%\"><\/div>\n\n\n\n<div class=\"wp-block-column is-layout-flow wp-block-column-is-layout-flow\">\n<figure class=\"wp-block-image size-large\"><img loading=\"lazy\" decoding=\"async\" width=\"1024\" height=\"847\" src=\"https:\/\/halbes-schloss.de\/wp-content\/uploads\/2022\/10\/Logo_HALBES_SCHLOSS-1024x847.jpg\" alt=\"\" class=\"wp-image-180\" srcset=\"https:\/\/halbes-schloss.de\/wp-content\/uploads\/2022\/10\/Logo_HALBES_SCHLOSS-1024x847.jpg 1024w, https:\/\/halbes-schloss.de\/wp-content\/uploads\/2022\/10\/Logo_HALBES_SCHLOSS-300x248.jpg 300w, https:\/\/halbes-schloss.de\/wp-content\/uploads\/2022\/10\/Logo_HALBES_SCHLOSS-768x636.jpg 768w, https:\/\/halbes-schloss.de\/wp-content\/uploads\/2022\/10\/Logo_HALBES_SCHLOSS-1536x1271.jpg 1536w, https:\/\/halbes-schloss.de\/wp-content\/uploads\/2022\/10\/Logo_HALBES_SCHLOSS-2048x1695.jpg 2048w, https:\/\/halbes-schloss.de\/wp-content\/uploads\/2022\/10\/Logo_HALBES_SCHLOSS-2000x1655.jpg 2000w\" sizes=\"auto, (max-width: 1024px) 100vw, 1024px\" \/><\/figure>\n<\/div>\n\n\n\n<div class=\"wp-block-column is-layout-flow wp-block-column-is-layout-flow\" style=\"flex-basis:15%\"><\/div>\n<\/div>\n\n\n\n<div style=\"height:200px\" aria-hidden=\"true\" class=\"wp-block-spacer\"><\/div>\n","protected":false},"excerpt":{"rendered":"<p>Hier finden Sie eine \u00dcbersicht \u00fcber zuk\u00fcnftige Veranstaltungen, sowie M\u00f6glichkeiten das Schloss zu erkunden. Die Seite wird laufend aktualisiert. Informationen zur Barrierefreiheit und Zug\u00e4nglichkeit Bitte beachten Sie, dass das Schloss derzeit nicht barrierefrei ist. Der Hofbereich des Schlosses kann selbstverantwortlich f\u00fcr Menschen mit Mobilit\u00e4tseinschr\u00e4nkung erreicht werden. Hier sind keine Stufen zu \u00fcberwinden. Die R\u00e4umlichkeiten des &hellip; <\/p>\n<p class=\"link-more\"><a href=\"https:\/\/halbes-schloss.de\/index.php\/veranstaltungen\/\" class=\"more-link\">Mehr <span class=\"screen-reader-text\">\u00fcber &#8222;Veranstaltungen&#8220; <\/span>Lesen<\/a><\/p>\n","protected":false},"author":1,"featured_media":0,"parent":0,"menu_order":0,"comment_status":"closed","ping_status":"closed","template":"","meta":{"footnotes":""},"class_list":["post-52","page","type-page","status-publish","hentry"],"_links":{"self":[{"href":"https:\/\/halbes-schloss.de\/index.php\/wp-json\/wp\/v2\/pages\/52","targetHints":{"allow":["GET"]}}],"collection":[{"href":"https:\/\/halbes-schloss.de\/index.php\/wp-json\/wp\/v2\/pages"}],"about":[{"href":"https:\/\/halbes-schloss.de\/index.php\/wp-json\/wp\/v2\/types\/page"}],"author":[{"embeddable":true,"href":"https:\/\/halbes-schloss.de\/index.php\/wp-json\/wp\/v2\/users\/1"}],"replies":[{"embeddable":true,"href":"https:\/\/halbes-schloss.de\/index.php\/wp-json\/wp\/v2\/comments?post=52"}],"version-history":[{"count":164,"href":"https:\/\/halbes-schloss.de\/index.php\/wp-json\/wp\/v2\/pages\/52\/revisions"}],"predecessor-version":[{"id":1222,"href":"https:\/\/halbes-schloss.de\/index.php\/wp-json\/wp\/v2\/pages\/52\/revisions\/1222"}],"wp:attachment":[{"href":"https:\/\/halbes-schloss.de\/index.php\/wp-json\/wp\/v2\/media?parent=52"}],"curies":[{"name":"wp","href":"https:\/\/api.w.org\/{rel}","templated":true}]}}